{"id":30005,"date":"2021-03-10T13:45:46","date_gmt":"2021-03-10T12:45:46","guid":{"rendered":"https:\/\/www.polycliniqueplus.com\/chirurgie-mamelons-ombiliques-turquie\/"},"modified":"2025-12-12T12:03:03","modified_gmt":"2025-12-12T11:03:03","slug":"correzione-capezzoli-ombelicali-turchia","status":"publish","type":"page","link":"https:\/\/www.polycliniqueplus.com\/it\/correzione-capezzoli-ombelicali-turchia\/","title":{"rendered":"Chirurgia del capezzolo ombelicale Turchia"},"content":{"rendered":"<div data-elementor-type=\"wp-page\" data-elementor-id=\"30005\" class=\"elementor elementor-30005 elementor-5303\" data-elementor-settings=\"{&quot;ha_cmc_init_switcher&quot;:&quot;no&quot;}\">\n\t\t\t\t\t\t<section class=\"elementor-section elementor-top-section elementor-element elementor-element-e0ba7ac elementor-section-boxed elementor-section-height-default elementor-section-height-default\" data-id=\"e0ba7ac\" data-element_type=\"section\" data-settings=\"{&quot;_ha_eqh_enable&quot;:false}\">\n\t\t\t\t\t\t<div class=\"elementor-container elementor-column-gap-default\">\n\t\t\t\t\t<div class=\"elementor-column elementor-col-66 elementor-top-column elementor-element elementor-element-40109d1\" data-id=\"40109d1\" data-element_type=\"column\">\n\t\t\t<div class=\"elementor-widget-wrap elementor-element-populated\">\n\t\t\t\t\t\t<div class=\"elementor-element elementor-element-d851c5f elementor-widget elementor-widget-text-editor\" data-id=\"d851c5f\" data-element_type=\"widget\" data-widget_type=\"text-editor.default\">\n\t\t\t\t<div class=\"elementor-widget-container\">\n\t\t\t\t\t\t\t<p>Sebbene i capezzoli invertiti siano piuttosto comuni, la loro presenza pu\u00f2 avere un impatto significativo non solo dal punto di vista estetico e funzionale, ma anche psicologico.<\/p>\t\t\t\t\t\t<\/div>\n\t\t\t\t<\/div>\n\t\t\t\t<div class=\"elementor-element elementor-element-2220e1f elementor-widget elementor-widget-text-editor\" data-id=\"2220e1f\" data-element_type=\"widget\" data-widget_type=\"text-editor.default\">\n\t\t\t\t<div class=\"elementor-widget-container\">\n\t\t\t\t\t\t\t<p>Molte ragazze e donne accettano questa variante con poca preoccupazione. Altre, invece, non riescono a gestirla al meglio, provocando sentimenti di inadeguatezza e mancanza di femminilit\u00e0, immagine negativa di s\u00e9, stress e perdita di fiducia, tutti fattori che possono interferire con l&#8217;intimit\u00e0.<\/p>\t\t\t\t\t\t<\/div>\n\t\t\t\t<\/div>\n\t\t\t\t<div class=\"elementor-element elementor-element-75b9b2e elementor-widget elementor-widget-text-editor\" data-id=\"75b9b2e\" data-element_type=\"widget\" data-widget_type=\"text-editor.default\">\n\t\t\t\t<div class=\"elementor-widget-container\">\n\t\t\t\t\t\t\t<h2>Indicazione: cosa sono i capezzoli ombelicati?<\/h2><p>I capezzoli invertiti o ombelicati sono molto comuni. Si verificano quando il capezzolo non sporge normalmente, di solito perch\u00e9 i dotti che portano al capezzolo sono troppo stretti. Questo fa s\u00ec che il capezzolo venga tirato all&#8217;interno dell&#8217;areola circostante. Nei casi pi\u00f9 gravi, pu\u00f2 anche verificarsi una depressione al centro dell&#8217;areola.<\/p>\t\t\t\t\t\t<\/div>\n\t\t\t\t<\/div>\n\t\t\t\t\t<\/div>\n\t\t<\/div>\n\t\t\t\t<div class=\"elementor-column elementor-col-33 elementor-top-column elementor-element elementor-element-61e8418\" data-id=\"61e8418\" data-element_type=\"column\">\n\t\t\t<div class=\"elementor-widget-wrap elementor-element-populated\">\n\t\t\t\t\t\t<div class=\"elementor-element elementor-element-29af879 elementor-widget elementor-widget-image\" data-id=\"29af879\" data-element_type=\"widget\" data-widget_type=\"image.default\">\n\t\t\t\t<div class=\"elementor-widget-container\">\n\t\t\t\t\t\t\t\t\t\t<figure class=\"wp-caption\">\n\t\t\t\t\t\t\t\t\t\t<noscript><img fetchpriority=\"high\" decoding=\"async\" width=\"574\" height=\"586\" src=\"https:\/\/www.polycliniqueplus.com\/wp-content\/uploads\/2021\/03\/chirurgie-correction-mamelons-ombiliques-inverses.jpg\" class=\"attachment-large size-large wp-image-5462\" alt=\"chirurgie-correction-mamelons-ombiliques-inverses\" srcset=\"https:\/\/www.polycliniqueplus.com\/wp-content\/uploads\/2021\/03\/chirurgie-correction-mamelons-ombiliques-inverses.jpg 574w, https:\/\/www.polycliniqueplus.com\/wp-content\/uploads\/2021\/03\/chirurgie-correction-mamelons-ombiliques-inverses-294x300.jpg 294w\" sizes=\"(max-width: 574px) 100vw, 574px\"><\/noscript><img fetchpriority=\"high\" decoding=\"async\" width=\"574\" height=\"586\" src=\"data:image\/svg+xml,%3Csvg%20xmlns%3D%22http%3A%2F%2Fwww.w3.org%2F2000%2Fsvg%22%20viewBox%3D%220%200%20574%20586%22%3E%3C%2Fsvg%3E\" class=\"attachment-large size-large wp-image-5462 lazyload\" alt=\"chirurgie-correction-mamelons-ombiliques-inverses\" srcset=\"data:image\/svg+xml,%3Csvg%20xmlns%3D%22http%3A%2F%2Fwww.w3.org%2F2000%2Fsvg%22%20viewBox%3D%220%200%20574%20586%22%3E%3C%2Fsvg%3E 574w\" sizes=\"(max-width: 574px) 100vw, 574px\" data-srcset=\"https:\/\/www.polycliniqueplus.com\/wp-content\/uploads\/2021\/03\/chirurgie-correction-mamelons-ombiliques-inverses.jpg 574w, https:\/\/www.polycliniqueplus.com\/wp-content\/uploads\/2021\/03\/chirurgie-correction-mamelons-ombiliques-inverses-294x300.jpg 294w\" data-src=\"https:\/\/www.polycliniqueplus.com\/wp-content\/uploads\/2021\/03\/chirurgie-correction-mamelons-ombiliques-inverses.jpg\">\t\t\t\t\t\t\t\t\t\t\t<figcaption class=\"widget-image-caption wp-caption-text\">Aspect Mamelon Ombeliqu\u00e9<\/figcaption>\n\t\t\t\t\t\t\t\t\t\t<\/figure>\n\t\t\t\t\t\t\t<\/div>\n\t\t\t\t<\/div>\n\t\t\t\t\t<\/div>\n\t\t<\/div>\n\t\t\t\t\t<\/div>\n\t\t<\/section>\n\t\t\t\t<section class=\"elementor-section elementor-top-section elementor-element elementor-element-4ad69ee elementor-section-boxed elementor-section-height-default elementor-section-height-default\" data-id=\"4ad69ee\" data-element_type=\"section\" data-settings=\"{&quot;_ha_eqh_enable&quot;:false}\">\n\t\t\t\t\t\t<div class=\"elementor-container elementor-column-gap-default\">\n\t\t\t\t\t<div class=\"elementor-column elementor-col-100 elementor-top-column elementor-element elementor-element-f1a2e9a\" data-id=\"f1a2e9a\" data-element_type=\"column\">\n\t\t\t<div class=\"elementor-widget-wrap elementor-element-populated\">\n\t\t\t\t\t\t<div class=\"elementor-element elementor-element-a312593 elementor-widget elementor-widget-text-editor\" data-id=\"a312593\" data-element_type=\"widget\" data-widget_type=\"text-editor.default\">\n\t\t\t\t<div class=\"elementor-widget-container\">\n\t\t\t\t\t\t\t<p>I capezzoli invertiti possono rendere difficile, se non impossibile, l&#8217;allattamento al seno, poich\u00e9 il bambino non riesce ad attaccarsi e a portare il capezzolo alla bocca. In rari casi, questa condizione pu\u00f2 verificarsi anche negli uomini.<\/p>\t\t\t\t\t\t<\/div>\n\t\t\t\t<\/div>\n\t\t\t\t<div class=\"elementor-element elementor-element-ef4ecca elementor-widget elementor-widget-text-editor\" data-id=\"ef4ecca\" data-element_type=\"widget\" data-widget_type=\"text-editor.default\">\n\t\t\t\t<div class=\"elementor-widget-container\">\n\t\t\t\t\t\t\t<p>La gravit\u00e0 dell&#8217;inversione del capezzolo viene valutata su una scala da 1 a 3. Il livello di inversione viene valutato dal chirurgo durante un primo consulto, prima di decidere la migliore linea d&#8217;azione.<\/p><h2>Quali sono i diversi tipi di capezzolo ombelicato?<\/h2><p>Ogni tipo di capezzolo ombelicato si differenzia per il livello di inversione dei capezzoli:<\/p><p><strong>Livello 1:<\/strong> talvolta chiamato \u201ccapezzolo timido\u201d, il livello 1 \u00e8 il livello minore di inversione. Viene assegnato quando il capezzolo risponde alla stimolazione, pu\u00f2 emergere temporaneamente (sporgere) prima di tornare in posizione invertita;<\/p><p><strong>Livello 2:<\/strong> il capezzolo rimane sempre invertito, ma pu\u00f2 essere rimosso senza troppa resistenza;<\/p><p><strong>Livello 3:<\/strong> \u00e8 il livello pi\u00f9 grave di inversione del capezzolo. Il capezzolo rimane invertito nonostante i tentativi di stimolarlo. Questo \u00e8 solitamente il risultato di una cicatrice o di una costrizione del tessuto.<\/p>\t\t\t\t\t\t<\/div>\n\t\t\t\t<\/div>\n\t\t\t\t\t<\/div>\n\t\t<\/div>\n\t\t\t\t\t<\/div>\n\t\t<\/section>\n\t\t\t\t<section class=\"elementor-section elementor-top-section elementor-element elementor-element-f4176ff elementor-section-boxed elementor-section-height-default elementor-section-height-default\" data-id=\"f4176ff\" data-element_type=\"section\" data-settings=\"{&quot;background_background&quot;:&quot;classic&quot;,&quot;_ha_eqh_enable&quot;:false}\">\n\t\t\t\t\t\t<div class=\"elementor-container elementor-column-gap-default\">\n\t\t\t\t\t<div class=\"elementor-column elementor-col-100 elementor-top-column elementor-element elementor-element-707f791\" data-id=\"707f791\" data-element_type=\"column\">\n\t\t\t<div class=\"elementor-widget-wrap elementor-element-populated\">\n\t\t\t\t\t\t<div class=\"elementor-element elementor-element-3cbba77 elementor-widget elementor-widget-heading\" data-id=\"3cbba77\" data-element_type=\"widget\" data-widget_type=\"heading.default\">\n\t\t\t\t<div class=\"elementor-widget-container\">\n\t\t\t<h2 class=\"elementor-heading-title elementor-size-default\">Prezzo della correzione del capezzolo ombelicale in Turchia\n<\/h2>\t\t<\/div>\n\t\t\t\t<\/div>\n\t\t\t\t<div class=\"elementor-element elementor-element-44a1621 elementor-widget elementor-widget-text-editor\" data-id=\"44a1621\" data-element_type=\"widget\" data-widget_type=\"text-editor.default\">\n\t\t\t\t<div class=\"elementor-widget-container\">\n\t\t\t\t\t\t\t<p>Se desiderate conoscere il prezzo della chirurgia del capezzolo ombelicale in Turchia, inviateci le vostre foto tramite il nostro modulo online e vi invieremo un preventivo personalizzato, gratuito e senza impegno!<\/p>\t\t\t\t\t\t<\/div>\n\t\t\t\t<\/div>\n\t\t\t\t<div class=\"elementor-element elementor-element-a04bda1 elementor-button-success elementor-align-center elementor-widget elementor-widget-button\" data-id=\"a04bda1\" data-element_type=\"widget\" data-widget_type=\"button.default\">\n\t\t\t\t<div class=\"elementor-widget-container\">\n\t\t\t\t\t<div class=\"elementor-button-wrapper\">\n\t\t\t<a class=\"elementor-button elementor-button-link elementor-size-sm\" href=\"https:\/\/api.whatsapp.com\/send?phone=+33635235712&#038;&#038;text=Salve,%20vorrei%20conoscere%20i%20vostri%20servizi%20e%20i%20vostri%20prezzi!\">\n\t\t\t\t\t\t<span class=\"elementor-button-content-wrapper\">\n\t\t\t\t\t\t<span class=\"elementor-button-icon\">\n\t\t\t\t<svg width=\"256\" height=\"256\" viewBox=\"0 0 256 256\" xml:space=\"preserve\" xmlns:xlink=\"http:\/\/www.w3.org\/1999\/xlink\"><g style=\"stroke: none; stroke-width: 0; stroke-dasharray: none; stroke-linecap: butt; stroke-linejoin: miter; stroke-miterlimit: 10; fill: none; fill-rule: nonzero; opacity: 1;\" transform=\"translate(1.4065934065934016 1.4065934065934016) scale(2.81 2.81)\">\t<circle cx=\"45\" cy=\"45\" r=\"45\" style=\"stroke: none; stroke-width: 1; stroke-dasharray: none; stroke-linecap: butt; stroke-linejoin: miter; stroke-miterlimit: 10; fill: rgb(42,181,64); fill-rule: nonzero; opacity: 1;\" transform=\"  matrix(1 0 0 1 0 0) \" \/>\t<path d=\"M 16.138 44.738 c -0.002 5.106 1.332 10.091 3.869 14.485 l -4.112 15.013 l 15.365 -4.029 c 4.233 2.309 8.999 3.525 13.85 3.527 h 0.012 c 15.973 0 28.976 -12.999 28.983 -28.974 c 0.003 -7.742 -3.01 -15.022 -8.481 -20.498 c -5.472 -5.476 -12.749 -8.494 -20.502 -8.497 C 29.146 15.765 16.145 28.762 16.138 44.738 M 25.288 58.466 l -0.574 -0.911 c -2.412 -3.834 -3.685 -8.266 -3.683 -12.816 c 0.005 -13.278 10.811 -24.081 24.099 -24.081 c 6.435 0.003 12.482 2.511 17.031 7.062 c 4.548 4.552 7.051 10.603 7.05 17.037 C 69.205 58.036 58.399 68.84 45.121 68.84 h -0.009 c -4.323 -0.003 -8.563 -1.163 -12.261 -3.357 l -0.88 -0.522 l -9.118 2.391 L 25.288 58.466 z M 45.122 73.734 L 45.122 73.734 L 45.122 73.734 C 45.122 73.734 45.121 73.734 45.122 73.734\" style=\"stroke: none; stroke-width: 1; stroke-dasharray: none; stroke-linecap: butt; stroke-linejoin: miter; stroke-miterlimit: 10; fill: rgb(255,255,255); fill-rule: nonzero; opacity: 1;\" transform=\" matrix(1 0 0 1 0 0) \" stroke-linecap=\"round\" \/>\t<path d=\"M 37.878 32.624 c -0.543 -1.206 -1.113 -1.23 -1.63 -1.251 c -0.422 -0.018 -0.905 -0.017 -1.388 -0.017 c -0.483 0 -1.268 0.181 -1.931 0.906 c -0.664 0.725 -2.535 2.477 -2.535 6.039 c 0 3.563 2.595 7.006 2.957 7.49 c 0.362 0.483 5.01 8.028 12.37 10.931 c 6.118 2.412 7.362 1.933 8.69 1.812 c 1.328 -0.121 4.285 -1.751 4.888 -3.442 c 0.604 -1.691 0.604 -3.14 0.423 -3.443 c -0.181 -0.302 -0.664 -0.483 -1.388 -0.845 c -0.724 -0.362 -4.285 -2.114 -4.948 -2.356 c -0.664 -0.241 -1.147 -0.362 -1.63 0.363 c -0.483 0.724 -1.87 2.355 -2.292 2.838 c -0.422 0.484 -0.845 0.544 -1.569 0.182 c -0.724 -0.363 -3.057 -1.127 -5.824 -3.594 c -2.153 -1.92 -3.606 -4.29 -4.029 -5.015 c -0.422 -0.724 -0.045 -1.116 0.318 -1.477 c 0.325 -0.324 0.724 -0.846 1.087 -1.268 c 0.361 -0.423 0.482 -0.725 0.723 -1.208 c 0.242 -0.483 0.121 -0.906 -0.06 -1.269 C 39.929 37.637 38.522 34.056 37.878 32.624\" style=\"stroke: none; stroke-width: 1; stroke-dasharray: none; stroke-linecap: butt; stroke-linejoin: miter; stroke-miterlimit: 10; fill: rgb(255,255,255); fill-rule: nonzero; opacity: 1;\" transform=\" matrix(1 0 0 1 0 0) \" stroke-linecap=\"round\" \/><\/g><\/svg>\t\t\t<\/span>\n\t\t\t\t\t\t\t\t\t<span class=\"elementor-button-text\">Preventivo Gratuito <\/span>\n\t\t\t\t\t<\/span>\n\t\t\t\t\t<\/a>\n\t\t<\/div>\n\t\t\t\t<\/div>\n\t\t\t\t<\/div>\n\t\t\t\t\t<\/div>\n\t\t<\/div>\n\t\t\t\t\t<\/div>\n\t\t<\/section>\n\t\t\t\t<section class=\"elementor-section elementor-top-section elementor-element elementor-element-9c172f9 elementor-section-boxed elementor-section-height-default elementor-section-height-default\" data-id=\"9c172f9\" data-element_type=\"section\" data-settings=\"{&quot;background_background&quot;:&quot;classic&quot;,&quot;_ha_eqh_enable&quot;:false}\">\n\t\t\t\t\t\t<div class=\"elementor-container elementor-column-gap-default\">\n\t\t\t\t\t<div class=\"elementor-column elementor-col-100 elementor-top-column elementor-element elementor-element-251ad39\" data-id=\"251ad39\" data-element_type=\"column\">\n\t\t\t<div class=\"elementor-widget-wrap elementor-element-populated\">\n\t\t\t\t\t\t<div class=\"elementor-element elementor-element-f433d49 elementor-widget elementor-widget-text-editor\" data-id=\"f433d49\" data-element_type=\"widget\" data-widget_type=\"text-editor.default\">\n\t\t\t\t<div class=\"elementor-widget-container\">\n\t\t\t\t\t\t\t<h2>Cosa succede durante l&#8217;intervento?<\/h2><p>Entrambe le tecniche di chirurgia del capezzolo invertito richiedono generalmente solo un&#8217;ora circa e sono eseguite in regime ambulatoriale.<\/p><p>La chirurgia del capezzolo invertito con distacco del dotto lattifero \u00e8 generalmente riservata alle pazienti che non intendono allattare. L&#8217;intervento pu\u00f2 essere eseguito con un anestetico locale in combinazione con un sedativo. Viene praticata un&#8217;incisione alla base del capezzolo, quindi il chirurgo stacca i dotti lattiferi e rimodella il capezzolo per ottenere i risultati desiderati.<\/p>\t\t\t\t\t\t<\/div>\n\t\t\t\t<\/div>\n\t\t\t\t<div class=\"elementor-element elementor-element-8be8fbb elementor-widget elementor-widget-image\" data-id=\"8be8fbb\" data-element_type=\"widget\" data-widget_type=\"image.default\">\n\t\t\t\t<div class=\"elementor-widget-container\">\n\t\t\t\t\t\t\t\t\t\t<figure class=\"wp-caption\">\n\t\t\t\t\t\t\t\t\t\t<noscript><img decoding=\"async\" width=\"640\" height=\"228\" src=\"https:\/\/www.polycliniqueplus.com\/wp-content\/uploads\/2021\/03\/type-mamelons.jpg\" class=\"attachment-large size-large wp-image-5320\" alt=\"type-mamelons\" srcset=\"https:\/\/www.polycliniqueplus.com\/wp-content\/uploads\/2021\/03\/type-mamelons.jpg 680w, https:\/\/www.polycliniqueplus.com\/wp-content\/uploads\/2021\/03\/type-mamelons-300x107.jpg 300w\" sizes=\"(max-width: 640px) 100vw, 640px\"><\/noscript><img decoding=\"async\" width=\"640\" height=\"228\" src=\"data:image\/svg+xml,%3Csvg%20xmlns%3D%22http%3A%2F%2Fwww.w3.org%2F2000%2Fsvg%22%20viewBox%3D%220%200%20640%20228%22%3E%3C%2Fsvg%3E\" class=\"attachment-large size-large wp-image-5320 lazyload\" alt=\"type-mamelons\" srcset=\"data:image\/svg+xml,%3Csvg%20xmlns%3D%22http%3A%2F%2Fwww.w3.org%2F2000%2Fsvg%22%20viewBox%3D%220%200%20640%20228%22%3E%3C%2Fsvg%3E 640w\" sizes=\"(max-width: 640px) 100vw, 640px\" data-srcset=\"https:\/\/www.polycliniqueplus.com\/wp-content\/uploads\/2021\/03\/type-mamelons.jpg 680w, https:\/\/www.polycliniqueplus.com\/wp-content\/uploads\/2021\/03\/type-mamelons-300x107.jpg 300w\" data-src=\"https:\/\/www.polycliniqueplus.com\/wp-content\/uploads\/2021\/03\/type-mamelons.jpg\">\t\t\t\t\t\t\t\t\t\t\t<figcaption class=\"widget-image-caption wp-caption-text\">Tipo di capezzolo<\/figcaption>\n\t\t\t\t\t\t\t\t\t\t<\/figure>\n\t\t\t\t\t\t\t<\/div>\n\t\t\t\t<\/div>\n\t\t\t\t<div class=\"elementor-element elementor-element-86c7ef4 elementor-widget elementor-widget-text-editor\" data-id=\"86c7ef4\" data-element_type=\"widget\" data-widget_type=\"text-editor.default\">\n\t\t\t\t<div class=\"elementor-widget-container\">\n\t\t\t\t\t\t\t<p>Le pazienti che si sottopongono a un intervento di chirurgia del capezzolo invertito per l&#8217;allattamento al seno possono trarre beneficio da un&#8217;operazione volta a preservare parzialmente i dotti lattiferi. La riparazione del capezzolo invertito con conservazione parziale dei dotti lattiferi prevede solitamente un&#8217;anestesia locale e una sedazione prima dell&#8217;intervento. Di solito viene praticata un&#8217;incisione intorno all&#8217;areola (l&#8217;area di pelle scura che circonda il capezzolo), quindi sul tessuto del capezzolo e dell&#8217;areola. Il capezzolo viene quindi sollevato dal seno e cucito in una nuova forma. Con questa tecnica il capezzolo e il tessuto sollevato non vengono staccati dal seno.<\/p><p>&nbsp;<\/p>\t\t\t\t\t\t<\/div>\n\t\t\t\t<\/div>\n\t\t\t\t<div class=\"elementor-element elementor-element-5b76842 elementor-widget elementor-widget-text-editor\" data-id=\"5b76842\" data-element_type=\"widget\" data-widget_type=\"text-editor.default\">\n\t\t\t\t<div class=\"elementor-widget-container\">\n\t\t\t\t\t\t\t<p>L&#8217;obiettivo della chirurgia del capezzolo invertito \u00e8 quello di consentire al capezzolo di alzarsi e di migliorare l&#8217;aspetto del capezzolo.<\/p>\t\t\t\t\t\t<\/div>\n\t\t\t\t<\/div>\n\t\t\t\t\t<\/div>\n\t\t<\/div>\n\t\t\t\t\t<\/div>\n\t\t<\/section>\n\t\t\t\t<section class=\"elementor-section elementor-top-section elementor-element elementor-element-0ffccab elementor-section-boxed elementor-section-height-default elementor-section-height-default\" data-id=\"0ffccab\" data-element_type=\"section\" data-settings=\"{&quot;_ha_eqh_enable&quot;:false}\">\n\t\t\t\t\t\t<div class=\"elementor-container elementor-column-gap-default\">\n\t\t\t\t\t<div class=\"elementor-column elementor-col-66 elementor-top-column elementor-element elementor-element-106c02f\" data-id=\"106c02f\" data-element_type=\"column\">\n\t\t\t<div class=\"elementor-widget-wrap elementor-element-populated\">\n\t\t\t\t\t\t<div class=\"elementor-element elementor-element-be4e8dc elementor-widget elementor-widget-text-editor\" data-id=\"be4e8dc\" data-element_type=\"widget\" data-widget_type=\"text-editor.default\">\n\t\t\t\t<div class=\"elementor-widget-container\">\n\t\t\t\t\t\t\t<h2>Cosa succede dopo l&#8217;intervento?<\/h2><p>I pazienti possono iniziare a fare la doccia il giorno successivo all&#8217;intervento. Si consiglia di lavare delicatamente e regolarmente la zona trattata con acqua e sapone e di applicare una pomata antibiotica.<\/p>\t\t\t\t\t\t<\/div>\n\t\t\t\t<\/div>\n\t\t\t\t<div class=\"elementor-element elementor-element-86a67f9 elementor-widget elementor-widget-text-editor\" data-id=\"86a67f9\" data-element_type=\"widget\" data-widget_type=\"text-editor.default\">\n\t\t\t\t<div class=\"elementor-widget-container\">\n\t\t\t\t\t\t\t<p>\u00c8 possibile che si verifichi una leggera trasudazione per alcuni giorni dopo l&#8217;intervento. In genere, i pazienti necessitano solo di una leggera imbottitura all&#8217;interno del reggiseno per alcuni giorni. I pazienti possono tornare al lavoro il giorno successivo all&#8217;intervento, ma devono attendere circa 2 settimane prima di dedicarsi a un&#8217;attivit\u00e0 fisica intensa.<\/p>\t\t\t\t\t\t<\/div>\n\t\t\t\t<\/div>\n\t\t\t\t<div class=\"elementor-element elementor-element-c5f9498 elementor-widget elementor-widget-text-editor\" data-id=\"c5f9498\" data-element_type=\"widget\" data-widget_type=\"text-editor.default\">\n\t\t\t\t<div class=\"elementor-widget-container\">\n\t\t\t\t\t\t\t<p>\u00c8 inoltre necessario evitare l&#8217;esercizio fisico intenso per 1 o 2 settimane dopo l&#8217;intervento di correzione del capezzolo invertito. Ci sar\u00e0 un po&#8217; di disagio, ma gli ematomi sono rari. Il recupero dopo la correzione del capezzolo invertito \u00e8 molto semplice.<\/p>\t\t\t\t\t\t<\/div>\n\t\t\t\t<\/div>\n\t\t\t\t\t<\/div>\n\t\t<\/div>\n\t\t\t\t<div class=\"elementor-column elementor-col-33 elementor-top-column elementor-element elementor-element-67ee49a\" data-id=\"67ee49a\" data-element_type=\"column\">\n\t\t\t<div class=\"elementor-widget-wrap elementor-element-populated\">\n\t\t\t\t\t\t<div class=\"elementor-element elementor-element-6e27323 elementor-widget elementor-widget-image\" data-id=\"6e27323\" data-element_type=\"widget\" data-widget_type=\"image.default\">\n\t\t\t\t<div class=\"elementor-widget-container\">\n\t\t\t\t\t\t\t\t\t\t<figure class=\"wp-caption\">\n\t\t\t\t\t\t\t\t\t\t<noscript><img decoding=\"async\" width=\"574\" height=\"586\" src=\"https:\/\/www.polycliniqueplus.com\/wp-content\/uploads\/2021\/03\/resultat-correction-mamelon-ombilique-1.jpg\" class=\"attachment-large size-large wp-image-5454\" alt=\"resultat-correction-mamelon-ombilique\" srcset=\"https:\/\/www.polycliniqueplus.com\/wp-content\/uploads\/2021\/03\/resultat-correction-mamelon-ombilique-1.jpg 574w, https:\/\/www.polycliniqueplus.com\/wp-content\/uploads\/2021\/03\/resultat-correction-mamelon-ombilique-1-294x300.jpg 294w\" sizes=\"(max-width: 574px) 100vw, 574px\"><\/noscript><img decoding=\"async\" width=\"574\" height=\"586\" src=\"data:image\/svg+xml,%3Csvg%20xmlns%3D%22http%3A%2F%2Fwww.w3.org%2F2000%2Fsvg%22%20viewBox%3D%220%200%20574%20586%22%3E%3C%2Fsvg%3E\" class=\"attachment-large size-large wp-image-5454 lazyload\" alt=\"resultat-correction-mamelon-ombilique\" srcset=\"data:image\/svg+xml,%3Csvg%20xmlns%3D%22http%3A%2F%2Fwww.w3.org%2F2000%2Fsvg%22%20viewBox%3D%220%200%20574%20586%22%3E%3C%2Fsvg%3E 574w\" sizes=\"(max-width: 574px) 100vw, 574px\" data-srcset=\"https:\/\/www.polycliniqueplus.com\/wp-content\/uploads\/2021\/03\/resultat-correction-mamelon-ombilique-1.jpg 574w, https:\/\/www.polycliniqueplus.com\/wp-content\/uploads\/2021\/03\/resultat-correction-mamelon-ombilique-1-294x300.jpg 294w\" data-src=\"https:\/\/www.polycliniqueplus.com\/wp-content\/uploads\/2021\/03\/resultat-correction-mamelon-ombilique-1.jpg\">\t\t\t\t\t\t\t\t\t\t\t<figcaption class=\"widget-image-caption wp-caption-text\">R\u00e9sultat correction mamelon ombiliqu\u00e9<\/figcaption>\n\t\t\t\t\t\t\t\t\t\t<\/figure>\n\t\t\t\t\t\t\t<\/div>\n\t\t\t\t<\/div>\n\t\t\t\t\t<\/div>\n\t\t<\/div>\n\t\t\t\t\t<\/div>\n\t\t<\/section>\n\t\t\t\t<section class=\"elementor-section elementor-top-section elementor-element elementor-element-f15a246 elementor-section-boxed elementor-section-height-default elementor-section-height-default\" data-id=\"f15a246\" data-element_type=\"section\" data-settings=\"{&quot;_ha_eqh_enable&quot;:false}\">\n\t\t\t\t\t\t<div class=\"elementor-container elementor-column-gap-default\">\n\t\t\t\t\t<div class=\"elementor-column elementor-col-100 elementor-top-column elementor-element elementor-element-7b99289\" data-id=\"7b99289\" data-element_type=\"column\">\n\t\t\t<div class=\"elementor-widget-wrap elementor-element-populated\">\n\t\t\t\t\t\t<div class=\"elementor-element elementor-element-d0a181c elementor-widget elementor-widget-text-editor\" data-id=\"d0a181c\" data-element_type=\"widget\" data-widget_type=\"text-editor.default\">\n\t\t\t\t<div class=\"elementor-widget-container\">\n\t\t\t\t\t\t\t<h2>Come sono i risultati?<\/h2><p>Dopo l&#8217;intervento di correzione dei capezzoli invertiti, i risultati sono immediatamente visibili. Tuttavia, \u00e8 necessario attendere la completa guarigione per ottenere i risultati finali. Il tempo complessivo di guarigione e recupero richiede generalmente 4 settimane.<\/p>\t\t\t\t\t\t<\/div>\n\t\t\t\t<\/div>\n\t\t\t\t\t<\/div>\n\t\t<\/div>\n\t\t\t\t\t<\/div>\n\t\t<\/section>\n\t\t\t\t<\/div>\n\t\t","protected":false},"excerpt":{"rendered":"<p>Sebbene i capezzoli invertiti siano piuttosto comuni, la loro presenza pu\u00f2 avere un impatto significativo non solo dal punto di vista estetico e funzionale, ma anche psicologico. Molte ragazze e donne accettano questa variante con poca preoccupazione. Altre, invece, non riescono a gestirla al meglio, provocando sentimenti di inadeguatezza e mancanza di femminilit\u00e0, immagine negativa [&hellip;]<\/p>\n","protected":false},"author":1,"featured_media":30006,"parent":0,"menu_order":0,"comment_status":"closed","ping_status":"closed","template":"","meta":{"footnotes":""},"class_list":["post-30005","page","type-page","status-publish","has-post-thumbnail","hentry"],"yoast_head":"<!-- This site is optimized with the Yoast SEO plugin v27.3 - https:\/\/yoast.com\/product\/yoast-seo-wordpress\/ -->\n<title>Chirurgia del capezzolo ombelicale Turchia: prezzo della correzione del capezzolo invaginato<\/title>\n<meta name=\"description\" content=\"Chirurgia del capezzolo ombelicale Turchia : L&#039;obiettivo della chirurgia del capezzolo invertito \u00e8 quello di consentire al capezzolo di alzarsi e di migliorare l&#039;aspetto del capezzolo. Preventivo gratuito e non vincolante\" \/>\n<meta name=\"robots\" content=\"index, follow, max-snippet:-1, max-image-preview:large, max-video-preview:-1\" \/>\n<link rel=\"canonical\" href=\"https:\/\/www.polycliniqueplus.com\/it\/correzione-capezzoli-ombelicali-turchia\/\" \/>\n<meta property=\"og:locale\" content=\"it_IT\" \/>\n<meta property=\"og:type\" content=\"article\" \/>\n<meta property=\"og:title\" content=\"Chirurgia del capezzolo ombelicale Turchia: prezzo della correzione del capezzolo invaginato\" \/>\n<meta property=\"og:description\" content=\"Chirurgia del capezzolo ombelicale Turchia : L&#039;obiettivo della chirurgia del capezzolo invertito \u00e8 quello di consentire al capezzolo di alzarsi e di migliorare l&#039;aspetto del capezzolo. Preventivo gratuito e non vincolante\" \/>\n<meta property=\"og:url\" content=\"https:\/\/www.polycliniqueplus.com\/it\/correzione-capezzoli-ombelicali-turchia\/\" \/>\n<meta property=\"og:site_name\" content=\"Chirurgie esthetique Turquie : Prix interventions meilleures cliniques Istanbul\" \/>\n<meta property=\"article:publisher\" content=\"https:\/\/www.facebook.com\/polycliniqueplus\" \/>\n<meta property=\"article:modified_time\" content=\"2025-12-12T11:03:03+00:00\" \/>\n<meta property=\"og:image\" content=\"https:\/\/www.polycliniqueplus.com\/wp-content\/uploads\/2021\/03\/chirurgie-correction-mamelons-inverses.jpg\" \/>\n\t<meta property=\"og:image:width\" content=\"784\" \/>\n\t<meta property=\"og:image:height\" content=\"484\" \/>\n\t<meta property=\"og:image:type\" content=\"image\/jpeg\" \/>\n<meta name=\"twitter:card\" content=\"summary_large_image\" \/>\n<meta name=\"twitter:site\" content=\"@polyclinique1\" \/>\n<script type=\"application\/ld+json\" class=\"yoast-schema-graph\">{\"@context\":\"https:\\\/\\\/schema.org\",\"@graph\":[{\"@type\":\"WebPage\",\"@id\":\"https:\\\/\\\/www.polycliniqueplus.com\\\/it\\\/correzione-capezzoli-ombelicali-turchia\\\/\",\"url\":\"https:\\\/\\\/www.polycliniqueplus.com\\\/it\\\/correzione-capezzoli-ombelicali-turchia\\\/\",\"name\":\"Chirurgia del capezzolo ombelicale Turchia: prezzo della correzione del capezzolo invaginato\",\"isPartOf\":{\"@id\":\"https:\\\/\\\/www.polycliniqueplus.com\\\/it\\\/#website\"},\"primaryImageOfPage\":{\"@id\":\"https:\\\/\\\/www.polycliniqueplus.com\\\/it\\\/correzione-capezzoli-ombelicali-turchia\\\/#primaryimage\"},\"image\":{\"@id\":\"https:\\\/\\\/www.polycliniqueplus.com\\\/it\\\/correzione-capezzoli-ombelicali-turchia\\\/#primaryimage\"},\"thumbnailUrl\":\"https:\\\/\\\/www.polycliniqueplus.com\\\/wp-content\\\/uploads\\\/2021\\\/03\\\/chirurgie-correction-mamelons-inverses.jpg\",\"datePublished\":\"2021-03-10T12:45:46+00:00\",\"dateModified\":\"2025-12-12T11:03:03+00:00\",\"description\":\"Chirurgia del capezzolo ombelicale Turchia : L'obiettivo della chirurgia del capezzolo invertito \u00e8 quello di consentire al capezzolo di alzarsi e di migliorare l'aspetto del capezzolo. Preventivo gratuito e non vincolante\",\"breadcrumb\":{\"@id\":\"https:\\\/\\\/www.polycliniqueplus.com\\\/it\\\/correzione-capezzoli-ombelicali-turchia\\\/#breadcrumb\"},\"inLanguage\":\"it-IT\",\"potentialAction\":[{\"@type\":\"ReadAction\",\"target\":[\"https:\\\/\\\/www.polycliniqueplus.com\\\/it\\\/correzione-capezzoli-ombelicali-turchia\\\/\"]}]},{\"@type\":\"ImageObject\",\"inLanguage\":\"it-IT\",\"@id\":\"https:\\\/\\\/www.polycliniqueplus.com\\\/it\\\/correzione-capezzoli-ombelicali-turchia\\\/#primaryimage\",\"url\":\"https:\\\/\\\/www.polycliniqueplus.com\\\/wp-content\\\/uploads\\\/2021\\\/03\\\/chirurgie-correction-mamelons-inverses.jpg\",\"contentUrl\":\"https:\\\/\\\/www.polycliniqueplus.com\\\/wp-content\\\/uploads\\\/2021\\\/03\\\/chirurgie-correction-mamelons-inverses.jpg\",\"width\":784,\"height\":484,\"caption\":\"chirurgie-correction-mamelons-inverses\"},{\"@type\":\"BreadcrumbList\",\"@id\":\"https:\\\/\\\/www.polycliniqueplus.com\\\/it\\\/correzione-capezzoli-ombelicali-turchia\\\/#breadcrumb\",\"itemListElement\":[{\"@type\":\"ListItem\",\"position\":1,\"name\":\"Accueil\",\"item\":\"https:\\\/\\\/www.polycliniqueplus.com\\\/it\\\/\"},{\"@type\":\"ListItem\",\"position\":2,\"name\":\"Chirurgia del capezzolo ombelicale Turchia\"}]},{\"@type\":\"WebSite\",\"@id\":\"https:\\\/\\\/www.polycliniqueplus.com\\\/it\\\/#website\",\"url\":\"https:\\\/\\\/www.polycliniqueplus.com\\\/it\\\/\",\"name\":\"Chirurgie esthetique Turquie : Prix interventions meilleures cliniques Istanbul\",\"description\":\"Chirurgie esthetique Turquie prix pas cher\",\"publisher\":{\"@id\":\"https:\\\/\\\/www.polycliniqueplus.com\\\/it\\\/#organization\"},\"potentialAction\":[{\"@type\":\"SearchAction\",\"target\":{\"@type\":\"EntryPoint\",\"urlTemplate\":\"https:\\\/\\\/www.polycliniqueplus.com\\\/it\\\/?s={search_term_string}\"},\"query-input\":{\"@type\":\"PropertyValueSpecification\",\"valueRequired\":true,\"valueName\":\"search_term_string\"}}],\"inLanguage\":\"it-IT\"},{\"@type\":\"Organization\",\"@id\":\"https:\\\/\\\/www.polycliniqueplus.com\\\/it\\\/#organization\",\"name\":\"Polycliniqueplus chirurgie esthetique Turquie\",\"url\":\"https:\\\/\\\/www.polycliniqueplus.com\\\/it\\\/\",\"logo\":{\"@type\":\"ImageObject\",\"inLanguage\":\"it-IT\",\"@id\":\"https:\\\/\\\/www.polycliniqueplus.com\\\/it\\\/#\\\/schema\\\/logo\\\/image\\\/\",\"url\":\"https:\\\/\\\/www.polycliniqueplus.com\\\/wp-content\\\/uploads\\\/2021\\\/03\\\/cropped-add-box-fill.png\",\"contentUrl\":\"https:\\\/\\\/www.polycliniqueplus.com\\\/wp-content\\\/uploads\\\/2021\\\/03\\\/cropped-add-box-fill.png\",\"width\":512,\"height\":512,\"caption\":\"Polycliniqueplus chirurgie esthetique Turquie\"},\"image\":{\"@id\":\"https:\\\/\\\/www.polycliniqueplus.com\\\/it\\\/#\\\/schema\\\/logo\\\/image\\\/\"},\"sameAs\":[\"https:\\\/\\\/www.facebook.com\\\/polycliniqueplus\",\"https:\\\/\\\/x.com\\\/polyclinique1\",\"https:\\\/\\\/www.youtube.com\\\/channel\\\/UCAnK3TORJqflIuYGFa-JQDw\"]}]}<\/script>\n<!-- \/ Yoast SEO plugin. -->","yoast_head_json":{"title":"Chirurgia del capezzolo ombelicale Turchia: prezzo della correzione del capezzolo invaginato","description":"Chirurgia del capezzolo ombelicale Turchia : L'obiettivo della chirurgia del capezzolo invertito \u00e8 quello di consentire al capezzolo di alzarsi e di migliorare l'aspetto del capezzolo. Preventivo gratuito e non vincolante","robots":{"index":"index","follow":"follow","max-snippet":"max-snippet:-1","max-image-preview":"max-image-preview:large","max-video-preview":"max-video-preview:-1"},"canonical":"https:\/\/www.polycliniqueplus.com\/it\/correzione-capezzoli-ombelicali-turchia\/","og_locale":"it_IT","og_type":"article","og_title":"Chirurgia del capezzolo ombelicale Turchia: prezzo della correzione del capezzolo invaginato","og_description":"Chirurgia del capezzolo ombelicale Turchia : L'obiettivo della chirurgia del capezzolo invertito \u00e8 quello di consentire al capezzolo di alzarsi e di migliorare l'aspetto del capezzolo. Preventivo gratuito e non vincolante","og_url":"https:\/\/www.polycliniqueplus.com\/it\/correzione-capezzoli-ombelicali-turchia\/","og_site_name":"Chirurgie esthetique Turquie : Prix interventions meilleures cliniques Istanbul","article_publisher":"https:\/\/www.facebook.com\/polycliniqueplus","article_modified_time":"2025-12-12T11:03:03+00:00","og_image":[{"width":784,"height":484,"url":"https:\/\/www.polycliniqueplus.com\/wp-content\/uploads\/2021\/03\/chirurgie-correction-mamelons-inverses.jpg","type":"image\/jpeg"}],"twitter_card":"summary_large_image","twitter_site":"@polyclinique1","schema":{"@context":"https:\/\/schema.org","@graph":[{"@type":"WebPage","@id":"https:\/\/www.polycliniqueplus.com\/it\/correzione-capezzoli-ombelicali-turchia\/","url":"https:\/\/www.polycliniqueplus.com\/it\/correzione-capezzoli-ombelicali-turchia\/","name":"Chirurgia del capezzolo ombelicale Turchia: prezzo della correzione del capezzolo invaginato","isPartOf":{"@id":"https:\/\/www.polycliniqueplus.com\/it\/#website"},"primaryImageOfPage":{"@id":"https:\/\/www.polycliniqueplus.com\/it\/correzione-capezzoli-ombelicali-turchia\/#primaryimage"},"image":{"@id":"https:\/\/www.polycliniqueplus.com\/it\/correzione-capezzoli-ombelicali-turchia\/#primaryimage"},"thumbnailUrl":"https:\/\/www.polycliniqueplus.com\/wp-content\/uploads\/2021\/03\/chirurgie-correction-mamelons-inverses.jpg","datePublished":"2021-03-10T12:45:46+00:00","dateModified":"2025-12-12T11:03:03+00:00","description":"Chirurgia del capezzolo ombelicale Turchia : L'obiettivo della chirurgia del capezzolo invertito \u00e8 quello di consentire al capezzolo di alzarsi e di migliorare l'aspetto del capezzolo. Preventivo gratuito e non vincolante","breadcrumb":{"@id":"https:\/\/www.polycliniqueplus.com\/it\/correzione-capezzoli-ombelicali-turchia\/#breadcrumb"},"inLanguage":"it-IT","potentialAction":[{"@type":"ReadAction","target":["https:\/\/www.polycliniqueplus.com\/it\/correzione-capezzoli-ombelicali-turchia\/"]}]},{"@type":"ImageObject","inLanguage":"it-IT","@id":"https:\/\/www.polycliniqueplus.com\/it\/correzione-capezzoli-ombelicali-turchia\/#primaryimage","url":"https:\/\/www.polycliniqueplus.com\/wp-content\/uploads\/2021\/03\/chirurgie-correction-mamelons-inverses.jpg","contentUrl":"https:\/\/www.polycliniqueplus.com\/wp-content\/uploads\/2021\/03\/chirurgie-correction-mamelons-inverses.jpg","width":784,"height":484,"caption":"chirurgie-correction-mamelons-inverses"},{"@type":"BreadcrumbList","@id":"https:\/\/www.polycliniqueplus.com\/it\/correzione-capezzoli-ombelicali-turchia\/#breadcrumb","itemListElement":[{"@type":"ListItem","position":1,"name":"Accueil","item":"https:\/\/www.polycliniqueplus.com\/it\/"},{"@type":"ListItem","position":2,"name":"Chirurgia del capezzolo ombelicale Turchia"}]},{"@type":"WebSite","@id":"https:\/\/www.polycliniqueplus.com\/it\/#website","url":"https:\/\/www.polycliniqueplus.com\/it\/","name":"Chirurgie esthetique Turquie : Prix interventions meilleures cliniques Istanbul","description":"Chirurgie esthetique Turquie prix pas cher","publisher":{"@id":"https:\/\/www.polycliniqueplus.com\/it\/#organization"},"potentialAction":[{"@type":"SearchAction","target":{"@type":"EntryPoint","urlTemplate":"https:\/\/www.polycliniqueplus.com\/it\/?s={search_term_string}"},"query-input":{"@type":"PropertyValueSpecification","valueRequired":true,"valueName":"search_term_string"}}],"inLanguage":"it-IT"},{"@type":"Organization","@id":"https:\/\/www.polycliniqueplus.com\/it\/#organization","name":"Polycliniqueplus chirurgie esthetique Turquie","url":"https:\/\/www.polycliniqueplus.com\/it\/","logo":{"@type":"ImageObject","inLanguage":"it-IT","@id":"https:\/\/www.polycliniqueplus.com\/it\/#\/schema\/logo\/image\/","url":"https:\/\/www.polycliniqueplus.com\/wp-content\/uploads\/2021\/03\/cropped-add-box-fill.png","contentUrl":"https:\/\/www.polycliniqueplus.com\/wp-content\/uploads\/2021\/03\/cropped-add-box-fill.png","width":512,"height":512,"caption":"Polycliniqueplus chirurgie esthetique Turquie"},"image":{"@id":"https:\/\/www.polycliniqueplus.com\/it\/#\/schema\/logo\/image\/"},"sameAs":["https:\/\/www.facebook.com\/polycliniqueplus","https:\/\/x.com\/polyclinique1","https:\/\/www.youtube.com\/channel\/UCAnK3TORJqflIuYGFa-JQDw"]}]}},"_links":{"self":[{"href":"https:\/\/www.polycliniqueplus.com\/it\/wp-json\/wp\/v2\/pages\/30005","targetHints":{"allow":["GET"]}}],"collection":[{"href":"https:\/\/www.polycliniqueplus.com\/it\/wp-json\/wp\/v2\/pages"}],"about":[{"href":"https:\/\/www.polycliniqueplus.com\/it\/wp-json\/wp\/v2\/types\/page"}],"author":[{"embeddable":true,"href":"https:\/\/www.polycliniqueplus.com\/it\/wp-json\/wp\/v2\/users\/1"}],"replies":[{"embeddable":true,"href":"https:\/\/www.polycliniqueplus.com\/it\/wp-json\/wp\/v2\/comments?post=30005"}],"version-history":[{"count":10,"href":"https:\/\/www.polycliniqueplus.com\/it\/wp-json\/wp\/v2\/pages\/30005\/revisions"}],"predecessor-version":[{"id":32605,"href":"https:\/\/www.polycliniqueplus.com\/it\/wp-json\/wp\/v2\/pages\/30005\/revisions\/32605"}],"wp:featuredmedia":[{"embeddable":true,"href":"https:\/\/www.polycliniqueplus.com\/it\/wp-json\/wp\/v2\/media\/30006"}],"wp:attachment":[{"href":"https:\/\/www.polycliniqueplus.com\/it\/wp-json\/wp\/v2\/media?parent=30005"}],"curies":[{"name":"wp","href":"https:\/\/api.w.org\/{rel}","templated":true}]}}