{"id":9344,"date":"2017-06-18T19:21:18","date_gmt":"2017-06-18T17:21:18","guid":{"rendered":"https:\/\/www.polycliniqueplus.com\/laser-cosmetico-turquia-tratamiento-cutaneo-no-invasivo\/"},"modified":"2025-12-12T12:35:09","modified_gmt":"2025-12-12T11:35:09","slug":"laser-estetico-turquia","status":"publish","type":"page","link":"https:\/\/www.polycliniqueplus.com\/es\/laser-estetico-turquia\/","title":{"rendered":"L\u00e1ser est\u00e9tico Turqu\u00eda : Tratamiento cut\u00e1neo no invasivo"},"content":{"rendered":"<div data-elementor-type=\"wp-page\" data-elementor-id=\"9344\" class=\"elementor elementor-9344 elementor-78\" data-elementor-settings=\"{&quot;ha_cmc_init_switcher&quot;:&quot;no&quot;}\">\n\t\t\t\t\t\t<section class=\"elementor-section elementor-top-section elementor-element elementor-element-4b81749 elementor-section-content-middle elementor-section-boxed elementor-section-height-default elementor-section-height-default\" data-id=\"4b81749\" data-element_type=\"section\" data-settings=\"{&quot;_ha_eqh_enable&quot;:false}\">\n\t\t\t\t\t\t<div class=\"elementor-container elementor-column-gap-default\">\n\t\t\t\t\t<div class=\"elementor-column elementor-col-50 elementor-top-column elementor-element elementor-element-f39e7bb\" data-id=\"f39e7bb\" data-element_type=\"column\">\n\t\t\t<div class=\"elementor-widget-wrap elementor-element-populated\">\n\t\t\t\t\t\t<div class=\"elementor-element elementor-element-28d60b5 elementor-widget elementor-widget-text-editor\" data-id=\"28d60b5\" data-element_type=\"widget\" data-widget_type=\"text-editor.default\">\n\t\t\t\t<div class=\"elementor-widget-container\">\n\t\t\t\t\t\t\tEl <strong>tratamiento con l\u00e1ser<\/strong> es una tecnolog\u00eda muy utilizada en <strong>medicina est\u00e9tica<\/strong> en general y en <strong>dermatolog\u00eda<\/strong> en particular.\n\t\t\t\t\t\t<\/div>\n\t\t\t\t<\/div>\n\t\t\t\t<div class=\"elementor-element elementor-element-aa49598 elementor-widget elementor-widget-text-editor\" data-id=\"aa49598\" data-element_type=\"widget\" data-widget_type=\"text-editor.default\">\n\t\t\t\t<div class=\"elementor-widget-container\">\n\t\t\t\t\t\t\tEl l\u00e1ser es un instrumento m\u00e9dico de alta precisi\u00f3n. Su uso provoca cambios profundos en las estructuras de las zonas tratadas y s\u00f3lo puede ser utilizado correctamente por un m\u00e9dico experto en tratamientos con l\u00e1ser.\n\t\t\t\t\t\t<\/div>\n\t\t\t\t<\/div>\n\t\t\t\t<div class=\"elementor-element elementor-element-bd9ac1e elementor-widget elementor-widget-text-editor\" data-id=\"bd9ac1e\" data-element_type=\"widget\" data-widget_type=\"text-editor.default\">\n\t\t\t\t<div class=\"elementor-widget-container\">\n\t\t\t\t\t\t\tA\u00fan no existe un dispositivo l\u00e1ser est\u00e1ndar para realizar todos los procedimientos. El dermat\u00f3logo debe utilizar varias m\u00e1quinas para tratar cada caso.\n\t\t\t\t\t\t<\/div>\n\t\t\t\t<\/div>\n\t\t\t\t<div class=\"elementor-element elementor-element-55ad80f elementor-widget elementor-widget-text-editor\" data-id=\"55ad80f\" data-element_type=\"widget\" data-widget_type=\"text-editor.default\">\n\t\t\t\t<div class=\"elementor-widget-container\">\n\t\t\t\t\t\t\tAl igual que en la mayor\u00eda de los pa\u00edses, el <b>tratamiento cosm\u00e9tico con l\u00e1ser en Turqu\u00eda<\/b> suele utilizarse para tratar en profundidad determinados problemas cut\u00e1neos visibles. El l\u00e1ser tambi\u00e9n se utiliza en fotodepilaci\u00f3n: una t\u00e9cnica para eliminar el vello de forma duradera.\n\t\t\t\t\t\t<\/div>\n\t\t\t\t<\/div>\n\t\t\t\t\t<\/div>\n\t\t<\/div>\n\t\t\t\t<div class=\"elementor-column elementor-col-50 elementor-top-column elementor-element elementor-element-65fe2bb\" data-id=\"65fe2bb\" data-element_type=\"column\">\n\t\t\t<div class=\"elementor-widget-wrap elementor-element-populated\">\n\t\t\t\t\t\t<div class=\"elementor-element elementor-element-267edb6 elementor-widget elementor-widget-image\" data-id=\"267edb6\" data-element_type=\"widget\" data-widget_type=\"image.default\">\n\t\t\t\t<div class=\"elementor-widget-container\">\n\t\t\t\t\t\t\t\t\t\t<figure class=\"wp-caption\">\n\t\t\t\t\t\t\t\t\t\t<noscript><img fetchpriority=\"high\" decoding=\"async\" width=\"574\" height=\"586\" src=\"https:\/\/www.polycliniqueplus.com\/wp-content\/uploads\/2021\/03\/epilation-definitive-laser-turquie.jpg\" class=\"attachment-large size-large wp-image-7514\" alt srcset=\"https:\/\/www.polycliniqueplus.com\/wp-content\/uploads\/2021\/03\/epilation-definitive-laser-turquie.jpg 574w, https:\/\/www.polycliniqueplus.com\/wp-content\/uploads\/2021\/03\/epilation-definitive-laser-turquie-294x300.jpg 294w\" sizes=\"(max-width: 574px) 100vw, 574px\"><\/noscript><img fetchpriority=\"high\" decoding=\"async\" width=\"574\" height=\"586\" src=\"data:image\/svg+xml,%3Csvg%20xmlns%3D%22http%3A%2F%2Fwww.w3.org%2F2000%2Fsvg%22%20viewBox%3D%220%200%20574%20586%22%3E%3C%2Fsvg%3E\" class=\"attachment-large size-large wp-image-7514 lazyload\" alt srcset=\"data:image\/svg+xml,%3Csvg%20xmlns%3D%22http%3A%2F%2Fwww.w3.org%2F2000%2Fsvg%22%20viewBox%3D%220%200%20574%20586%22%3E%3C%2Fsvg%3E 574w\" sizes=\"(max-width: 574px) 100vw, 574px\" data-srcset=\"https:\/\/www.polycliniqueplus.com\/wp-content\/uploads\/2021\/03\/epilation-definitive-laser-turquie.jpg 574w, https:\/\/www.polycliniqueplus.com\/wp-content\/uploads\/2021\/03\/epilation-definitive-laser-turquie-294x300.jpg 294w\" data-src=\"https:\/\/www.polycliniqueplus.com\/wp-content\/uploads\/2021\/03\/epilation-definitive-laser-turquie.jpg\">\t\t\t\t\t\t\t\t\t\t\t<figcaption class=\"widget-image-caption wp-caption-text\">\u00c9pilation d\u00e9finitive au laser<\/figcaption>\n\t\t\t\t\t\t\t\t\t\t<\/figure>\n\t\t\t\t\t\t\t<\/div>\n\t\t\t\t<\/div>\n\t\t\t\t\t<\/div>\n\t\t<\/div>\n\t\t\t\t\t<\/div>\n\t\t<\/section>\n\t\t\t\t<section class=\"elementor-section elementor-top-section elementor-element elementor-element-8090d87 elementor-section-boxed elementor-section-height-default elementor-section-height-default\" data-id=\"8090d87\" data-element_type=\"section\" data-settings=\"{&quot;_ha_eqh_enable&quot;:false}\">\n\t\t\t\t\t\t<div class=\"elementor-container elementor-column-gap-default\">\n\t\t\t\t\t<div class=\"elementor-column elementor-col-100 elementor-top-column elementor-element elementor-element-a7bf0ae\" data-id=\"a7bf0ae\" data-element_type=\"column\">\n\t\t\t<div class=\"elementor-widget-wrap elementor-element-populated\">\n\t\t\t\t\t\t<div class=\"elementor-element elementor-element-1180566 elementor-widget elementor-widget-heading\" data-id=\"1180566\" data-element_type=\"widget\" data-widget_type=\"heading.default\">\n\t\t\t\t<div class=\"elementor-widget-container\">\n\t\t\t<h2 class=\"elementor-heading-title elementor-size-default\"><h2>\u00bfCu\u00e1nto cuesta el tratamiento con l\u00e1ser?<\/h2>\n<\/h2>\t\t<\/div>\n\t\t\t\t<\/div>\n\t\t\t\t<div class=\"elementor-element elementor-element-dce0369 elementor-widget elementor-widget-text-editor\" data-id=\"dce0369\" data-element_type=\"widget\" data-widget_type=\"text-editor.default\">\n\t\t\t\t<div class=\"elementor-widget-container\">\n\t\t\t\t\t\t\tEl precio del tratamiento con l\u00e1ser en Turqu\u00eda var\u00eda en funci\u00f3n de las zonas tratadas. Pero, en general, es mucho m\u00e1s barato que los tratamientos de los pa\u00edses europeos.\t\t\t\t\t\t<\/div>\n\t\t\t\t<\/div>\n\t\t\t\t<div class=\"elementor-element elementor-element-2bc0df6 elementor-widget elementor-widget-text-editor\" data-id=\"2bc0df6\" data-element_type=\"widget\" data-widget_type=\"text-editor.default\">\n\t\t\t\t<div class=\"elementor-widget-container\">\n\t\t\t\t\t\t\t<h2>Campos de aplicaci\u00f3n del l\u00e1ser est\u00e9tico Turqu\u00eda<\/h2>\nEl campo de aplicaci\u00f3n de los l\u00e1seres, las l\u00e1mparas de flash y ahora los LED en dermatolog\u00eda crece d\u00eda a d\u00eda. Los dermat\u00f3logos suelen recomendar el tratamiento con l\u00e1ser para :\n\t\t\t\t\t\t<\/div>\n\t\t\t\t<\/div>\n\t\t\t\t<div class=\"elementor-element elementor-element-ac33f3c elementor-widget elementor-widget-text-editor\" data-id=\"ac33f3c\" data-element_type=\"widget\" data-widget_type=\"text-editor.default\">\n\t\t\t\t<div class=\"elementor-widget-container\">\n\t\t\t\t\t\t\t<ul class=\"liste-page\">\n \t<li>tratamiento de todo tipo de rojeces, desde la cuperosis en adultos hasta los angiomas en ni\u00f1os<\/li>\n \t<li>depilaci\u00f3n con fines est\u00e9ticos o m\u00e9dicos (hiperpilosidades patol\u00f3gicas)<\/li>\n \t<li>la gesti\u00f3n de las arrugas<\/li>\n \t<li>fotorrejuvenecimiento<\/li>\n \t<li>l&#8217;<strong>\n<a href=\"https:\/\/www.polycliniqueplus.com\/es\/eliminacion-de-tatuajes-con-laser-turquia\/\">eliminaci\u00f3n de tatuajes<\/a>\n<\/strong><\/li>\n<\/ul>\t\t\t\t\t\t<\/div>\n\t\t\t\t<\/div>\n\t\t\t\t\t<\/div>\n\t\t<\/div>\n\t\t\t\t\t<\/div>\n\t\t<\/section>\n\t\t\t\t<section class=\"elementor-section elementor-top-section elementor-element elementor-element-5891a6b elementor-section-boxed elementor-section-height-default elementor-section-height-default\" data-id=\"5891a6b\" data-element_type=\"section\" data-settings=\"{&quot;background_background&quot;:&quot;classic&quot;,&quot;_ha_eqh_enable&quot;:false}\">\n\t\t\t\t\t\t<div class=\"elementor-container elementor-column-gap-default\">\n\t\t\t\t\t<div class=\"elementor-column elementor-col-100 elementor-top-column elementor-element elementor-element-dda39d5\" data-id=\"dda39d5\" data-element_type=\"column\">\n\t\t\t<div class=\"elementor-widget-wrap elementor-element-populated\">\n\t\t\t\t\t\t<div class=\"elementor-element elementor-element-7fb7b5f elementor-widget elementor-widget-heading\" data-id=\"7fb7b5f\" data-element_type=\"widget\" data-widget_type=\"heading.default\">\n\t\t\t\t<div class=\"elementor-widget-container\">\n\t\t\t<h4 class=\"elementor-heading-title elementor-size-default\">PRESUPUESTO EN L\u00cdNEA R\u00c1PIDO Y 100% GRATUITO<\/h4>\t\t<\/div>\n\t\t\t\t<\/div>\n\t\t\t\t<div class=\"elementor-element elementor-element-ac20840 elementor-align-center elementor-widget elementor-widget-button\" data-id=\"ac20840\" data-element_type=\"widget\" data-widget_type=\"button.default\">\n\t\t\t\t<div class=\"elementor-widget-container\">\n\t\t\t\t\t<div class=\"elementor-button-wrapper\">\n\t\t\t<a class=\"elementor-button elementor-button-link elementor-size-sm\" href=\"https:\/\/www.polycliniqueplus.com\/es\/presupuesto\/\">\n\t\t\t\t\t\t<span class=\"elementor-button-content-wrapper\">\n\t\t\t\t\t\t<span class=\"elementor-button-icon\">\n\t\t\t\t<i aria-hidden=\"true\" class=\"fas fa-arrow-right\"><\/i>\t\t\t<\/span>\n\t\t\t\t\t\t\t\t\t<span class=\"elementor-button-text\">Presupuesto de tratamiento l\u00e1ser<\/span>\n\t\t\t\t\t<\/span>\n\t\t\t\t\t<\/a>\n\t\t<\/div>\n\t\t\t\t<\/div>\n\t\t\t\t<\/div>\n\t\t\t\t\t<\/div>\n\t\t<\/div>\n\t\t\t\t\t<\/div>\n\t\t<\/section>\n\t\t\t\t<section class=\"elementor-section elementor-top-section elementor-element elementor-element-dad612c elementor-section-boxed elementor-section-height-default elementor-section-height-default\" data-id=\"dad612c\" data-element_type=\"section\" data-settings=\"{&quot;_ha_eqh_enable&quot;:false}\">\n\t\t\t\t\t\t<div class=\"elementor-container elementor-column-gap-default\">\n\t\t\t\t\t<div class=\"elementor-column elementor-col-66 elementor-top-column elementor-element elementor-element-7b1fac1\" data-id=\"7b1fac1\" data-element_type=\"column\">\n\t\t\t<div class=\"elementor-widget-wrap elementor-element-populated\">\n\t\t\t\t\t\t<div class=\"elementor-element elementor-element-bd784f0 elementor-widget elementor-widget-text-editor\" data-id=\"bd784f0\" data-element_type=\"widget\" data-widget_type=\"text-editor.default\">\n\t\t\t\t<div class=\"elementor-widget-container\">\n\t\t\t\t\t\t\t<h2>Desarrollo de una sesi\u00f3n de l\u00e1ser dermatol\u00f3gico<\/h2>\nEl uso de la tecnolog\u00eda l\u00e1ser debe realizarse en una sala dedicada a la pr\u00e1ctica m\u00e9dica, no accesible al p\u00fablico, con carteles que indiquen: \u00abL\u00e1ser, atenci\u00f3n peligro\u00bb.\n\n\t\t\t\t\t\t<\/div>\n\t\t\t\t<\/div>\n\t\t\t\t<div class=\"elementor-element elementor-element-7658323 elementor-widget elementor-widget-text-editor\" data-id=\"7658323\" data-element_type=\"widget\" data-widget_type=\"text-editor.default\">\n\t\t\t\t<div class=\"elementor-widget-container\">\n\t\t\t\t\t\t\tLa protecci\u00f3n ocular es obligatoria y sigue siendo una preocupaci\u00f3n constante para el m\u00e9dico y el paciente.\n\n\t\t\t\t\t\t<\/div>\n\t\t\t\t<\/div>\n\t\t\t\t\t<\/div>\n\t\t<\/div>\n\t\t\t\t<div class=\"elementor-column elementor-col-33 elementor-top-column elementor-element elementor-element-02334eb\" data-id=\"02334eb\" data-element_type=\"column\">\n\t\t\t<div class=\"elementor-widget-wrap elementor-element-populated\">\n\t\t\t\t\t\t<div class=\"elementor-element elementor-element-a65c3bb elementor-widget elementor-widget-text-editor\" data-id=\"a65c3bb\" data-element_type=\"widget\" data-widget_type=\"text-editor.default\">\n\t\t\t\t<div class=\"elementor-widget-container\">\n\t\t\t\t\t\t\t<noscript><img decoding=\"async\" class=\"wp-image-668\" title=\"Sesi\u00f3n de l\u00e1ser dermatol\u00f3gico\" src=\"https:\/\/www.polycliniqueplus.com\/wp-content\/uploads\/2017\/06\/IPL-300x144.jpg\" alt=\"L\u00e1ser dermatol\u00f3gico\" width=\"504\" height=\"242\"><\/noscript><img decoding=\"async\" class=\"wp-image-668 lazyload\" title=\"Sesi\u00f3n de l\u00e1ser dermatol\u00f3gico\" src=\"data:image\/svg+xml,%3Csvg%20xmlns%3D%22http%3A%2F%2Fwww.w3.org%2F2000%2Fsvg%22%20viewBox%3D%220%200%20504%20242%22%3E%3C%2Fsvg%3E\" alt=\"L\u00e1ser dermatol\u00f3gico\" width=\"504\" height=\"242\" data-src=\"https:\/\/www.polycliniqueplus.com\/wp-content\/uploads\/2017\/06\/IPL-300x144.jpg\">\t\t\t\t\t\t<\/div>\n\t\t\t\t<\/div>\n\t\t\t\t\t<\/div>\n\t\t<\/div>\n\t\t\t\t\t<\/div>\n\t\t<\/section>\n\t\t\t\t<section class=\"elementor-section elementor-top-section elementor-element elementor-element-31a6e346 elementor-section-boxed elementor-section-height-default elementor-section-height-default\" data-id=\"31a6e346\" data-element_type=\"section\" data-settings=\"{&quot;_ha_eqh_enable&quot;:false}\">\n\t\t\t\t\t\t<div class=\"elementor-container elementor-column-gap-default\">\n\t\t\t\t\t<div class=\"elementor-column elementor-col-100 elementor-top-column elementor-element elementor-element-505798c\" data-id=\"505798c\" data-element_type=\"column\">\n\t\t\t<div class=\"elementor-widget-wrap elementor-element-populated\">\n\t\t\t\t\t\t<div class=\"elementor-element elementor-element-fd0968c elementor-widget elementor-widget-text-editor\" data-id=\"fd0968c\" data-element_type=\"widget\" data-widget_type=\"text-editor.default\">\n\t\t\t\t<div class=\"elementor-widget-container\">\n\t\t\t\t\t\t\tCada <strong>procedimiento con l\u00e1ser <\/strong>se rige por un procedimiento de tratamiento bien codificado que se habr\u00e1 explicado durante la consulta inicial.\n\t\t\t\t\t\t<\/div>\n\t\t\t\t<\/div>\n\t\t\t\t<div class=\"elementor-element elementor-element-f3dc86a elementor-widget elementor-widget-text-editor\" data-id=\"f3dc86a\" data-element_type=\"widget\" data-widget_type=\"text-editor.default\">\n\t\t\t\t<div class=\"elementor-widget-container\">\n\t\t\t\t\t\t\tEn t\u00e9rminos sencillos, los disparos de l\u00e1ser los realiza el dermat\u00f3logo, que desplaza la sonda sobre la superficie de la piel con ayuda de sistemas de punter\u00eda que le permiten administrar con precisi\u00f3n las dosis deseadas de luz y energ\u00eda en las zonas afectadas por el tratamiento.\t\t\t\t\t\t<\/div>\n\t\t\t\t<\/div>\n\t\t\t\t<div class=\"elementor-element elementor-element-5798f7ba elementor-widget elementor-widget-text-editor\" data-id=\"5798f7ba\" data-element_type=\"widget\" data-widget_type=\"text-editor.default\">\n\t\t\t\t<div class=\"elementor-widget-container\">\n\t\t\t\t\t\t\t<h3>Tratamiento postoperatorio tras el tratamiento con l\u00e1ser<\/h3>\nLa mayor\u00eda de los tratamientos con l\u00e1ser no causan molestias en la vida diaria del paciente. Por lo general, puede reincorporarse a sus actividades en cuanto termina la operaci\u00f3n.\n\t\t\t\t\t\t<\/div>\n\t\t\t\t<\/div>\n\t\t\t\t<div class=\"elementor-element elementor-element-fb6121c elementor-widget elementor-widget-text-editor\" data-id=\"fb6121c\" data-element_type=\"widget\" data-widget_type=\"text-editor.default\">\n\t\t\t\t<div class=\"elementor-widget-container\">\n\t\t\t\t\t\t\tSeg\u00fan el tipo de l\u00e1ser, pueden aparecer rojeces, a veces acompa\u00f1adas de hinchaz\u00f3n, que duran varios d\u00edas. El maquillaje es suficiente para disimular un tratamiento l\u00e1ser en la cara, y no se necesitan precauciones especiales para el resto del cuerpo.\n\n\t\t\t\t\t\t<\/div>\n\t\t\t\t<\/div>\n\t\t\t\t<div class=\"elementor-element elementor-element-1cbd78d elementor-widget elementor-widget-text-editor\" data-id=\"1cbd78d\" data-element_type=\"widget\" data-widget_type=\"text-editor.default\">\n\t\t\t\t<div class=\"elementor-widget-container\">\n\t\t\t\t\t\t\tSi la zona tratada es extensa, la aplicaci\u00f3n de cremas hidratantes o cicatrizantes acelerar\u00e1 la vuelta de la piel a la normalidad. Es importante no exponerse al sol para evitar trastornos pigmentarios reaccionarios.\t\t\t\t\t\t<\/div>\n\t\t\t\t<\/div>\n\t\t\t\t\t<\/div>\n\t\t<\/div>\n\t\t\t\t\t<\/div>\n\t\t<\/section>\n\t\t\t\t<\/div>\n\t\t","protected":false},"excerpt":{"rendered":"<p>El tratamiento con l\u00e1ser es una tecnolog\u00eda muy utilizada en medicina est\u00e9tica en general y en dermatolog\u00eda en particular. El l\u00e1ser es un instrumento m\u00e9dico de alta precisi\u00f3n. Su uso provoca cambios profundos en las estructuras de las zonas tratadas y s\u00f3lo puede ser utilizado correctamente por un m\u00e9dico experto en tratamientos con l\u00e1ser. A\u00fan [&hellip;]<\/p>\n","protected":false},"author":1,"featured_media":7237,"parent":0,"menu_order":0,"comment_status":"closed","ping_status":"closed","template":"","meta":{"footnotes":""},"class_list":["post-9344","page","type-page","status-publish","has-post-thumbnail","hentry"],"yoast_head":"<!-- This site is optimized with the Yoast SEO plugin v27.3 - https:\/\/yoast.com\/product\/yoast-seo-wordpress\/ -->\n<title>Laser Aesthetics Turkey : Correcci\u00f3n de las imperfecciones de la piel<\/title>\n<meta name=\"description\" content=\"Laser Aesthetics Turkey: T\u00e9cnicas de rejuvenecimiento facial, tratamientos l\u00e1ser y depilaci\u00f3n dermatol\u00f3gica a precios baratos.\" \/>\n<meta name=\"robots\" content=\"index, follow, max-snippet:-1, max-image-preview:large, max-video-preview:-1\" \/>\n<link rel=\"canonical\" href=\"https:\/\/www.polycliniqueplus.com\/es\/laser-estetico-turquia\/\" \/>\n<meta property=\"og:locale\" content=\"es_ES\" \/>\n<meta property=\"og:type\" content=\"article\" \/>\n<meta property=\"og:title\" content=\"Laser Aesthetics Turkey : Correcci\u00f3n de las imperfecciones de la piel\" \/>\n<meta property=\"og:description\" content=\"Laser Aesthetics Turkey: T\u00e9cnicas de rejuvenecimiento facial, tratamientos l\u00e1ser y depilaci\u00f3n dermatol\u00f3gica a precios baratos.\" \/>\n<meta property=\"og:url\" content=\"https:\/\/www.polycliniqueplus.com\/es\/laser-estetico-turquia\/\" \/>\n<meta property=\"og:site_name\" content=\"Chirurgie esthetique Turquie : Prix interventions meilleures cliniques Istanbul\" \/>\n<meta property=\"article:publisher\" content=\"https:\/\/www.facebook.com\/polycliniqueplus\" \/>\n<meta property=\"article:modified_time\" content=\"2025-12-12T11:35:09+00:00\" \/>\n<meta property=\"og:image\" content=\"https:\/\/www.polycliniqueplus.com\/wp-content\/uploads\/2017\/06\/epilation-definitive-laser.jpg\" \/>\n\t<meta property=\"og:image:width\" content=\"1300\" \/>\n\t<meta property=\"og:image:height\" content=\"600\" \/>\n\t<meta property=\"og:image:type\" content=\"image\/jpeg\" \/>\n<meta name=\"twitter:card\" content=\"summary_large_image\" \/>\n<meta name=\"twitter:site\" content=\"@polyclinique1\" \/>\n<script type=\"application\/ld+json\" class=\"yoast-schema-graph\">{\"@context\":\"https:\\\/\\\/schema.org\",\"@graph\":[{\"@type\":\"WebPage\",\"@id\":\"https:\\\/\\\/www.polycliniqueplus.com\\\/es\\\/laser-estetico-turquia\\\/\",\"url\":\"https:\\\/\\\/www.polycliniqueplus.com\\\/es\\\/laser-estetico-turquia\\\/\",\"name\":\"Laser Aesthetics Turkey : Correcci\u00f3n de las imperfecciones de la piel\",\"isPartOf\":{\"@id\":\"https:\\\/\\\/www.polycliniqueplus.com\\\/es\\\/#website\"},\"primaryImageOfPage\":{\"@id\":\"https:\\\/\\\/www.polycliniqueplus.com\\\/es\\\/laser-estetico-turquia\\\/#primaryimage\"},\"image\":{\"@id\":\"https:\\\/\\\/www.polycliniqueplus.com\\\/es\\\/laser-estetico-turquia\\\/#primaryimage\"},\"thumbnailUrl\":\"https:\\\/\\\/www.polycliniqueplus.com\\\/wp-content\\\/uploads\\\/2017\\\/06\\\/epilation-definitive-laser.jpg\",\"datePublished\":\"2017-06-18T17:21:18+00:00\",\"dateModified\":\"2025-12-12T11:35:09+00:00\",\"description\":\"Laser Aesthetics Turkey: T\u00e9cnicas de rejuvenecimiento facial, tratamientos l\u00e1ser y depilaci\u00f3n dermatol\u00f3gica a precios baratos.\",\"breadcrumb\":{\"@id\":\"https:\\\/\\\/www.polycliniqueplus.com\\\/es\\\/laser-estetico-turquia\\\/#breadcrumb\"},\"inLanguage\":\"es\",\"potentialAction\":[{\"@type\":\"ReadAction\",\"target\":[\"https:\\\/\\\/www.polycliniqueplus.com\\\/es\\\/laser-estetico-turquia\\\/\"]}]},{\"@type\":\"ImageObject\",\"inLanguage\":\"es\",\"@id\":\"https:\\\/\\\/www.polycliniqueplus.com\\\/es\\\/laser-estetico-turquia\\\/#primaryimage\",\"url\":\"https:\\\/\\\/www.polycliniqueplus.com\\\/wp-content\\\/uploads\\\/2017\\\/06\\\/epilation-definitive-laser.jpg\",\"contentUrl\":\"https:\\\/\\\/www.polycliniqueplus.com\\\/wp-content\\\/uploads\\\/2017\\\/06\\\/epilation-definitive-laser.jpg\",\"width\":1300,\"height\":600,\"caption\":\"epilation-definitive-laser\"},{\"@type\":\"BreadcrumbList\",\"@id\":\"https:\\\/\\\/www.polycliniqueplus.com\\\/es\\\/laser-estetico-turquia\\\/#breadcrumb\",\"itemListElement\":[{\"@type\":\"ListItem\",\"position\":1,\"name\":\"Accueil\",\"item\":\"https:\\\/\\\/www.polycliniqueplus.com\\\/es\\\/\"},{\"@type\":\"ListItem\",\"position\":2,\"name\":\"L\u00e1ser est\u00e9tico Turqu\u00eda : Tratamiento cut\u00e1neo no invasivo\"}]},{\"@type\":\"WebSite\",\"@id\":\"https:\\\/\\\/www.polycliniqueplus.com\\\/es\\\/#website\",\"url\":\"https:\\\/\\\/www.polycliniqueplus.com\\\/es\\\/\",\"name\":\"Chirurgie esthetique Turquie : Prix interventions meilleures cliniques Istanbul\",\"description\":\"Chirurgie esthetique Turquie prix pas cher\",\"publisher\":{\"@id\":\"https:\\\/\\\/www.polycliniqueplus.com\\\/es\\\/#organization\"},\"potentialAction\":[{\"@type\":\"SearchAction\",\"target\":{\"@type\":\"EntryPoint\",\"urlTemplate\":\"https:\\\/\\\/www.polycliniqueplus.com\\\/es\\\/?s={search_term_string}\"},\"query-input\":{\"@type\":\"PropertyValueSpecification\",\"valueRequired\":true,\"valueName\":\"search_term_string\"}}],\"inLanguage\":\"es\"},{\"@type\":\"Organization\",\"@id\":\"https:\\\/\\\/www.polycliniqueplus.com\\\/es\\\/#organization\",\"name\":\"Polycliniqueplus chirurgie esthetique Turquie\",\"url\":\"https:\\\/\\\/www.polycliniqueplus.com\\\/es\\\/\",\"logo\":{\"@type\":\"ImageObject\",\"inLanguage\":\"es\",\"@id\":\"https:\\\/\\\/www.polycliniqueplus.com\\\/es\\\/#\\\/schema\\\/logo\\\/image\\\/\",\"url\":\"https:\\\/\\\/www.polycliniqueplus.com\\\/wp-content\\\/uploads\\\/2021\\\/03\\\/cropped-add-box-fill.png\",\"contentUrl\":\"https:\\\/\\\/www.polycliniqueplus.com\\\/wp-content\\\/uploads\\\/2021\\\/03\\\/cropped-add-box-fill.png\",\"width\":512,\"height\":512,\"caption\":\"Polycliniqueplus chirurgie esthetique Turquie\"},\"image\":{\"@id\":\"https:\\\/\\\/www.polycliniqueplus.com\\\/es\\\/#\\\/schema\\\/logo\\\/image\\\/\"},\"sameAs\":[\"https:\\\/\\\/www.facebook.com\\\/polycliniqueplus\",\"https:\\\/\\\/x.com\\\/polyclinique1\",\"https:\\\/\\\/www.youtube.com\\\/channel\\\/UCAnK3TORJqflIuYGFa-JQDw\"]}]}<\/script>\n<!-- \/ Yoast SEO plugin. -->","yoast_head_json":{"title":"Laser Aesthetics Turkey : Correcci\u00f3n de las imperfecciones de la piel","description":"Laser Aesthetics Turkey: T\u00e9cnicas de rejuvenecimiento facial, tratamientos l\u00e1ser y depilaci\u00f3n dermatol\u00f3gica a precios baratos.","robots":{"index":"index","follow":"follow","max-snippet":"max-snippet:-1","max-image-preview":"max-image-preview:large","max-video-preview":"max-video-preview:-1"},"canonical":"https:\/\/www.polycliniqueplus.com\/es\/laser-estetico-turquia\/","og_locale":"es_ES","og_type":"article","og_title":"Laser Aesthetics Turkey : Correcci\u00f3n de las imperfecciones de la piel","og_description":"Laser Aesthetics Turkey: T\u00e9cnicas de rejuvenecimiento facial, tratamientos l\u00e1ser y depilaci\u00f3n dermatol\u00f3gica a precios baratos.","og_url":"https:\/\/www.polycliniqueplus.com\/es\/laser-estetico-turquia\/","og_site_name":"Chirurgie esthetique Turquie : Prix interventions meilleures cliniques Istanbul","article_publisher":"https:\/\/www.facebook.com\/polycliniqueplus","article_modified_time":"2025-12-12T11:35:09+00:00","og_image":[{"width":1300,"height":600,"url":"https:\/\/www.polycliniqueplus.com\/wp-content\/uploads\/2017\/06\/epilation-definitive-laser.jpg","type":"image\/jpeg"}],"twitter_card":"summary_large_image","twitter_site":"@polyclinique1","schema":{"@context":"https:\/\/schema.org","@graph":[{"@type":"WebPage","@id":"https:\/\/www.polycliniqueplus.com\/es\/laser-estetico-turquia\/","url":"https:\/\/www.polycliniqueplus.com\/es\/laser-estetico-turquia\/","name":"Laser Aesthetics Turkey : Correcci\u00f3n de las imperfecciones de la piel","isPartOf":{"@id":"https:\/\/www.polycliniqueplus.com\/es\/#website"},"primaryImageOfPage":{"@id":"https:\/\/www.polycliniqueplus.com\/es\/laser-estetico-turquia\/#primaryimage"},"image":{"@id":"https:\/\/www.polycliniqueplus.com\/es\/laser-estetico-turquia\/#primaryimage"},"thumbnailUrl":"https:\/\/www.polycliniqueplus.com\/wp-content\/uploads\/2017\/06\/epilation-definitive-laser.jpg","datePublished":"2017-06-18T17:21:18+00:00","dateModified":"2025-12-12T11:35:09+00:00","description":"Laser Aesthetics Turkey: T\u00e9cnicas de rejuvenecimiento facial, tratamientos l\u00e1ser y depilaci\u00f3n dermatol\u00f3gica a precios baratos.","breadcrumb":{"@id":"https:\/\/www.polycliniqueplus.com\/es\/laser-estetico-turquia\/#breadcrumb"},"inLanguage":"es","potentialAction":[{"@type":"ReadAction","target":["https:\/\/www.polycliniqueplus.com\/es\/laser-estetico-turquia\/"]}]},{"@type":"ImageObject","inLanguage":"es","@id":"https:\/\/www.polycliniqueplus.com\/es\/laser-estetico-turquia\/#primaryimage","url":"https:\/\/www.polycliniqueplus.com\/wp-content\/uploads\/2017\/06\/epilation-definitive-laser.jpg","contentUrl":"https:\/\/www.polycliniqueplus.com\/wp-content\/uploads\/2017\/06\/epilation-definitive-laser.jpg","width":1300,"height":600,"caption":"epilation-definitive-laser"},{"@type":"BreadcrumbList","@id":"https:\/\/www.polycliniqueplus.com\/es\/laser-estetico-turquia\/#breadcrumb","itemListElement":[{"@type":"ListItem","position":1,"name":"Accueil","item":"https:\/\/www.polycliniqueplus.com\/es\/"},{"@type":"ListItem","position":2,"name":"L\u00e1ser est\u00e9tico Turqu\u00eda : Tratamiento cut\u00e1neo no invasivo"}]},{"@type":"WebSite","@id":"https:\/\/www.polycliniqueplus.com\/es\/#website","url":"https:\/\/www.polycliniqueplus.com\/es\/","name":"Chirurgie esthetique Turquie : Prix interventions meilleures cliniques Istanbul","description":"Chirurgie esthetique Turquie prix pas cher","publisher":{"@id":"https:\/\/www.polycliniqueplus.com\/es\/#organization"},"potentialAction":[{"@type":"SearchAction","target":{"@type":"EntryPoint","urlTemplate":"https:\/\/www.polycliniqueplus.com\/es\/?s={search_term_string}"},"query-input":{"@type":"PropertyValueSpecification","valueRequired":true,"valueName":"search_term_string"}}],"inLanguage":"es"},{"@type":"Organization","@id":"https:\/\/www.polycliniqueplus.com\/es\/#organization","name":"Polycliniqueplus chirurgie esthetique Turquie","url":"https:\/\/www.polycliniqueplus.com\/es\/","logo":{"@type":"ImageObject","inLanguage":"es","@id":"https:\/\/www.polycliniqueplus.com\/es\/#\/schema\/logo\/image\/","url":"https:\/\/www.polycliniqueplus.com\/wp-content\/uploads\/2021\/03\/cropped-add-box-fill.png","contentUrl":"https:\/\/www.polycliniqueplus.com\/wp-content\/uploads\/2021\/03\/cropped-add-box-fill.png","width":512,"height":512,"caption":"Polycliniqueplus chirurgie esthetique Turquie"},"image":{"@id":"https:\/\/www.polycliniqueplus.com\/es\/#\/schema\/logo\/image\/"},"sameAs":["https:\/\/www.facebook.com\/polycliniqueplus","https:\/\/x.com\/polyclinique1","https:\/\/www.youtube.com\/channel\/UCAnK3TORJqflIuYGFa-JQDw"]}]}},"_links":{"self":[{"href":"https:\/\/www.polycliniqueplus.com\/es\/wp-json\/wp\/v2\/pages\/9344","targetHints":{"allow":["GET"]}}],"collection":[{"href":"https:\/\/www.polycliniqueplus.com\/es\/wp-json\/wp\/v2\/pages"}],"about":[{"href":"https:\/\/www.polycliniqueplus.com\/es\/wp-json\/wp\/v2\/types\/page"}],"author":[{"embeddable":true,"href":"https:\/\/www.polycliniqueplus.com\/es\/wp-json\/wp\/v2\/users\/1"}],"replies":[{"embeddable":true,"href":"https:\/\/www.polycliniqueplus.com\/es\/wp-json\/wp\/v2\/comments?post=9344"}],"version-history":[{"count":18,"href":"https:\/\/www.polycliniqueplus.com\/es\/wp-json\/wp\/v2\/pages\/9344\/revisions"}],"predecessor-version":[{"id":32919,"href":"https:\/\/www.polycliniqueplus.com\/es\/wp-json\/wp\/v2\/pages\/9344\/revisions\/32919"}],"wp:featuredmedia":[{"embeddable":true,"href":"https:\/\/www.polycliniqueplus.com\/es\/wp-json\/wp\/v2\/media\/7237"}],"wp:attachment":[{"href":"https:\/\/www.polycliniqueplus.com\/es\/wp-json\/wp\/v2\/media?parent=9344"}],"curies":[{"name":"wp","href":"https:\/\/api.w.org\/{rel}","templated":true}]}}