{"id":8127,"date":"2017-06-18T18:54:06","date_gmt":"2017-06-18T16:54:06","guid":{"rendered":"https:\/\/www.polycliniqueplus.com\/genioplastia-turquia-para-mejorar-el-aspecto-del-menton\/"},"modified":"2025-12-12T12:34:10","modified_gmt":"2025-12-12T11:34:10","slug":"genioplastia-turquia","status":"publish","type":"page","link":"https:\/\/www.polycliniqueplus.com\/es\/genioplastia-turquia\/","title":{"rendered":"Genioplastia Turqu\u00eda: para mejorar el aspecto del ment\u00f3n"},"content":{"rendered":"<div data-elementor-type=\"wp-page\" data-elementor-id=\"8127\" class=\"elementor elementor-8127 elementor-41\" data-elementor-settings=\"{&quot;ha_cmc_init_switcher&quot;:&quot;no&quot;}\">\n\t\t\t\t\t\t<section class=\"elementor-section elementor-top-section elementor-element elementor-element-158ddcd elementor-section-content-middle elementor-section-boxed elementor-section-height-default elementor-section-height-default\" data-id=\"158ddcd\" data-element_type=\"section\" data-settings=\"{&quot;background_background&quot;:&quot;classic&quot;,&quot;_ha_eqh_enable&quot;:false}\">\n\t\t\t\t\t\t<div class=\"elementor-container elementor-column-gap-default\">\n\t\t\t\t\t<div class=\"elementor-column elementor-col-50 elementor-top-column elementor-element elementor-element-41a3d81\" data-id=\"41a3d81\" data-element_type=\"column\">\n\t\t\t<div class=\"elementor-widget-wrap elementor-element-populated\">\n\t\t\t\t\t\t<div class=\"elementor-element elementor-element-9be2455 elementor-widget elementor-widget-text-editor\" data-id=\"9be2455\" data-element_type=\"widget\" data-widget_type=\"text-editor.default\">\n\t\t\t\t<div class=\"elementor-widget-container\">\n\t\t\t\t\t\t\t<p> <strong>La genioplastia<\/strong> es una intervenci\u00f3n de <strong>cirug\u00eda est\u00e9tica facial<\/strong> que consiste en remodelar el ment\u00f3n para armonizarlo con el resto de la cara.<br>El ment\u00f3n es una zona que forma parte del tercio inferior de la cara y es el elemento que armoniza la est\u00e9tica del rostro. La <strong>cirug\u00eda est\u00e9tica del ment\u00f3n<\/strong> tiene como objetivo mejorar el perfil de la cara y recrear el equilibrio de las diferentes estructuras, como la nariz y la frente.<\/p>\n\t\t\t\t\t\t<\/div>\n\t\t\t\t<\/div>\n\t\t\t\t<div class=\"elementor-element elementor-element-647937b elementor-widget elementor-widget-text-editor\" data-id=\"647937b\" data-element_type=\"widget\" data-widget_type=\"text-editor.default\">\n\t\t\t\t<div class=\"elementor-widget-container\">\n\t\t\t\t\t\t\tUn <strong>ment\u00f3n retra\u00eddo<\/strong> o un <strong>ment\u00f3n protuberante<\/strong>, algunas deformidades se deben a un crecimiento \u00f3seo insuficiente en el ment\u00f3n. Pueden repararse mediante cirug\u00eda y <strong>t\u00e9cnicas de mentoplastia<\/strong>.\n\nLos pacientes sometidos a <strong>genioplastia<\/strong> deben cumplir uno de los siguientes criterios:\n<ul class=\"liste-page\">\n \t<li>Aspecto demasiado discreto o borrado del ment\u00f3n.<\/li>\n \t<li>Tener la barbilla prominente<\/li>\n \t<li>Ment\u00f3n permeable o demasiado adelantado<\/li>\n \t<li>Exceso de grasa en la barbilla<\/li>\n<\/ul>\n<h2>Precio de la cirug\u00eda de ment\u00f3n<\/h2>\nPara obtener m\u00e1s informaci\u00f3n sobre la <strong>cirug\u00eda est\u00e9tica de ment\u00f3n<\/strong> y los precios en Turqu\u00eda, solicite un presupuesto personalizado de genioplastia.\t\t\t\t\t\t<\/div>\n\t\t\t\t<\/div>\n\t\t\t\t\t<\/div>\n\t\t<\/div>\n\t\t\t\t<div class=\"elementor-column elementor-col-50 elementor-top-column elementor-element elementor-element-601f1e6\" data-id=\"601f1e6\" data-element_type=\"column\">\n\t\t\t<div class=\"elementor-widget-wrap elementor-element-populated\">\n\t\t\t\t\t\t<div class=\"elementor-element elementor-element-3b35583 elementor-widget elementor-widget-image\" data-id=\"3b35583\" data-element_type=\"widget\" data-widget_type=\"image.default\">\n\t\t\t\t<div class=\"elementor-widget-container\">\n\t\t\t\t\t\t\t\t\t\t<figure class=\"wp-caption\">\n\t\t\t\t\t\t\t\t\t\t<noscript><img fetchpriority=\"high\" decoding=\"async\" width=\"574\" height=\"586\" src=\"https:\/\/www.polycliniqueplus.com\/wp-content\/uploads\/2021\/03\/anomalie_menton.jpg\" class=\"attachment-large size-large wp-image-7463\" alt srcset=\"https:\/\/www.polycliniqueplus.com\/wp-content\/uploads\/2021\/03\/anomalie_menton.jpg 574w, https:\/\/www.polycliniqueplus.com\/wp-content\/uploads\/2021\/03\/anomalie_menton-294x300.jpg 294w\" sizes=\"(max-width: 574px) 100vw, 574px\"><\/noscript><img fetchpriority=\"high\" decoding=\"async\" width=\"574\" height=\"586\" src=\"data:image\/svg+xml,%3Csvg%20xmlns%3D%22http%3A%2F%2Fwww.w3.org%2F2000%2Fsvg%22%20viewBox%3D%220%200%20574%20586%22%3E%3C%2Fsvg%3E\" class=\"attachment-large size-large wp-image-7463 lazyload\" alt srcset=\"data:image\/svg+xml,%3Csvg%20xmlns%3D%22http%3A%2F%2Fwww.w3.org%2F2000%2Fsvg%22%20viewBox%3D%220%200%20574%20586%22%3E%3C%2Fsvg%3E 574w\" sizes=\"(max-width: 574px) 100vw, 574px\" data-srcset=\"https:\/\/www.polycliniqueplus.com\/wp-content\/uploads\/2021\/03\/anomalie_menton.jpg 574w, https:\/\/www.polycliniqueplus.com\/wp-content\/uploads\/2021\/03\/anomalie_menton-294x300.jpg 294w\" data-src=\"https:\/\/www.polycliniqueplus.com\/wp-content\/uploads\/2021\/03\/anomalie_menton.jpg\">\t\t\t\t\t\t\t\t\t\t\t<figcaption class=\"widget-image-caption wp-caption-text\">Formes d\u2019anomalies du menton<\/figcaption>\n\t\t\t\t\t\t\t\t\t\t<\/figure>\n\t\t\t\t\t\t\t<\/div>\n\t\t\t\t<\/div>\n\t\t\t\t\t<\/div>\n\t\t<\/div>\n\t\t\t\t\t<\/div>\n\t\t<\/section>\n\t\t\t\t<section class=\"elementor-section elementor-top-section elementor-element elementor-element-b0e1171 elementor-section-boxed elementor-section-height-default elementor-section-height-default\" data-id=\"b0e1171\" data-element_type=\"section\" data-settings=\"{&quot;_ha_eqh_enable&quot;:false}\">\n\t\t\t\t\t\t<div class=\"elementor-container elementor-column-gap-default\">\n\t\t\t\t\t<div class=\"elementor-column elementor-col-100 elementor-top-column elementor-element elementor-element-55fcd97\" data-id=\"55fcd97\" data-element_type=\"column\">\n\t\t\t<div class=\"elementor-widget-wrap elementor-element-populated\">\n\t\t\t\t\t\t<div class=\"elementor-element elementor-element-1d0137f elementor-widget elementor-widget-text-editor\" data-id=\"1d0137f\" data-element_type=\"widget\" data-widget_type=\"text-editor.default\">\n\t\t\t\t<div class=\"elementor-widget-container\">\n\t\t\t\t\t\t\t<h2>T\u00e9cnicas quir\u00fargicas utilizadas en la mentoplastia<\/h2>\nExisten tres t\u00e9cnicas dise\u00f1adas para mejorar el aspecto del ment\u00f3n:\n<ul class=\"liste-page\">\n \t<li><strong>Progenie<\/strong>: es la genioplastia que corresponde a un ment\u00f3n protuberante y adelantado.<\/li>\n \t<li><strong>Retroginia<\/strong>: corresponde a un ment\u00f3n retra\u00eddo, casi borrado.<\/li>\n \t<li><strong>Liposucci\u00f3n<\/strong>: es <a href=\"https:\/\/www.polycliniqueplus.com\/es\/liposuccion-turquia\/\">el procedimiento que permite corregir la papada<\/a>.<\/li>\n<\/ul>\n<h3>\u00bfEl candidato adecuado para una mentoplastia?<\/h3>\nLos candidatos deben gozar de buena salud, no padecer enfermedades activas ni afecciones m\u00e9dicas graves, y tener expectativas realistas sobre el resultado de la intervenci\u00f3n.\n\nPuede que no sea candidato a la cirug\u00eda si fuma, ha dejado de fumar recientemente o est\u00e1 expuesto al humo de tabaco ajeno. El tabaquismo primario y secundario disminuye el flujo sangu\u00edneo a los tejidos corporales. Esto puede provocar cicatrizaci\u00f3n, p\u00e9rdida de piel, infecci\u00f3n, aumento de las cicatrices y otras complicaciones seg\u00fan el tipo de <strong>procedimiento de genioplastia<\/strong>.\t\t\t\t\t\t<\/div>\n\t\t\t\t<\/div>\n\t\t\t\t\t<\/div>\n\t\t<\/div>\n\t\t\t\t\t<\/div>\n\t\t<\/section>\n\t\t\t\t<section class=\"elementor-section elementor-top-section elementor-element elementor-element-e34c6d7 elementor-section-boxed elementor-section-height-default elementor-section-height-default\" data-id=\"e34c6d7\" data-element_type=\"section\" data-settings=\"{&quot;_ha_eqh_enable&quot;:false}\">\n\t\t\t\t\t\t<div class=\"elementor-container elementor-column-gap-default\">\n\t\t\t\t\t<div class=\"elementor-column elementor-col-100 elementor-top-column elementor-element elementor-element-29401028\" data-id=\"29401028\" data-element_type=\"column\">\n\t\t\t<div class=\"elementor-widget-wrap elementor-element-populated\">\n\t\t\t\t\t\t<div class=\"elementor-element elementor-element-202dd8c0 elementor-widget elementor-widget-text-editor\" data-id=\"202dd8c0\" data-element_type=\"widget\" data-widget_type=\"text-editor.default\">\n\t\t\t\t<div class=\"elementor-widget-container\">\n\t\t\t\t\t\t\t<h2>Desarrollo de la intervenci\u00f3n<\/h2>\nLa remodelaci\u00f3n del ment\u00f3n puede lograrse utilizando <strong>un implante de ment\u00f3n<\/strong> o <strong>reposicionando el hueso que lo sostiene<\/strong>. Existen varios tipos de implantes, hechos de diversos materiales, como silicona, etc.\n\n\t\t\t\t\t\t<\/div>\n\t\t\t\t<\/div>\n\t\t\t\t<div class=\"elementor-element elementor-element-2e331be elementor-widget elementor-widget-text-editor\" data-id=\"2e331be\" data-element_type=\"widget\" data-widget_type=\"text-editor.default\">\n\t\t\t\t<div class=\"elementor-widget-container\">\n\t\t\t\t\t\t\tNo hay pruebas de que <a href=\"https:\/\/www.polycliniqueplus.com\/es\/aumento-pecho-turquia\/\">los implantes de gel de silicona<\/a> causen ninguna enfermedad. <a href=\"https:\/\/www.polycliniqueplus.com\/es\/cirujanos\/\">Su cirujano<\/a> consultar\u00e1 con usted y le recomendar\u00e1 <a href=\"https:\/\/www.polycliniqueplus.com\/es\/intervenciones-cirugia-estetica-turquia\/\">el tipo de implante que debe utilizar<\/a>.\t\t\t\t\t\t<\/div>\n\t\t\t\t<\/div>\n\t\t\t\t<div class=\"elementor-element elementor-element-cf5cb12 elementor-widget elementor-widget-text-editor\" data-id=\"cf5cb12\" data-element_type=\"widget\" data-widget_type=\"text-editor.default\">\n\t\t\t\t<div class=\"elementor-widget-container\">\n\t\t\t\t\t\t\tDurante la intervenci\u00f3n, se realiza una incisi\u00f3n en el interior del labio inferior o bajo el ment\u00f3n, se reposiciona el ment\u00f3n o se coloca un implante a trav\u00e9s de esta incisi\u00f3n.\n\n\t\t\t\t\t\t<\/div>\n\t\t\t\t<\/div>\n\t\t\t\t<div class=\"elementor-element elementor-element-ea93477 elementor-widget elementor-widget-text-editor\" data-id=\"ea93477\" data-element_type=\"widget\" data-widget_type=\"text-editor.default\">\n\t\t\t\t<div class=\"elementor-widget-container\">\n\t\t\t\t\t\t\tPermanecer\u00e1 c\u00f3modo durante la intervenci\u00f3n. En la mayor\u00eda de los casos, se utiliza <strong>anestesia general<\/strong> para que duerma durante la operaci\u00f3n.\t\t\t\t\t\t<\/div>\n\t\t\t\t<\/div>\n\t\t\t\t\t<\/div>\n\t\t<\/div>\n\t\t\t\t\t<\/div>\n\t\t<\/section>\n\t\t\t\t<section class=\"elementor-section elementor-top-section elementor-element elementor-element-32cf13a elementor-section-boxed elementor-section-height-default elementor-section-height-default\" data-id=\"32cf13a\" data-element_type=\"section\" data-settings=\"{&quot;background_background&quot;:&quot;classic&quot;,&quot;_ha_eqh_enable&quot;:false}\">\n\t\t\t\t\t\t<div class=\"elementor-container elementor-column-gap-default\">\n\t\t\t\t\t<div class=\"elementor-column elementor-col-100 elementor-top-column elementor-element elementor-element-440c5b1\" data-id=\"440c5b1\" data-element_type=\"column\">\n\t\t\t<div class=\"elementor-widget-wrap elementor-element-populated\">\n\t\t\t\t\t\t<div class=\"elementor-element elementor-element-eccdf33 elementor-widget elementor-widget-heading\" data-id=\"eccdf33\" data-element_type=\"widget\" data-widget_type=\"heading.default\">\n\t\t\t\t<div class=\"elementor-widget-container\">\n\t\t\t<h4 class=\"elementor-heading-title elementor-size-default\">PRESUPUESTO EN L\u00cdNEA R\u00c1PIDO Y 100% GRATUITO<\/h4>\t\t<\/div>\n\t\t\t\t<\/div>\n\t\t\t\t<div class=\"elementor-element elementor-element-6571c68 elementor-align-center elementor-widget elementor-widget-button\" data-id=\"6571c68\" data-element_type=\"widget\" data-widget_type=\"button.default\">\n\t\t\t\t<div class=\"elementor-widget-container\">\n\t\t\t\t\t<div class=\"elementor-button-wrapper\">\n\t\t\t<a class=\"elementor-button elementor-button-link elementor-size-sm\" href=\"https:\/\/www.polycliniqueplus.com\/es\/presupuesto\/\">\n\t\t\t\t\t\t<span class=\"elementor-button-content-wrapper\">\n\t\t\t\t\t\t<span class=\"elementor-button-icon\">\n\t\t\t\t<i aria-hidden=\"true\" class=\"fas fa-arrow-right\"><\/i>\t\t\t<\/span>\n\t\t\t\t\t\t\t\t\t<span class=\"elementor-button-text\">Genioplastia Turqu\u00eda estimaci\u00f3n<\/span>\n\t\t\t\t\t<\/span>\n\t\t\t\t\t<\/a>\n\t\t<\/div>\n\t\t\t\t<\/div>\n\t\t\t\t<\/div>\n\t\t\t\t\t<\/div>\n\t\t<\/div>\n\t\t\t\t\t<\/div>\n\t\t<\/section>\n\t\t\t\t<section class=\"elementor-section elementor-top-section elementor-element elementor-element-f2e48f6 elementor-section-boxed elementor-section-height-default elementor-section-height-default\" data-id=\"f2e48f6\" data-element_type=\"section\" data-settings=\"{&quot;_ha_eqh_enable&quot;:false}\">\n\t\t\t\t\t\t<div class=\"elementor-container elementor-column-gap-default\">\n\t\t\t\t\t<div class=\"elementor-column elementor-col-66 elementor-top-column elementor-element elementor-element-238b744\" data-id=\"238b744\" data-element_type=\"column\">\n\t\t\t<div class=\"elementor-widget-wrap elementor-element-populated\">\n\t\t\t\t\t\t<div class=\"elementor-element elementor-element-521dc54 elementor-widget elementor-widget-text-editor\" data-id=\"521dc54\" data-element_type=\"widget\" data-widget_type=\"text-editor.default\">\n\t\t\t\t<div class=\"elementor-widget-container\">\n\t\t\t\t\t\t\t<h2>Resultados y recuperaci\u00f3n<\/h2>\nDespu\u00e9s de someterse a <a href=\"https:\/\/www.polycliniqueplus.com\/es\/\">una<\/a> genioplastia en una de nuestras cl\u00ednicas asociadas, notar\u00e1 una mejora significativa y cambios agradables en el aspecto de su cara y su figura.\n\n\t\t\t\t\t\t<\/div>\n\t\t\t\t<\/div>\n\t\t\t\t<div class=\"elementor-element elementor-element-b10e224 elementor-widget elementor-widget-text-editor\" data-id=\"b10e224\" data-element_type=\"widget\" data-widget_type=\"text-editor.default\">\n\t\t\t\t<div class=\"elementor-widget-container\">\n\t\t\t\t\t\t\tLa estancia hospitalaria tras una <strong>genioplastia<\/strong> es de 24 horas.\n\n\t\t\t\t\t\t<\/div>\n\t\t\t\t<\/div>\n\t\t\t\t<div class=\"elementor-element elementor-element-cbab75e elementor-widget elementor-widget-text-editor\" data-id=\"cbab75e\" data-element_type=\"widget\" data-widget_type=\"text-editor.default\">\n\t\t\t\t<div class=\"elementor-widget-container\">\n\t\t\t\t\t\t\tTras la intervenci\u00f3n, el paciente notar\u00e1 un edema facial que ir\u00e1 disminuyendo progresivamente con el tratamiento adecuado prescrito por el cirujano.\n\nUna semana despu\u00e9s de la operaci\u00f3n, el paciente puede volver al trabajo.\t\t\t\t\t\t<\/div>\n\t\t\t\t<\/div>\n\t\t\t\t\t<\/div>\n\t\t<\/div>\n\t\t\t\t<div class=\"elementor-column elementor-col-33 elementor-top-column elementor-element elementor-element-40f612e\" data-id=\"40f612e\" data-element_type=\"column\">\n\t\t\t<div class=\"elementor-widget-wrap elementor-element-populated\">\n\t\t\t\t\t\t<div class=\"elementor-element elementor-element-3f2bc98 elementor-widget elementor-widget-text-editor\" data-id=\"3f2bc98\" data-element_type=\"widget\" data-widget_type=\"text-editor.default\">\n\t\t\t\t<div class=\"elementor-widget-container\">\n\t\t\t\t\t\t\t<noscript><img decoding=\"async\" class=\"size-full wp-image-567\" title=\"cirug\u00eda est\u00e9tica ment\u00f3n\" src=\"https:\/\/www.polycliniqueplus.com\/wp-content\/uploads\/2017\/06\/chirurgie-esthetique-menton-turquie.jpg\" alt=\"Genioplastia Turqu\u00eda cirug\u00eda est\u00e9tica ment\u00f3n\" width=\"600\" height=\"306\" srcset=\"https:\/\/www.polycliniqueplus.com\/wp-content\/uploads\/2017\/06\/chirurgie-esthetique-menton-turquie.jpg 600w, https:\/\/www.polycliniqueplus.com\/wp-content\/uploads\/2017\/06\/chirurgie-esthetique-menton-turquie-300x153.jpg 300w\" sizes=\"(max-width: 600px) 100vw, 600px\"><\/noscript><img decoding=\"async\" class=\"size-full wp-image-567 lazyload\" title=\"cirug\u00eda est\u00e9tica ment\u00f3n\" src=\"data:image\/svg+xml,%3Csvg%20xmlns%3D%22http%3A%2F%2Fwww.w3.org%2F2000%2Fsvg%22%20viewBox%3D%220%200%20600%20306%22%3E%3C%2Fsvg%3E\" alt=\"Genioplastia Turqu\u00eda cirug\u00eda est\u00e9tica ment\u00f3n\" width=\"600\" height=\"306\" data-src=\"https:\/\/www.polycliniqueplus.com\/wp-content\/uploads\/2017\/06\/chirurgie-esthetique-menton-turquie.jpg\"> <center>Resultado de la cirug\u00eda pl\u00e1stica de ment\u00f3n<\/center>\t\t\t\t\t\t<\/div>\n\t\t\t\t<\/div>\n\t\t\t\t\t<\/div>\n\t\t<\/div>\n\t\t\t\t\t<\/div>\n\t\t<\/section>\n\t\t\t\t<section class=\"elementor-section elementor-top-section elementor-element elementor-element-b9af2ca elementor-section-boxed elementor-section-height-default elementor-section-height-default\" data-id=\"b9af2ca\" data-element_type=\"section\" data-settings=\"{&quot;_ha_eqh_enable&quot;:false}\">\n\t\t\t\t\t\t<div class=\"elementor-container elementor-column-gap-default\">\n\t\t\t\t\t<div class=\"elementor-column elementor-col-100 elementor-top-column elementor-element elementor-element-9c4ebde\" data-id=\"9c4ebde\" data-element_type=\"column\">\n\t\t\t<div class=\"elementor-widget-wrap elementor-element-populated\">\n\t\t\t\t\t\t<div class=\"elementor-element elementor-element-f0364b0 elementor-widget elementor-widget-text-editor\" data-id=\"f0364b0\" data-element_type=\"widget\" data-widget_type=\"text-editor.default\">\n\t\t\t\t<div class=\"elementor-widget-container\">\n\t\t\t\t\t\t\t\n\nEs muy importante que siga las instrucciones de su cirujano. Esto favorecer\u00e1 la cicatrizaci\u00f3n y mejorar\u00e1 el progreso hacia su nuevo aspecto f\u00edsico. Adem\u00e1s, es importante que acuda a todas las citas peri\u00f3dicas de seguimiento para que su cirujano pueda evaluar sus resultados a largo plazo y responder a cualquier pregunta o duda que pueda tener.\t\t\t\t\t\t<\/div>\n\t\t\t\t<\/div>\n\t\t\t\t\t<\/div>\n\t\t<\/div>\n\t\t\t\t\t<\/div>\n\t\t<\/section>\n\t\t\t\t<\/div>\n\t\t","protected":false},"excerpt":{"rendered":"<p>La genioplastia es una intervenci\u00f3n de cirug\u00eda est\u00e9tica facial que consiste en remodelar el ment\u00f3n para armonizarlo con el resto de la cara.El ment\u00f3n es una zona que forma parte del tercio inferior de la cara y es el elemento que armoniza la est\u00e9tica del rostro. La cirug\u00eda est\u00e9tica del ment\u00f3n tiene como objetivo mejorar [&hellip;]<\/p>\n","protected":false},"author":1,"featured_media":7221,"parent":0,"menu_order":0,"comment_status":"closed","ping_status":"closed","template":"","meta":{"footnotes":""},"class_list":["post-8127","page","type-page","status-publish","has-post-thumbnail","hentry"],"yoast_head":"<!-- This site is optimized with the Yoast SEO plugin v27.3 - https:\/\/yoast.com\/product\/yoast-seo-wordpress\/ -->\n<title>Genioplastia Turqu\u00eda : cirug\u00eda est\u00e9tica del ment\u00f3n<\/title>\n<meta name=\"description\" content=\"Genioplastia Turqu\u00eda: cirug\u00eda est\u00e9tica para corregir el ment\u00f3n curvado o retra\u00eddo y redefinir la armon\u00eda del rostro. Solicite un presupuesto gratuito.\" \/>\n<meta name=\"robots\" content=\"index, follow, max-snippet:-1, max-image-preview:large, max-video-preview:-1\" \/>\n<link rel=\"canonical\" href=\"https:\/\/www.polycliniqueplus.com\/es\/genioplastia-turquia\/\" \/>\n<meta property=\"og:locale\" content=\"es_ES\" \/>\n<meta property=\"og:type\" content=\"article\" \/>\n<meta property=\"og:title\" content=\"Genioplastia Turqu\u00eda : cirug\u00eda est\u00e9tica del ment\u00f3n\" \/>\n<meta property=\"og:description\" content=\"Genioplastia Turqu\u00eda: cirug\u00eda est\u00e9tica para corregir el ment\u00f3n curvado o retra\u00eddo y redefinir la armon\u00eda del rostro. Solicite un presupuesto gratuito.\" \/>\n<meta property=\"og:url\" content=\"https:\/\/www.polycliniqueplus.com\/es\/genioplastia-turquia\/\" \/>\n<meta property=\"og:site_name\" content=\"Chirurgie esthetique Turquie : Prix interventions meilleures cliniques Istanbul\" \/>\n<meta property=\"article:publisher\" content=\"https:\/\/www.facebook.com\/polycliniqueplus\" \/>\n<meta property=\"article:modified_time\" content=\"2025-12-12T11:34:10+00:00\" \/>\n<meta property=\"og:image\" content=\"https:\/\/www.polycliniqueplus.com\/wp-content\/uploads\/2017\/06\/anomalie-menton.jpg\" \/>\n\t<meta property=\"og:image:width\" content=\"234\" \/>\n\t<meta property=\"og:image:height\" content=\"216\" \/>\n\t<meta property=\"og:image:type\" content=\"image\/jpeg\" \/>\n<meta name=\"twitter:card\" content=\"summary_large_image\" \/>\n<meta name=\"twitter:site\" content=\"@polyclinique1\" \/>\n<meta name=\"twitter:label1\" content=\"Tiempo de lectura\" \/>\n\t<meta name=\"twitter:data1\" content=\"3 minutos\" \/>\n<script type=\"application\/ld+json\" class=\"yoast-schema-graph\">{\"@context\":\"https:\\\/\\\/schema.org\",\"@graph\":[{\"@type\":\"WebPage\",\"@id\":\"https:\\\/\\\/www.polycliniqueplus.com\\\/es\\\/genioplastia-turquia\\\/\",\"url\":\"https:\\\/\\\/www.polycliniqueplus.com\\\/es\\\/genioplastia-turquia\\\/\",\"name\":\"Genioplastia Turqu\u00eda : cirug\u00eda est\u00e9tica del ment\u00f3n\",\"isPartOf\":{\"@id\":\"https:\\\/\\\/www.polycliniqueplus.com\\\/es\\\/#website\"},\"primaryImageOfPage\":{\"@id\":\"https:\\\/\\\/www.polycliniqueplus.com\\\/es\\\/genioplastia-turquia\\\/#primaryimage\"},\"image\":{\"@id\":\"https:\\\/\\\/www.polycliniqueplus.com\\\/es\\\/genioplastia-turquia\\\/#primaryimage\"},\"thumbnailUrl\":\"https:\\\/\\\/www.polycliniqueplus.com\\\/wp-content\\\/uploads\\\/2017\\\/06\\\/anomalie-menton.jpg\",\"datePublished\":\"2017-06-18T16:54:06+00:00\",\"dateModified\":\"2025-12-12T11:34:10+00:00\",\"description\":\"Genioplastia Turqu\u00eda: cirug\u00eda est\u00e9tica para corregir el ment\u00f3n curvado o retra\u00eddo y redefinir la armon\u00eda del rostro. Solicite un presupuesto gratuito.\",\"breadcrumb\":{\"@id\":\"https:\\\/\\\/www.polycliniqueplus.com\\\/es\\\/genioplastia-turquia\\\/#breadcrumb\"},\"inLanguage\":\"es\",\"potentialAction\":[{\"@type\":\"ReadAction\",\"target\":[\"https:\\\/\\\/www.polycliniqueplus.com\\\/es\\\/genioplastia-turquia\\\/\"]}]},{\"@type\":\"ImageObject\",\"inLanguage\":\"es\",\"@id\":\"https:\\\/\\\/www.polycliniqueplus.com\\\/es\\\/genioplastia-turquia\\\/#primaryimage\",\"url\":\"https:\\\/\\\/www.polycliniqueplus.com\\\/wp-content\\\/uploads\\\/2017\\\/06\\\/anomalie-menton.jpg\",\"contentUrl\":\"https:\\\/\\\/www.polycliniqueplus.com\\\/wp-content\\\/uploads\\\/2017\\\/06\\\/anomalie-menton.jpg\",\"width\":234,\"height\":216,\"caption\":\"Formes d'anomalie du menton\"},{\"@type\":\"BreadcrumbList\",\"@id\":\"https:\\\/\\\/www.polycliniqueplus.com\\\/es\\\/genioplastia-turquia\\\/#breadcrumb\",\"itemListElement\":[{\"@type\":\"ListItem\",\"position\":1,\"name\":\"Accueil\",\"item\":\"https:\\\/\\\/www.polycliniqueplus.com\\\/es\\\/\"},{\"@type\":\"ListItem\",\"position\":2,\"name\":\"Genioplastia Turqu\u00eda: para mejorar el aspecto del ment\u00f3n\"}]},{\"@type\":\"WebSite\",\"@id\":\"https:\\\/\\\/www.polycliniqueplus.com\\\/es\\\/#website\",\"url\":\"https:\\\/\\\/www.polycliniqueplus.com\\\/es\\\/\",\"name\":\"Chirurgie esthetique Turquie : Prix interventions meilleures cliniques Istanbul\",\"description\":\"Chirurgie esthetique Turquie prix pas cher\",\"publisher\":{\"@id\":\"https:\\\/\\\/www.polycliniqueplus.com\\\/es\\\/#organization\"},\"potentialAction\":[{\"@type\":\"SearchAction\",\"target\":{\"@type\":\"EntryPoint\",\"urlTemplate\":\"https:\\\/\\\/www.polycliniqueplus.com\\\/es\\\/?s={search_term_string}\"},\"query-input\":{\"@type\":\"PropertyValueSpecification\",\"valueRequired\":true,\"valueName\":\"search_term_string\"}}],\"inLanguage\":\"es\"},{\"@type\":\"Organization\",\"@id\":\"https:\\\/\\\/www.polycliniqueplus.com\\\/es\\\/#organization\",\"name\":\"Polycliniqueplus chirurgie esthetique Turquie\",\"url\":\"https:\\\/\\\/www.polycliniqueplus.com\\\/es\\\/\",\"logo\":{\"@type\":\"ImageObject\",\"inLanguage\":\"es\",\"@id\":\"https:\\\/\\\/www.polycliniqueplus.com\\\/es\\\/#\\\/schema\\\/logo\\\/image\\\/\",\"url\":\"https:\\\/\\\/www.polycliniqueplus.com\\\/wp-content\\\/uploads\\\/2021\\\/03\\\/cropped-add-box-fill.png\",\"contentUrl\":\"https:\\\/\\\/www.polycliniqueplus.com\\\/wp-content\\\/uploads\\\/2021\\\/03\\\/cropped-add-box-fill.png\",\"width\":512,\"height\":512,\"caption\":\"Polycliniqueplus chirurgie esthetique Turquie\"},\"image\":{\"@id\":\"https:\\\/\\\/www.polycliniqueplus.com\\\/es\\\/#\\\/schema\\\/logo\\\/image\\\/\"},\"sameAs\":[\"https:\\\/\\\/www.facebook.com\\\/polycliniqueplus\",\"https:\\\/\\\/x.com\\\/polyclinique1\",\"https:\\\/\\\/www.youtube.com\\\/channel\\\/UCAnK3TORJqflIuYGFa-JQDw\"]}]}<\/script>\n<!-- \/ Yoast SEO plugin. -->","yoast_head_json":{"title":"Genioplastia Turqu\u00eda : cirug\u00eda est\u00e9tica del ment\u00f3n","description":"Genioplastia Turqu\u00eda: cirug\u00eda est\u00e9tica para corregir el ment\u00f3n curvado o retra\u00eddo y redefinir la armon\u00eda del rostro. Solicite un presupuesto gratuito.","robots":{"index":"index","follow":"follow","max-snippet":"max-snippet:-1","max-image-preview":"max-image-preview:large","max-video-preview":"max-video-preview:-1"},"canonical":"https:\/\/www.polycliniqueplus.com\/es\/genioplastia-turquia\/","og_locale":"es_ES","og_type":"article","og_title":"Genioplastia Turqu\u00eda : cirug\u00eda est\u00e9tica del ment\u00f3n","og_description":"Genioplastia Turqu\u00eda: cirug\u00eda est\u00e9tica para corregir el ment\u00f3n curvado o retra\u00eddo y redefinir la armon\u00eda del rostro. Solicite un presupuesto gratuito.","og_url":"https:\/\/www.polycliniqueplus.com\/es\/genioplastia-turquia\/","og_site_name":"Chirurgie esthetique Turquie : Prix interventions meilleures cliniques Istanbul","article_publisher":"https:\/\/www.facebook.com\/polycliniqueplus","article_modified_time":"2025-12-12T11:34:10+00:00","og_image":[{"width":234,"height":216,"url":"https:\/\/www.polycliniqueplus.com\/wp-content\/uploads\/2017\/06\/anomalie-menton.jpg","type":"image\/jpeg"}],"twitter_card":"summary_large_image","twitter_site":"@polyclinique1","twitter_misc":{"Tiempo de lectura":"3 minutos"},"schema":{"@context":"https:\/\/schema.org","@graph":[{"@type":"WebPage","@id":"https:\/\/www.polycliniqueplus.com\/es\/genioplastia-turquia\/","url":"https:\/\/www.polycliniqueplus.com\/es\/genioplastia-turquia\/","name":"Genioplastia Turqu\u00eda : cirug\u00eda est\u00e9tica del ment\u00f3n","isPartOf":{"@id":"https:\/\/www.polycliniqueplus.com\/es\/#website"},"primaryImageOfPage":{"@id":"https:\/\/www.polycliniqueplus.com\/es\/genioplastia-turquia\/#primaryimage"},"image":{"@id":"https:\/\/www.polycliniqueplus.com\/es\/genioplastia-turquia\/#primaryimage"},"thumbnailUrl":"https:\/\/www.polycliniqueplus.com\/wp-content\/uploads\/2017\/06\/anomalie-menton.jpg","datePublished":"2017-06-18T16:54:06+00:00","dateModified":"2025-12-12T11:34:10+00:00","description":"Genioplastia Turqu\u00eda: cirug\u00eda est\u00e9tica para corregir el ment\u00f3n curvado o retra\u00eddo y redefinir la armon\u00eda del rostro. Solicite un presupuesto gratuito.","breadcrumb":{"@id":"https:\/\/www.polycliniqueplus.com\/es\/genioplastia-turquia\/#breadcrumb"},"inLanguage":"es","potentialAction":[{"@type":"ReadAction","target":["https:\/\/www.polycliniqueplus.com\/es\/genioplastia-turquia\/"]}]},{"@type":"ImageObject","inLanguage":"es","@id":"https:\/\/www.polycliniqueplus.com\/es\/genioplastia-turquia\/#primaryimage","url":"https:\/\/www.polycliniqueplus.com\/wp-content\/uploads\/2017\/06\/anomalie-menton.jpg","contentUrl":"https:\/\/www.polycliniqueplus.com\/wp-content\/uploads\/2017\/06\/anomalie-menton.jpg","width":234,"height":216,"caption":"Formes d'anomalie du menton"},{"@type":"BreadcrumbList","@id":"https:\/\/www.polycliniqueplus.com\/es\/genioplastia-turquia\/#breadcrumb","itemListElement":[{"@type":"ListItem","position":1,"name":"Accueil","item":"https:\/\/www.polycliniqueplus.com\/es\/"},{"@type":"ListItem","position":2,"name":"Genioplastia Turqu\u00eda: para mejorar el aspecto del ment\u00f3n"}]},{"@type":"WebSite","@id":"https:\/\/www.polycliniqueplus.com\/es\/#website","url":"https:\/\/www.polycliniqueplus.com\/es\/","name":"Chirurgie esthetique Turquie : Prix interventions meilleures cliniques Istanbul","description":"Chirurgie esthetique Turquie prix pas cher","publisher":{"@id":"https:\/\/www.polycliniqueplus.com\/es\/#organization"},"potentialAction":[{"@type":"SearchAction","target":{"@type":"EntryPoint","urlTemplate":"https:\/\/www.polycliniqueplus.com\/es\/?s={search_term_string}"},"query-input":{"@type":"PropertyValueSpecification","valueRequired":true,"valueName":"search_term_string"}}],"inLanguage":"es"},{"@type":"Organization","@id":"https:\/\/www.polycliniqueplus.com\/es\/#organization","name":"Polycliniqueplus chirurgie esthetique Turquie","url":"https:\/\/www.polycliniqueplus.com\/es\/","logo":{"@type":"ImageObject","inLanguage":"es","@id":"https:\/\/www.polycliniqueplus.com\/es\/#\/schema\/logo\/image\/","url":"https:\/\/www.polycliniqueplus.com\/wp-content\/uploads\/2021\/03\/cropped-add-box-fill.png","contentUrl":"https:\/\/www.polycliniqueplus.com\/wp-content\/uploads\/2021\/03\/cropped-add-box-fill.png","width":512,"height":512,"caption":"Polycliniqueplus chirurgie esthetique Turquie"},"image":{"@id":"https:\/\/www.polycliniqueplus.com\/es\/#\/schema\/logo\/image\/"},"sameAs":["https:\/\/www.facebook.com\/polycliniqueplus","https:\/\/x.com\/polyclinique1","https:\/\/www.youtube.com\/channel\/UCAnK3TORJqflIuYGFa-JQDw"]}]}},"_links":{"self":[{"href":"https:\/\/www.polycliniqueplus.com\/es\/wp-json\/wp\/v2\/pages\/8127","targetHints":{"allow":["GET"]}}],"collection":[{"href":"https:\/\/www.polycliniqueplus.com\/es\/wp-json\/wp\/v2\/pages"}],"about":[{"href":"https:\/\/www.polycliniqueplus.com\/es\/wp-json\/wp\/v2\/types\/page"}],"author":[{"embeddable":true,"href":"https:\/\/www.polycliniqueplus.com\/es\/wp-json\/wp\/v2\/users\/1"}],"replies":[{"embeddable":true,"href":"https:\/\/www.polycliniqueplus.com\/es\/wp-json\/wp\/v2\/comments?post=8127"}],"version-history":[{"count":22,"href":"https:\/\/www.polycliniqueplus.com\/es\/wp-json\/wp\/v2\/pages\/8127\/revisions"}],"predecessor-version":[{"id":32886,"href":"https:\/\/www.polycliniqueplus.com\/es\/wp-json\/wp\/v2\/pages\/8127\/revisions\/32886"}],"wp:featuredmedia":[{"embeddable":true,"href":"https:\/\/www.polycliniqueplus.com\/es\/wp-json\/wp\/v2\/media\/7221"}],"wp:attachment":[{"href":"https:\/\/www.polycliniqueplus.com\/es\/wp-json\/wp\/v2\/media?parent=8127"}],"curies":[{"name":"wp","href":"https:\/\/api.w.org\/{rel}","templated":true}]}}