{"id":8107,"date":"2021-07-13T15:59:27","date_gmt":"2021-07-13T13:59:27","guid":{"rendered":"https:\/\/www.polycliniqueplus.com\/como-remodelar-el-ovalo-facial-tecnicas-medicas-menos-invasivas-y-baratas\/"},"modified":"2025-12-12T12:31:34","modified_gmt":"2025-12-12T11:31:34","slug":"remodelar-el-ovalo-facial-turquie","status":"publish","type":"page","link":"https:\/\/www.polycliniqueplus.com\/es\/remodelar-el-ovalo-facial-turquie\/","title":{"rendered":"C\u00f3mo remodelar el \u00f3valo facial: t\u00e9cnicas m\u00e9dicas menos invasivas y baratas"},"content":{"rendered":"\t\t<div data-elementor-type=\"wp-page\" data-elementor-id=\"8107\" class=\"elementor elementor-8107 elementor-6670\" data-elementor-settings=\"{&quot;ha_cmc_init_switcher&quot;:&quot;no&quot;}\">\n\t\t\t\t\t\t<section class=\"elementor-section elementor-top-section elementor-element elementor-element-85552a2 elementor-section-boxed elementor-section-height-default elementor-section-height-default\" data-id=\"85552a2\" data-element_type=\"section\" data-settings=\"{&quot;_ha_eqh_enable&quot;:false}\">\n\t\t\t\t\t\t<div class=\"elementor-container elementor-column-gap-default\">\n\t\t\t\t\t<div class=\"elementor-column elementor-col-100 elementor-top-column elementor-element elementor-element-d2d719a\" data-id=\"d2d719a\" data-element_type=\"column\">\n\t\t\t<div class=\"elementor-widget-wrap elementor-element-populated\">\n\t\t\t\t\t\t<div class=\"elementor-element elementor-element-38b153a elementor-widget elementor-widget-text-editor\" data-id=\"38b153a\" data-element_type=\"widget\" data-widget_type=\"text-editor.default\">\n\t\t\t\t<div class=\"elementor-widget-container\">\n\t\t\t\t\t\t\tEl <b>proceso de envejecimiento de la piel<\/b> comienza ya a los 25 a\u00f1os, especialmente con las <b>arrugas de la frente y las patas de gallo<\/b>. A partir de los 30 a\u00f1os, algunos dermat\u00f3logos recomiendan la <b>gimnasia facial <\/b>para evitar el reblandecimiento de los tejidos.\n\n\t\t\t\t\t\t<\/div>\n\t\t\t\t<\/div>\n\t\t\t\t<div class=\"elementor-element elementor-element-9a860a3 elementor-widget elementor-widget-text-editor\" data-id=\"9a860a3\" data-element_type=\"widget\" data-widget_type=\"text-editor.default\">\n\t\t\t\t<div class=\"elementor-widget-container\">\n\t\t\t\t\t\t\tDespu\u00e9s, alrededor de los 40 a\u00f1os, el<b>\u00f3valo de la cara tiende a descender<\/b>. Los contornos se vuelven menos n\u00edtidos, aparecen las mejillas inferiores, separadas del ment\u00f3n por una depresi\u00f3n.\n\n\t\t\t\t\t\t<\/div>\n\t\t\t\t<\/div>\n\t\t\t\t<div class=\"elementor-element elementor-element-51372fe elementor-widget elementor-widget-text-editor\" data-id=\"51372fe\" data-element_type=\"widget\" data-widget_type=\"text-editor.default\">\n\t\t\t\t<div class=\"elementor-widget-container\">\n\t\t\t\t\t\t\tMuchas mujeres buscan una <b>soluci\u00f3n para redise\u00f1ar, remodelar, reafirmar o tensar su \u00f3valo fl\u00e1cido<\/b>.\n\n\t\t\t\t\t\t<\/div>\n\t\t\t\t<\/div>\n\t\t\t\t<div class=\"elementor-element elementor-element-3f66fbc elementor-widget elementor-widget-text-editor\" data-id=\"3f66fbc\" data-element_type=\"widget\" data-widget_type=\"text-editor.default\">\n\t\t\t\t<div class=\"elementor-widget-container\">\n\t\t\t\t\t\t\tDependiendo de la edad y del estadio de la laxitud cut\u00e1nea, existen distintos tratamientos que ofrecen excelentes resultados.\t\t\t\t\t\t<\/div>\n\t\t\t\t<\/div>\n\t\t\t\t\t<\/div>\n\t\t<\/div>\n\t\t\t\t\t<\/div>\n\t\t<\/section>\n\t\t\t\t<section class=\"elementor-section elementor-top-section elementor-element elementor-element-826e847 elementor-section-boxed elementor-section-height-default elementor-section-height-default\" data-id=\"826e847\" data-element_type=\"section\" data-settings=\"{&quot;_ha_eqh_enable&quot;:false}\">\n\t\t\t\t\t\t<div class=\"elementor-container elementor-column-gap-default\">\n\t\t\t\t\t<div class=\"elementor-column elementor-col-100 elementor-top-column elementor-element elementor-element-8fb8f26\" data-id=\"8fb8f26\" data-element_type=\"column\">\n\t\t\t<div class=\"elementor-widget-wrap elementor-element-populated\">\n\t\t\t\t\t\t<div class=\"elementor-element elementor-element-ba10bcf elementor-widget elementor-widget-text-editor\" data-id=\"ba10bcf\" data-element_type=\"widget\" data-widget_type=\"text-editor.default\">\n\t\t\t\t<div class=\"elementor-widget-container\">\n\t\t\t\t\t\t\t<h2>\u00bfQu\u00e9 soluci\u00f3n elegir para tener un rostro ovalado bien definido?<\/h2>\n<h3>\u00c1cido hialur\u00f3nico: remodelar el \u00f3valo facial sin cirug\u00eda<\/h3>\n<b>El \u00e1cido hialur\u00f3nico<\/b> es una sustancia que existe de forma natural en el organismo para <b>mantener la hidrataci\u00f3n de la piel<\/b>, ya que tiene la propiedad de retener grandes cantidades de agua. Por desgracia, disminuye con la edad, por lo que la piel se descuelga y aparecen arrugas y huecos.\n\n\t\t\t\t\t\t<\/div>\n\t\t\t\t<\/div>\n\t\t\t\t<div class=\"elementor-element elementor-element-c266350 elementor-widget elementor-widget-text-editor\" data-id=\"c266350\" data-element_type=\"widget\" data-widget_type=\"text-editor.default\">\n\t\t\t\t<div class=\"elementor-widget-container\">\n\t\t\t\t\t\t\tEn<a href=\"https:\/\/www.polycliniqueplus.com\/es\/acido-hialuronico-turquia-inyecciones\/\"> <b>inyecciones de \u00e1cido hialur\u00f3nico<\/b><\/a> son pr\u00e1cticamente indoloras, pero es posible que la intervenci\u00f3n se realice con anestesia local, en funci\u00f3n de la sensibilidad del paciente, ya sea con una pomada anest\u00e9sica aplicada sobre la piel o con una inyecci\u00f3n anest\u00e9sica, como en el dentista.\n\n\t\t\t\t\t\t<\/div>\n\t\t\t\t<\/div>\n\t\t\t\t<div class=\"elementor-element elementor-element-e01c03f elementor-widget elementor-widget-text-editor\" data-id=\"e01c03f\" data-element_type=\"widget\" data-widget_type=\"text-editor.default\">\n\t\t\t\t<div class=\"elementor-widget-container\">\n\t\t\t\t\t\t\tA continuaci\u00f3n, en funci\u00f3n de la densidad del producto y del efecto deseado, el m\u00e9dico utilizar\u00e1 agujas de peque\u00f1o di\u00e1metro de diferentes tama\u00f1os o c\u00e1nulas con extremos redondeados. El producto se inyectar\u00e1 para remodelar el \u00f3valo.\n\n\t\t\t\t\t\t<\/div>\n\t\t\t\t<\/div>\n\t\t\t\t<div class=\"elementor-element elementor-element-1ee83a8 elementor-widget elementor-widget-text-editor\" data-id=\"1ee83a8\" data-element_type=\"widget\" data-widget_type=\"text-editor.default\">\n\t\t\t\t<div class=\"elementor-widget-container\">\n\t\t\t\t\t\t\tEl resultado ser\u00e1 inmediato y mejorar\u00e1 en los d\u00edas siguientes gracias a la naturaleza hidr\u00f3fila del \u00e1cido hialur\u00f3nico (que retiene el agua).\n\nEl \u00f3valo se redise\u00f1ar\u00e1 y el efecto, dependiendo del producto elegido, durar\u00e1 entre 12 y 18 meses.\n\nPueden aparecer hematomas poco frecuentes, pero desaparecen r\u00e1pidamente.\t\t\t\t\t\t<\/div>\n\t\t\t\t<\/div>\n\t\t\t\t\t<\/div>\n\t\t<\/div>\n\t\t\t\t\t<\/div>\n\t\t<\/section>\n\t\t\t\t<section class=\"elementor-section elementor-top-section elementor-element elementor-element-1c03bb4 elementor-section-boxed elementor-section-height-default elementor-section-height-default\" data-id=\"1c03bb4\" data-element_type=\"section\" data-settings=\"{&quot;_ha_eqh_enable&quot;:false}\">\n\t\t\t\t\t\t<div class=\"elementor-container elementor-column-gap-default\">\n\t\t\t\t\t<div class=\"elementor-column elementor-col-100 elementor-top-column elementor-element elementor-element-d9a3c68\" data-id=\"d9a3c68\" data-element_type=\"column\">\n\t\t\t<div class=\"elementor-widget-wrap elementor-element-populated\">\n\t\t\t\t\t\t<div class=\"elementor-element elementor-element-63f437e elementor-widget elementor-widget-text-editor\" data-id=\"63f437e\" data-element_type=\"widget\" data-widget_type=\"text-editor.default\">\n\t\t\t\t<div class=\"elementor-widget-container\">\n\t\t\t\t\t\t\t<h3>Rellenos tisulares: remodelar el \u00f3valo facial<\/h3>\nComercializados con los nombres de \u00abRadiesse\u00ae\u00bb, \u00abSculptra\u00ae\u00bb o \u00abElanc\u00e9\u00bb, entre otros, los inductores tisulares son productos inyectables totalmente biodegradables compuestos por un inductor tisular y un gel excipiente.\n\n\t\t\t\t\t\t<\/div>\n\t\t\t\t<\/div>\n\t\t\t\t<div class=\"elementor-element elementor-element-8f0fafb elementor-widget elementor-widget-text-editor\" data-id=\"8f0fafb\" data-element_type=\"widget\" data-widget_type=\"text-editor.default\">\n\t\t\t\t<div class=\"elementor-widget-container\">\n\t\t\t\t\t\t\tMuy utilizados en <a href=\"https:\/\/www.polycliniqueplus.com\/es\/\">cirug\u00eda est\u00e9tica<\/a>, sirven para <b>remodelar el contorno del rostro<\/b>. Una vez inyectados, pueden modelarse para <strong>recrear el volumen<\/strong>, <strong>armonizar las curvas<\/strong> y <strong>remodelar el \u00f3valo facial<\/strong>.\n\n\t\t\t\t\t\t<\/div>\n\t\t\t\t<\/div>\n\t\t\t\t<div class=\"elementor-element elementor-element-1f89a0d elementor-widget elementor-widget-text-editor\" data-id=\"1f89a0d\" data-element_type=\"widget\" data-widget_type=\"text-editor.default\">\n\t\t\t\t<div class=\"elementor-widget-container\">\n\t\t\t\t\t\t\tEl objetivo es lograr un <a href=\"https:\/\/www.polycliniqueplus.com\/es\/botox-turquia\/\">\n<strong>efecto de llenado r\u00e1pido<\/strong>\n<\/a> El objetivo es conseguir un efecto de relleno r\u00e1pido a trav\u00e9s del gel y, a continuaci\u00f3n, la reacci\u00f3n de inducci\u00f3n tisular mediante la estimulaci\u00f3n de los fibroblastos que producir\u00e1n col\u00e1geno. Por lo tanto, se produce un verdadero aumento de la dermis profunda y del tejido blando subcut\u00e1neo de la regi\u00f3n oval del rostro, y una verdadera restauraci\u00f3n de la parte inferior del rostro. Tambi\u00e9n se aprieta el \u00f3valo.\n\n\t\t\t\t\t\t<\/div>\n\t\t\t\t<\/div>\n\t\t\t\t<div class=\"elementor-element elementor-element-617747a elementor-widget elementor-widget-text-editor\" data-id=\"617747a\" data-element_type=\"widget\" data-widget_type=\"text-editor.default\">\n\t\t\t\t<div class=\"elementor-widget-container\">\n\t\t\t\t\t\t\tLas zonas a tratar se inyectan con una aguja fina o una c\u00e1nula de espuma y, a continuaci\u00f3n, el producto se masajea inmediatamente, molde\u00e1ndose sobre el rostro, para que se fije firmemente. El resultado es inmediato, pero ser\u00e1 \u00f3ptimo si las inyecciones se repiten cada mes durante 3 meses hasta alcanzar el resultado esperado. Los resultados pueden durar hasta 2 a\u00f1os.\t\t\t\t\t\t<\/div>\n\t\t\t\t<\/div>\n\t\t\t\t\t<\/div>\n\t\t<\/div>\n\t\t\t\t\t<\/div>\n\t\t<\/section>\n\t\t\t\t<section class=\"elementor-section elementor-top-section elementor-element elementor-element-023387d elementor-section-boxed elementor-section-height-default elementor-section-height-default\" data-id=\"023387d\" data-element_type=\"section\" data-settings=\"{&quot;background_background&quot;:&quot;classic&quot;,&quot;_ha_eqh_enable&quot;:false}\">\n\t\t\t\t\t\t<div class=\"elementor-container elementor-column-gap-default\">\n\t\t\t\t\t<div class=\"elementor-column elementor-col-100 elementor-top-column elementor-element elementor-element-4c0ee63\" data-id=\"4c0ee63\" data-element_type=\"column\">\n\t\t\t<div class=\"elementor-widget-wrap elementor-element-populated\">\n\t\t\t\t\t\t<div class=\"elementor-element elementor-element-320422f elementor-widget elementor-widget-heading\" data-id=\"320422f\" data-element_type=\"widget\" data-widget_type=\"heading.default\">\n\t\t\t\t<div class=\"elementor-widget-container\">\n\t\t\t<h4 class=\"elementor-heading-title elementor-size-default\">PRESUPUESTO EN L\u00cdNEA R\u00c1PIDO Y 100% GRATUITO<\/h4>\t\t<\/div>\n\t\t\t\t<\/div>\n\t\t\t\t<div class=\"elementor-element elementor-element-1d7e4ac elementor-widget elementor-widget-text-editor\" data-id=\"1d7e4ac\" data-element_type=\"widget\" data-widget_type=\"text-editor.default\">\n\t\t\t\t<div class=\"elementor-widget-container\">\n\t\t\t\t\t\t\tDescuentos en cirug\u00eda est\u00e9tica Para beneficiarse de \u00e9l, es sencillo, pregunte a\nsu presupuesto GRATUITO y gane nuestro sorteo mensual.\t\t\t\t\t\t<\/div>\n\t\t\t\t<\/div>\n\t\t\t\t<div class=\"elementor-element elementor-element-52a042f elementor-align-center elementor-widget elementor-widget-button\" data-id=\"52a042f\" data-element_type=\"widget\" data-widget_type=\"button.default\">\n\t\t\t\t<div class=\"elementor-widget-container\">\n\t\t\t\t\t<div class=\"elementor-button-wrapper\">\n\t\t\t<a class=\"elementor-button elementor-button-link elementor-size-sm\" href=\"https:\/\/www.polycliniqueplus.com\/es\/presupuesto\/\">\n\t\t\t\t\t\t<span class=\"elementor-button-content-wrapper\">\n\t\t\t\t\t\t<span class=\"elementor-button-icon\">\n\t\t\t\t<i aria-hidden=\"true\" class=\"fas fa-arrow-right\"><\/i>\t\t\t<\/span>\n\t\t\t\t\t\t\t\t\t<span class=\"elementor-button-text\">Presupuesto gratuito<\/span>\n\t\t\t\t\t<\/span>\n\t\t\t\t\t<\/a>\n\t\t<\/div>\n\t\t\t\t<\/div>\n\t\t\t\t<\/div>\n\t\t\t\t\t<\/div>\n\t\t<\/div>\n\t\t\t\t\t<\/div>\n\t\t<\/section>\n\t\t\t\t<section class=\"elementor-section elementor-top-section elementor-element elementor-element-43ba00e elementor-section-boxed elementor-section-height-default elementor-section-height-default\" data-id=\"43ba00e\" data-element_type=\"section\" data-settings=\"{&quot;_ha_eqh_enable&quot;:false}\">\n\t\t\t\t\t\t<div class=\"elementor-container elementor-column-gap-default\">\n\t\t\t\t\t<div class=\"elementor-column elementor-col-100 elementor-top-column elementor-element elementor-element-0277b24\" data-id=\"0277b24\" data-element_type=\"column\">\n\t\t\t<div class=\"elementor-widget-wrap elementor-element-populated\">\n\t\t\t\t\t\t<div class=\"elementor-element elementor-element-e1c29bf elementor-widget elementor-widget-text-editor\" data-id=\"e1c29bf\" data-element_type=\"widget\" data-widget_type=\"text-editor.default\">\n\t\t\t\t<div class=\"elementor-widget-container\">\n\t\t\t\t\t\t\t<h3>El minilifting facial<\/h3>\nLas inyecciones de \u00e1cido hialur\u00f3nico, hidroxiapatita y radiofrecuencia dan buenos resultados, pero tienen sus l\u00edmites cuando la piel est\u00e1 demasiado fl\u00e1cida. Adem\u00e1s, demasiadas inyecciones pueden dar lugar a una expresi\u00f3n facial ligeramente agrandada.\n\n\t\t\t\t\t\t<\/div>\n\t\t\t\t<\/div>\n\t\t\t\t<div class=\"elementor-element elementor-element-533a33f elementor-widget elementor-widget-text-editor\" data-id=\"533a33f\" data-element_type=\"widget\" data-widget_type=\"text-editor.default\">\n\t\t\t\t<div class=\"elementor-widget-container\">\n\t\t\t\t\t\t\tA partir de los 50 a\u00f1os, a veces es necesario combinar un gesto <b>tensor<\/b> para conservar la suavidad de la parte inferior del rostro y su aspecto ligeramente triangular. Este procedimiento permitir\u00e1 corregir el problema de una sola vez: es el minilifting <b><a href=\"https:\/\/www.polycliniqueplus.com\/es\/lifting-cervical-turquia\/\">ovalado<\/a> o el minilifting facial inferior<\/b>.\n\nLa operaci\u00f3n se realiza en una <strong>cl\u00ednica<\/strong>, bajo anestesia local y sedaci\u00f3n ligera.\n\n\t\t\t\t\t\t<\/div>\n\t\t\t\t<\/div>\n\t\t\t\t<div class=\"elementor-element elementor-element-1c8f05e elementor-widget elementor-widget-text-editor\" data-id=\"1c8f05e\" data-element_type=\"widget\" data-widget_type=\"text-editor.default\">\n\t\t\t\t<div class=\"elementor-widget-container\">\n\t\t\t\t\t\t\tGracias a una incisi\u00f3n perfectamente disimulada alrededor de la oreja, la piel se levanta unos cent\u00edmetros. Se tensan y suturan los m\u00fasculos y la piel. A continuaci\u00f3n, se elimina el exceso de piel, con resultados inmediatos: el<b>\u00f3valo facial se tensa<\/b>, el \u00e1ngulo mandibular queda bien definido.\n\n\t\t\t\t\t\t<\/div>\n\t\t\t\t<\/div>\n\t\t\t\t<div class=\"elementor-element elementor-element-f09511c elementor-widget elementor-widget-text-editor\" data-id=\"f09511c\" data-element_type=\"widget\" data-widget_type=\"text-editor.default\">\n\t\t\t\t<div class=\"elementor-widget-container\">\n\t\t\t\t\t\t\tTras la intervenci\u00f3n, se produce una ligera hinchaz\u00f3n y hematomas que desaparecen entre 3 y 15 d\u00edas dependiendo del estado de salud del paciente, edad, tabaquismo, exposici\u00f3n al sol, etc.\n\n\t\t\t\t\t\t<\/div>\n\t\t\t\t<\/div>\n\t\t\t\t<div class=\"elementor-element elementor-element-97485ca elementor-widget elementor-widget-text-editor\" data-id=\"97485ca\" data-element_type=\"widget\" data-widget_type=\"text-editor.default\">\n\t\t\t\t<div class=\"elementor-widget-container\">\n\t\t\t\t\t\t\tEl resultado es visible de inmediato, ya que la piel y los m\u00fasculos se tensan quir\u00fargicamente. El resultado puede durar entre 5 y 10 a\u00f1os.\t\t\t\t\t\t<\/div>\n\t\t\t\t<\/div>\n\t\t\t\t\t<\/div>\n\t\t<\/div>\n\t\t\t\t\t<\/div>\n\t\t<\/section>\n\t\t\t\t<\/div>\n\t\t","protected":false},"excerpt":{"rendered":"<p>El proceso de envejecimiento de la piel comienza ya a los 25 a\u00f1os, especialmente con las arrugas de la frente y las patas de gallo. A partir de los 30 a\u00f1os, algunos dermat\u00f3logos recomiendan la gimnasia facial para evitar el reblandecimiento de los tejidos. Despu\u00e9s, alrededor de los 40 a\u00f1os, el\u00f3valo de la cara tiende [&hellip;]<\/p>\n","protected":false},"author":1,"featured_media":0,"parent":0,"menu_order":0,"comment_status":"closed","ping_status":"closed","template":"","meta":{"footnotes":""},"class_list":["post-8107","page","type-page","status-publish","hentry"],"yoast_head":"<!-- This site is optimized with the Yoast SEO plugin v27.3 - https:\/\/yoast.com\/product\/yoast-seo-wordpress\/ -->\n<title>Reafirmar y remodelar el \u00f3valo facial con t\u00e9cnicas m\u00ednimamente invasivas<\/title>\n<meta name=\"description\" content=\"Remodelar el \u00f3valo facial: todas las t\u00e9cnicas m\u00e9dicas y m\u00ednimamente invasivas para reafirmar y remodelar el \u00f3valo facial y el cuello precio barato Turqu\u00eda.\" \/>\n<meta name=\"robots\" content=\"index, follow, max-snippet:-1, max-image-preview:large, max-video-preview:-1\" \/>\n<link rel=\"canonical\" href=\"https:\/\/www.polycliniqueplus.com\/es\/remodelar-el-ovalo-facial-turquie\/\" \/>\n<meta property=\"og:locale\" content=\"es_ES\" \/>\n<meta property=\"og:type\" content=\"article\" \/>\n<meta property=\"og:title\" content=\"Reafirmar y remodelar el \u00f3valo facial con t\u00e9cnicas m\u00ednimamente invasivas\" \/>\n<meta property=\"og:description\" content=\"Remodelar el \u00f3valo facial: todas las t\u00e9cnicas m\u00e9dicas y m\u00ednimamente invasivas para reafirmar y remodelar el \u00f3valo facial y el cuello precio barato Turqu\u00eda.\" \/>\n<meta property=\"og:url\" content=\"https:\/\/www.polycliniqueplus.com\/es\/remodelar-el-ovalo-facial-turquie\/\" \/>\n<meta property=\"og:site_name\" content=\"Chirurgie esthetique Turquie : Prix interventions meilleures cliniques Istanbul\" \/>\n<meta property=\"article:publisher\" content=\"https:\/\/www.facebook.com\/polycliniqueplus\" \/>\n<meta property=\"article:modified_time\" content=\"2025-12-12T11:31:34+00:00\" \/>\n<meta property=\"og:image\" content=\"https:\/\/www.polycliniqueplus.com\/wp-content\/uploads\/2021\/02\/interventions-de-chirurgie-plastique.jpg\" \/>\n\t<meta property=\"og:image:width\" content=\"574\" \/>\n\t<meta property=\"og:image:height\" content=\"586\" \/>\n\t<meta property=\"og:image:type\" content=\"image\/jpeg\" \/>\n<meta name=\"twitter:card\" content=\"summary_large_image\" \/>\n<meta name=\"twitter:site\" content=\"@polyclinique1\" \/>\n<meta name=\"twitter:label1\" content=\"Tiempo de lectura\" \/>\n\t<meta name=\"twitter:data1\" content=\"4 minutos\" \/>\n<script type=\"application\/ld+json\" class=\"yoast-schema-graph\">{\"@context\":\"https:\\\/\\\/schema.org\",\"@graph\":[{\"@type\":\"WebPage\",\"@id\":\"https:\\\/\\\/www.polycliniqueplus.com\\\/es\\\/remodelar-el-ovalo-facial-turquie\\\/\",\"url\":\"https:\\\/\\\/www.polycliniqueplus.com\\\/es\\\/remodelar-el-ovalo-facial-turquie\\\/\",\"name\":\"Reafirmar y remodelar el \u00f3valo facial con t\u00e9cnicas m\u00ednimamente invasivas\",\"isPartOf\":{\"@id\":\"https:\\\/\\\/www.polycliniqueplus.com\\\/es\\\/#website\"},\"datePublished\":\"2021-07-13T13:59:27+00:00\",\"dateModified\":\"2025-12-12T11:31:34+00:00\",\"description\":\"Remodelar el \u00f3valo facial: todas las t\u00e9cnicas m\u00e9dicas y m\u00ednimamente invasivas para reafirmar y remodelar el \u00f3valo facial y el cuello precio barato Turqu\u00eda.\",\"breadcrumb\":{\"@id\":\"https:\\\/\\\/www.polycliniqueplus.com\\\/es\\\/remodelar-el-ovalo-facial-turquie\\\/#breadcrumb\"},\"inLanguage\":\"es\",\"potentialAction\":[{\"@type\":\"ReadAction\",\"target\":[\"https:\\\/\\\/www.polycliniqueplus.com\\\/es\\\/remodelar-el-ovalo-facial-turquie\\\/\"]}]},{\"@type\":\"BreadcrumbList\",\"@id\":\"https:\\\/\\\/www.polycliniqueplus.com\\\/es\\\/remodelar-el-ovalo-facial-turquie\\\/#breadcrumb\",\"itemListElement\":[{\"@type\":\"ListItem\",\"position\":1,\"name\":\"Accueil\",\"item\":\"https:\\\/\\\/www.polycliniqueplus.com\\\/es\\\/\"},{\"@type\":\"ListItem\",\"position\":2,\"name\":\"C\u00f3mo remodelar el \u00f3valo facial: t\u00e9cnicas m\u00e9dicas menos invasivas y baratas\"}]},{\"@type\":\"WebSite\",\"@id\":\"https:\\\/\\\/www.polycliniqueplus.com\\\/es\\\/#website\",\"url\":\"https:\\\/\\\/www.polycliniqueplus.com\\\/es\\\/\",\"name\":\"Chirurgie esthetique Turquie : Prix interventions meilleures cliniques Istanbul\",\"description\":\"Chirurgie esthetique Turquie prix pas cher\",\"publisher\":{\"@id\":\"https:\\\/\\\/www.polycliniqueplus.com\\\/es\\\/#organization\"},\"potentialAction\":[{\"@type\":\"SearchAction\",\"target\":{\"@type\":\"EntryPoint\",\"urlTemplate\":\"https:\\\/\\\/www.polycliniqueplus.com\\\/es\\\/?s={search_term_string}\"},\"query-input\":{\"@type\":\"PropertyValueSpecification\",\"valueRequired\":true,\"valueName\":\"search_term_string\"}}],\"inLanguage\":\"es\"},{\"@type\":\"Organization\",\"@id\":\"https:\\\/\\\/www.polycliniqueplus.com\\\/es\\\/#organization\",\"name\":\"Polycliniqueplus chirurgie esthetique Turquie\",\"url\":\"https:\\\/\\\/www.polycliniqueplus.com\\\/es\\\/\",\"logo\":{\"@type\":\"ImageObject\",\"inLanguage\":\"es\",\"@id\":\"https:\\\/\\\/www.polycliniqueplus.com\\\/es\\\/#\\\/schema\\\/logo\\\/image\\\/\",\"url\":\"https:\\\/\\\/www.polycliniqueplus.com\\\/wp-content\\\/uploads\\\/2021\\\/03\\\/cropped-add-box-fill.png\",\"contentUrl\":\"https:\\\/\\\/www.polycliniqueplus.com\\\/wp-content\\\/uploads\\\/2021\\\/03\\\/cropped-add-box-fill.png\",\"width\":512,\"height\":512,\"caption\":\"Polycliniqueplus chirurgie esthetique Turquie\"},\"image\":{\"@id\":\"https:\\\/\\\/www.polycliniqueplus.com\\\/es\\\/#\\\/schema\\\/logo\\\/image\\\/\"},\"sameAs\":[\"https:\\\/\\\/www.facebook.com\\\/polycliniqueplus\",\"https:\\\/\\\/x.com\\\/polyclinique1\",\"https:\\\/\\\/www.youtube.com\\\/channel\\\/UCAnK3TORJqflIuYGFa-JQDw\"]}]}<\/script>\n<!-- \/ Yoast SEO plugin. -->","yoast_head_json":{"title":"Reafirmar y remodelar el \u00f3valo facial con t\u00e9cnicas m\u00ednimamente invasivas","description":"Remodelar el \u00f3valo facial: todas las t\u00e9cnicas m\u00e9dicas y m\u00ednimamente invasivas para reafirmar y remodelar el \u00f3valo facial y el cuello precio barato Turqu\u00eda.","robots":{"index":"index","follow":"follow","max-snippet":"max-snippet:-1","max-image-preview":"max-image-preview:large","max-video-preview":"max-video-preview:-1"},"canonical":"https:\/\/www.polycliniqueplus.com\/es\/remodelar-el-ovalo-facial-turquie\/","og_locale":"es_ES","og_type":"article","og_title":"Reafirmar y remodelar el \u00f3valo facial con t\u00e9cnicas m\u00ednimamente invasivas","og_description":"Remodelar el \u00f3valo facial: todas las t\u00e9cnicas m\u00e9dicas y m\u00ednimamente invasivas para reafirmar y remodelar el \u00f3valo facial y el cuello precio barato Turqu\u00eda.","og_url":"https:\/\/www.polycliniqueplus.com\/es\/remodelar-el-ovalo-facial-turquie\/","og_site_name":"Chirurgie esthetique Turquie : Prix interventions meilleures cliniques Istanbul","article_publisher":"https:\/\/www.facebook.com\/polycliniqueplus","article_modified_time":"2025-12-12T11:31:34+00:00","og_image":[{"width":574,"height":586,"url":"https:\/\/www.polycliniqueplus.com\/wp-content\/uploads\/2021\/02\/interventions-de-chirurgie-plastique.jpg","type":"image\/jpeg"}],"twitter_card":"summary_large_image","twitter_site":"@polyclinique1","twitter_misc":{"Tiempo de lectura":"4 minutos"},"schema":{"@context":"https:\/\/schema.org","@graph":[{"@type":"WebPage","@id":"https:\/\/www.polycliniqueplus.com\/es\/remodelar-el-ovalo-facial-turquie\/","url":"https:\/\/www.polycliniqueplus.com\/es\/remodelar-el-ovalo-facial-turquie\/","name":"Reafirmar y remodelar el \u00f3valo facial con t\u00e9cnicas m\u00ednimamente invasivas","isPartOf":{"@id":"https:\/\/www.polycliniqueplus.com\/es\/#website"},"datePublished":"2021-07-13T13:59:27+00:00","dateModified":"2025-12-12T11:31:34+00:00","description":"Remodelar el \u00f3valo facial: todas las t\u00e9cnicas m\u00e9dicas y m\u00ednimamente invasivas para reafirmar y remodelar el \u00f3valo facial y el cuello precio barato Turqu\u00eda.","breadcrumb":{"@id":"https:\/\/www.polycliniqueplus.com\/es\/remodelar-el-ovalo-facial-turquie\/#breadcrumb"},"inLanguage":"es","potentialAction":[{"@type":"ReadAction","target":["https:\/\/www.polycliniqueplus.com\/es\/remodelar-el-ovalo-facial-turquie\/"]}]},{"@type":"BreadcrumbList","@id":"https:\/\/www.polycliniqueplus.com\/es\/remodelar-el-ovalo-facial-turquie\/#breadcrumb","itemListElement":[{"@type":"ListItem","position":1,"name":"Accueil","item":"https:\/\/www.polycliniqueplus.com\/es\/"},{"@type":"ListItem","position":2,"name":"C\u00f3mo remodelar el \u00f3valo facial: t\u00e9cnicas m\u00e9dicas menos invasivas y baratas"}]},{"@type":"WebSite","@id":"https:\/\/www.polycliniqueplus.com\/es\/#website","url":"https:\/\/www.polycliniqueplus.com\/es\/","name":"Chirurgie esthetique Turquie : Prix interventions meilleures cliniques Istanbul","description":"Chirurgie esthetique Turquie prix pas cher","publisher":{"@id":"https:\/\/www.polycliniqueplus.com\/es\/#organization"},"potentialAction":[{"@type":"SearchAction","target":{"@type":"EntryPoint","urlTemplate":"https:\/\/www.polycliniqueplus.com\/es\/?s={search_term_string}"},"query-input":{"@type":"PropertyValueSpecification","valueRequired":true,"valueName":"search_term_string"}}],"inLanguage":"es"},{"@type":"Organization","@id":"https:\/\/www.polycliniqueplus.com\/es\/#organization","name":"Polycliniqueplus chirurgie esthetique Turquie","url":"https:\/\/www.polycliniqueplus.com\/es\/","logo":{"@type":"ImageObject","inLanguage":"es","@id":"https:\/\/www.polycliniqueplus.com\/es\/#\/schema\/logo\/image\/","url":"https:\/\/www.polycliniqueplus.com\/wp-content\/uploads\/2021\/03\/cropped-add-box-fill.png","contentUrl":"https:\/\/www.polycliniqueplus.com\/wp-content\/uploads\/2021\/03\/cropped-add-box-fill.png","width":512,"height":512,"caption":"Polycliniqueplus chirurgie esthetique Turquie"},"image":{"@id":"https:\/\/www.polycliniqueplus.com\/es\/#\/schema\/logo\/image\/"},"sameAs":["https:\/\/www.facebook.com\/polycliniqueplus","https:\/\/x.com\/polyclinique1","https:\/\/www.youtube.com\/channel\/UCAnK3TORJqflIuYGFa-JQDw"]}]}},"_links":{"self":[{"href":"https:\/\/www.polycliniqueplus.com\/es\/wp-json\/wp\/v2\/pages\/8107","targetHints":{"allow":["GET"]}}],"collection":[{"href":"https:\/\/www.polycliniqueplus.com\/es\/wp-json\/wp\/v2\/pages"}],"about":[{"href":"https:\/\/www.polycliniqueplus.com\/es\/wp-json\/wp\/v2\/types\/page"}],"author":[{"embeddable":true,"href":"https:\/\/www.polycliniqueplus.com\/es\/wp-json\/wp\/v2\/users\/1"}],"replies":[{"embeddable":true,"href":"https:\/\/www.polycliniqueplus.com\/es\/wp-json\/wp\/v2\/comments?post=8107"}],"version-history":[{"count":17,"href":"https:\/\/www.polycliniqueplus.com\/es\/wp-json\/wp\/v2\/pages\/8107\/revisions"}],"predecessor-version":[{"id":32855,"href":"https:\/\/www.polycliniqueplus.com\/es\/wp-json\/wp\/v2\/pages\/8107\/revisions\/32855"}],"wp:attachment":[{"href":"https:\/\/www.polycliniqueplus.com\/es\/wp-json\/wp\/v2\/media?parent=8107"}],"curies":[{"name":"wp","href":"https:\/\/api.w.org\/{rel}","templated":true}]}}