{"id":7908,"date":"2017-06-18T19:29:26","date_gmt":"2017-06-18T17:29:26","guid":{"rendered":"https:\/\/www.polycliniqueplus.com\/trasplante-capilar-turquia-fue-dhi-trasplante-capilar-hasta-5000-injertos-estambul\/"},"modified":"2025-12-12T12:43:35","modified_gmt":"2025-12-12T11:43:35","slug":"trasplante-capilar-turquia","status":"publish","type":"page","link":"https:\/\/www.polycliniqueplus.com\/es\/trasplante-capilar-turquia\/","title":{"rendered":"Trasplante capilar Turqu\u00eda : FUE DHI trasplante capilar hasta 5000 injertos Estambul"},"content":{"rendered":"<div data-elementor-type=\"wp-page\" data-elementor-id=\"7908\" class=\"elementor elementor-7908 elementor-88\" data-elementor-settings=\"{&quot;ha_cmc_init_switcher&quot;:&quot;no&quot;}\">\n\t\t\t\t\t\t<section class=\"elementor-section elementor-top-section elementor-element elementor-element-2c2beeb elementor-section-content-middle elementor-section-boxed elementor-section-height-default elementor-section-height-default\" data-id=\"2c2beeb\" data-element_type=\"section\" data-settings=\"{&quot;_ha_eqh_enable&quot;:false}\">\n\t\t\t\t\t\t<div class=\"elementor-container elementor-column-gap-default\">\n\t\t\t\t\t<div class=\"elementor-column elementor-col-50 elementor-top-column elementor-element elementor-element-7580179\" data-id=\"7580179\" data-element_type=\"column\">\n\t\t\t<div class=\"elementor-widget-wrap elementor-element-populated\">\n\t\t\t\t\t\t<div class=\"elementor-element elementor-element-1eaa6d3 elementor-widget elementor-widget-text-editor\" data-id=\"1eaa6d3\" data-element_type=\"widget\" data-widget_type=\"text-editor.default\">\n\t\t\t\t<div class=\"elementor-widget-container\">\n\t\t\t\t\t\t\tA medida que envejecemos, el cabello puede debilitarse y caerse, pero tambi\u00e9n puede deberse a otros problemas, como un problema de salud o un traumatismo en el cuero cabelludo. Quienes sufren una p\u00e9rdida grave de cabello pueden recuperarlo, por motivos est\u00e9ticos o reconstructivos, mediante la cirug\u00eda de <b>trasplante capilar en Turqu\u00eda<\/b>.\n\t\t\t\t\t\t<\/div>\n\t\t\t\t<\/div>\n\t\t\t\t<div class=\"elementor-element elementor-element-4a734d9 elementor-widget elementor-widget-text-editor\" data-id=\"4a734d9\" data-element_type=\"widget\" data-widget_type=\"text-editor.default\">\n\t\t\t\t<div class=\"elementor-widget-container\">\n\t\t\t\t\t\t\t<h2>\u00bfQu\u00e9 es el trasplante capilar de Turqu\u00eda?<\/h2>\nLa ca\u00edda del cabello puede deberse a una calvicie de patr\u00f3n masculino (tambi\u00e9n conocida como alopecia androgen\u00e9tica), una inflamaci\u00f3n o una lesi\u00f3n del cuero cabelludo. Las lesiones por quemaduras, escaldaduras, intervenciones quir\u00fargicas o accidentes de tr\u00e1fico pueden dejar ciertas zonas de la cabeza permanentemente vac\u00edas. Pero gracias al trasplante capilar de Turqu\u00eda, pueden volver a tener pelo.\n\n\t\t\t\t\t\t<\/div>\n\t\t\t\t<\/div>\n\t\t\t\t\t<\/div>\n\t\t<\/div>\n\t\t\t\t<div class=\"elementor-column elementor-col-50 elementor-top-column elementor-element elementor-element-91e389b\" data-id=\"91e389b\" data-element_type=\"column\">\n\t\t\t<div class=\"elementor-widget-wrap elementor-element-populated\">\n\t\t\t\t\t\t<div class=\"elementor-element elementor-element-33650fa elementor-widget elementor-widget-image\" data-id=\"33650fa\" data-element_type=\"widget\" data-widget_type=\"image.default\">\n\t\t\t\t<div class=\"elementor-widget-container\">\n\t\t\t\t\t\t\t\t\t\t<figure class=\"wp-caption\">\n\t\t\t\t\t\t\t\t\t\t<noscript><img fetchpriority=\"high\" decoding=\"async\" width=\"574\" height=\"586\" src=\"https:\/\/www.polycliniqueplus.com\/wp-content\/uploads\/2021\/03\/greffe-turquie-cheveux.jpg\" class=\"attachment-large size-large wp-image-7449\" alt srcset=\"https:\/\/www.polycliniqueplus.com\/wp-content\/uploads\/2021\/03\/greffe-turquie-cheveux.jpg 574w, https:\/\/www.polycliniqueplus.com\/wp-content\/uploads\/2021\/03\/greffe-turquie-cheveux-294x300.jpg 294w\" sizes=\"(max-width: 574px) 100vw, 574px\"><\/noscript><img fetchpriority=\"high\" decoding=\"async\" width=\"574\" height=\"586\" src=\"data:image\/svg+xml,%3Csvg%20xmlns%3D%22http%3A%2F%2Fwww.w3.org%2F2000%2Fsvg%22%20viewBox%3D%220%200%20574%20586%22%3E%3C%2Fsvg%3E\" class=\"attachment-large size-large wp-image-7449 lazyload\" alt srcset=\"data:image\/svg+xml,%3Csvg%20xmlns%3D%22http%3A%2F%2Fwww.w3.org%2F2000%2Fsvg%22%20viewBox%3D%220%200%20574%20586%22%3E%3C%2Fsvg%3E 574w\" sizes=\"(max-width: 574px) 100vw, 574px\" data-srcset=\"https:\/\/www.polycliniqueplus.com\/wp-content\/uploads\/2021\/03\/greffe-turquie-cheveux.jpg 574w, https:\/\/www.polycliniqueplus.com\/wp-content\/uploads\/2021\/03\/greffe-turquie-cheveux-294x300.jpg 294w\" data-src=\"https:\/\/www.polycliniqueplus.com\/wp-content\/uploads\/2021\/03\/greffe-turquie-cheveux.jpg\">\t\t\t\t\t\t\t\t\t\t\t<figcaption class=\"widget-image-caption wp-caption-text\">Greffe cheveux Turquie<\/figcaption>\n\t\t\t\t\t\t\t\t\t\t<\/figure>\n\t\t\t\t\t\t\t<\/div>\n\t\t\t\t<\/div>\n\t\t\t\t\t<\/div>\n\t\t<\/div>\n\t\t\t\t\t<\/div>\n\t\t<\/section>\n\t\t\t\t<section class=\"elementor-section elementor-top-section elementor-element elementor-element-e8870bc elementor-section-boxed elementor-section-height-default elementor-section-height-default\" data-id=\"e8870bc\" data-element_type=\"section\" data-settings=\"{&quot;_ha_eqh_enable&quot;:false}\">\n\t\t\t\t\t\t<div class=\"elementor-container elementor-column-gap-default\">\n\t\t\t\t\t<div class=\"elementor-column elementor-col-100 elementor-top-column elementor-element elementor-element-28df7e1\" data-id=\"28df7e1\" data-element_type=\"column\">\n\t\t\t<div class=\"elementor-widget-wrap elementor-element-populated\">\n\t\t\t\t\t\t<div class=\"elementor-element elementor-element-9f264af elementor-widget elementor-widget-text-editor\" data-id=\"9f264af\" data-element_type=\"widget\" data-widget_type=\"text-editor.default\">\n\t\t\t\t<div class=\"elementor-widget-container\">\n\t\t\t\t\t\t\t<b>El trasplante capilar en Turqu\u00eda<\/b> es un procedimiento para tratar la ca\u00edda del cabello debida a la alopecia u otras causas.\n\n\t\t\t\t\t\t<\/div>\n\t\t\t\t<\/div>\n\t\t\t\t<div class=\"elementor-element elementor-element-78b2bb4 elementor-widget elementor-widget-text-editor\" data-id=\"78b2bb4\" data-element_type=\"widget\" data-widget_type=\"text-editor.default\">\n\t\t\t\t<div class=\"elementor-widget-container\">\n\t\t\t\t\t\t\tExisten varias t\u00e9cnicas para esta cirug\u00eda, pero todos los trasplantes capilares consisten en extraer pelo de una parte del cuero cabelludo e injertarlo en zonas calvas, ralas o traumatizadas.\n\n\t\t\t\t\t\t<\/div>\n\t\t\t\t<\/div>\n\t\t\t\t<div class=\"elementor-element elementor-element-6732e6f elementor-widget elementor-widget-text-editor\" data-id=\"6732e6f\" data-element_type=\"widget\" data-widget_type=\"text-editor.default\">\n\t\t\t\t<div class=\"elementor-widget-container\">\n\t\t\t\t\t\t\tEl proceso de trasplante capilar es id\u00e9ntico para el <strong>trasplante de pesta\u00f1as y cejas<\/strong> y el <a href=\"https:\/\/www.polycliniqueplus.com\/es\/trasplante-barba-turquia\/\" target=\"_blank\" rel=\"noopener\">trasplante de barba<\/a>. Las t\u00e9cnicas m\u00e1s utilizadas para el trasplante capilar son la FUT y la FUE. La t\u00e9cnica m\u00e1s reciente es la HID, que supone una mejora de la t\u00e9cnica FUE.\t\t\t\t\t\t<\/div>\n\t\t\t\t<\/div>\n\t\t\t\t\t<\/div>\n\t\t<\/div>\n\t\t\t\t\t<\/div>\n\t\t<\/section>\n\t\t\t\t<section class=\"elementor-section elementor-top-section elementor-element elementor-element-002c607 elementor-section-boxed elementor-section-height-default elementor-section-height-default\" data-id=\"002c607\" data-element_type=\"section\" data-settings=\"{&quot;background_background&quot;:&quot;classic&quot;,&quot;_ha_eqh_enable&quot;:false}\">\n\t\t\t\t\t\t<div class=\"elementor-container elementor-column-gap-default\">\n\t\t\t\t\t<div class=\"elementor-column elementor-col-100 elementor-top-column elementor-element elementor-element-9a17fb7\" data-id=\"9a17fb7\" data-element_type=\"column\">\n\t\t\t<div class=\"elementor-widget-wrap elementor-element-populated\">\n\t\t\t\t\t\t<div class=\"elementor-element elementor-element-8e7573c elementor-widget elementor-widget-text-editor\" data-id=\"8e7573c\" data-element_type=\"widget\" data-widget_type=\"text-editor.default\">\n\t\t\t\t<div class=\"elementor-widget-container\">\n\t\t\t\t\t\t\t<h2><b>\u00bfCu\u00e1nto cuesta un trasplante capilar en Turqu\u00eda?<\/b> <\/h2>\n<p>El trasplante capilar se realiza mejor en la cl\u00ednica de trasplante capilar de Turqu\u00eda. Lo realizan nuestros mejores especialistas y m\u00e9dicos turcos en trasplantes capilares.<\/p>\n<p>El precio del trasplante capilar en Turqu\u00eda se basa en el n\u00famero de injertos que se van a trasplantar de la zona donante.<\/p>\n<p>Solicite un presupuesto personalizado para su trasplante capilar en Turqu\u00eda. El precio propuesto incluye el alojamiento y los gastos de la intervenci\u00f3n.<\/p>\n\t\t\t\t\t\t<\/div>\n\t\t\t\t<\/div>\n\t\t\t\t<div class=\"elementor-element elementor-element-057cb2f elementor-align-center elementor-widget elementor-widget-button\" data-id=\"057cb2f\" data-element_type=\"widget\" data-widget_type=\"button.default\">\n\t\t\t\t<div class=\"elementor-widget-container\">\n\t\t\t\t\t<div class=\"elementor-button-wrapper\">\n\t\t\t<a class=\"elementor-button elementor-button-link elementor-size-sm\" href=\"https:\/\/www.polycliniqueplus.com\/es\/presupuesto\/\">\n\t\t\t\t\t\t<span class=\"elementor-button-content-wrapper\">\n\t\t\t\t\t\t<span class=\"elementor-button-icon\">\n\t\t\t\t<i aria-hidden=\"true\" class=\"fas fa-arrow-right\"><\/i>\t\t\t<\/span>\n\t\t\t\t\t\t\t\t\t<span class=\"elementor-button-text\">Consulta gratuita sobre DHI<\/span>\n\t\t\t\t\t<\/span>\n\t\t\t\t\t<\/a>\n\t\t<\/div>\n\t\t\t\t<\/div>\n\t\t\t\t<\/div>\n\t\t\t\t\t<\/div>\n\t\t<\/div>\n\t\t\t\t\t<\/div>\n\t\t<\/section>\n\t\t\t\t<section class=\"elementor-section elementor-top-section elementor-element elementor-element-a3aa230 elementor-section-boxed elementor-section-height-default elementor-section-height-default\" data-id=\"a3aa230\" data-element_type=\"section\" data-settings=\"{&quot;_ha_eqh_enable&quot;:false}\">\n\t\t\t\t\t\t<div class=\"elementor-container elementor-column-gap-default\">\n\t\t\t\t\t<div class=\"elementor-column elementor-col-50 elementor-top-column elementor-element elementor-element-da34fcd\" data-id=\"da34fcd\" data-element_type=\"column\">\n\t\t\t<div class=\"elementor-widget-wrap elementor-element-populated\">\n\t\t\t\t\t\t<div class=\"elementor-element elementor-element-865ac2a elementor-widget elementor-widget-text-editor\" data-id=\"865ac2a\" data-element_type=\"widget\" data-widget_type=\"text-editor.default\">\n\t\t\t\t<div class=\"elementor-widget-container\">\n\t\t\t\t\t\t\t<h2>\u00bfQui\u00e9n puede ser candidato a un trasplante capilar?<\/h2>\nA menudo se recurre a la cirug\u00eda capilar para cubrir las zonas vac\u00edas de vello. Pueden someterse a esta intervenci\u00f3n tanto hombres como mujeres que cumplan determinados criterios.\n\nPara someterse a una cirug\u00eda de trasplante capilar, es necesario :\n<ul class=\"liste-page\">\n \t<li>Calvicie masculina o femenina y adelgazamiento del cabello;<\/li>\n \t<li>Tener una ca\u00edda del cabello que no sea consecuencia de la medicaci\u00f3n, el estr\u00e9s o un tratamiento m\u00e9dico;<\/li>\n \t<li>Tiene una ca\u00edda permanente del cabello que no puede tratarse de forma no quir\u00fargica;<\/li>\n \t<li>Disponer de cabello o fol\u00edculos adecuados que puedan utilizarse para el trasplante;<\/li>\n \t<li>Estar sano, tener una actitud positiva y expectativas realistas.<\/li>\n<\/ul>\t\t\t\t\t\t<\/div>\n\t\t\t\t<\/div>\n\t\t\t\t\t<\/div>\n\t\t<\/div>\n\t\t\t\t<div class=\"elementor-column elementor-col-50 elementor-top-column elementor-element elementor-element-11188a3\" data-id=\"11188a3\" data-element_type=\"column\">\n\t\t\t<div class=\"elementor-widget-wrap elementor-element-populated\">\n\t\t\t\t\t\t<div class=\"elementor-element elementor-element-9204953 elementor-widget elementor-widget-image\" data-id=\"9204953\" data-element_type=\"widget\" data-widget_type=\"image.default\">\n\t\t\t\t<div class=\"elementor-widget-container\">\n\t\t\t\t\t\t\t\t\t\t<figure class=\"wp-caption\">\n\t\t\t\t\t\t\t\t\t\t<noscript><img decoding=\"async\" width=\"574\" height=\"586\" src=\"https:\/\/www.polycliniqueplus.com\/wp-content\/uploads\/2021\/03\/Greffe-cheveux-avant-apres.jpg\" class=\"attachment-large size-large wp-image-7450\" alt srcset=\"https:\/\/www.polycliniqueplus.com\/wp-content\/uploads\/2021\/03\/Greffe-cheveux-avant-apres.jpg 574w, https:\/\/www.polycliniqueplus.com\/wp-content\/uploads\/2021\/03\/Greffe-cheveux-avant-apres-294x300.jpg 294w\" sizes=\"(max-width: 574px) 100vw, 574px\"><\/noscript><img decoding=\"async\" width=\"574\" height=\"586\" src=\"data:image\/svg+xml,%3Csvg%20xmlns%3D%22http%3A%2F%2Fwww.w3.org%2F2000%2Fsvg%22%20viewBox%3D%220%200%20574%20586%22%3E%3C%2Fsvg%3E\" class=\"attachment-large size-large wp-image-7450 lazyload\" alt srcset=\"data:image\/svg+xml,%3Csvg%20xmlns%3D%22http%3A%2F%2Fwww.w3.org%2F2000%2Fsvg%22%20viewBox%3D%220%200%20574%20586%22%3E%3C%2Fsvg%3E 574w\" sizes=\"(max-width: 574px) 100vw, 574px\" data-srcset=\"https:\/\/www.polycliniqueplus.com\/wp-content\/uploads\/2021\/03\/Greffe-cheveux-avant-apres.jpg 574w, https:\/\/www.polycliniqueplus.com\/wp-content\/uploads\/2021\/03\/Greffe-cheveux-avant-apres-294x300.jpg 294w\" data-src=\"https:\/\/www.polycliniqueplus.com\/wp-content\/uploads\/2021\/03\/Greffe-cheveux-avant-apres.jpg\">\t\t\t\t\t\t\t\t\t\t\t<figcaption class=\"widget-image-caption wp-caption-text\">Avant et apr\u00e8s une greffe cheveux<\/figcaption>\n\t\t\t\t\t\t\t\t\t\t<\/figure>\n\t\t\t\t\t\t\t<\/div>\n\t\t\t\t<\/div>\n\t\t\t\t\t<\/div>\n\t\t<\/div>\n\t\t\t\t\t<\/div>\n\t\t<\/section>\n\t\t\t\t<section class=\"elementor-section elementor-top-section elementor-element elementor-element-0f6577a elementor-section-boxed elementor-section-height-default elementor-section-height-default\" data-id=\"0f6577a\" data-element_type=\"section\" data-settings=\"{&quot;background_background&quot;:&quot;classic&quot;,&quot;_ha_eqh_enable&quot;:false}\">\n\t\t\t\t\t\t<div class=\"elementor-container elementor-column-gap-default\">\n\t\t\t\t\t<div class=\"elementor-column elementor-col-100 elementor-top-column elementor-element elementor-element-e60f18e\" data-id=\"e60f18e\" data-element_type=\"column\">\n\t\t\t<div class=\"elementor-widget-wrap elementor-element-populated\">\n\t\t\t\t\t\t<div class=\"elementor-element elementor-element-6b9b1ee elementor-widget elementor-widget-text-editor\" data-id=\"6b9b1ee\" data-element_type=\"widget\" data-widget_type=\"text-editor.default\">\n\t\t\t\t<div class=\"elementor-widget-container\">\n\t\t\t\t\t\t\t<h2>\u00bfC\u00f3mo funciona el trasplante capilar de Turqu\u00eda?<\/h2>\nLa cirug\u00eda de trasplante capilar se realiza con anestesia local y en r\u00e9gimen ambulatorio. La duraci\u00f3n del procedimiento depende de la t\u00e9cnica de injerto utilizada:\n\t\t\t\t\t\t<\/div>\n\t\t\t\t<\/div>\n\t\t\t\t<div class=\"elementor-element elementor-element-baf60e3 elementor-widget elementor-widget-text-editor\" data-id=\"baf60e3\" data-element_type=\"widget\" data-widget_type=\"text-editor.default\">\n\t\t\t\t<div class=\"elementor-widget-container\">\n\t\t\t\t\t\t\t<h3>FUT (trasplante de unidades foliculares) o m\u00e9todo de la tira<\/h3>\nCon este m\u00e9todo, el cirujano extrae una fina tira de pelo de la parte posterior de la cabeza, que luego se divide en piezas que contienen de 1 a 4 pelos cada una (injertos). A continuaci\u00f3n, los injertos se colocar\u00e1n en peque\u00f1as incisiones practicadas en el cuero cabelludo. Por \u00faltimo, el cirujano cierra la zona donde se ha eliminado el vello con puntos de sutura.\n\nCon esta t\u00e9cnica, no es necesario afeitarse la cabeza.\n\t\t\t\t\t\t<\/div>\n\t\t\t\t<\/div>\n\t\t\t\t<div class=\"elementor-element elementor-element-d8f514f elementor-widget elementor-widget-text-editor\" data-id=\"d8f514f\" data-element_type=\"widget\" data-widget_type=\"text-editor.default\">\n\t\t\t\t<div class=\"elementor-widget-container\">\n\t\t\t\t\t\t\t<h3>Extracci\u00f3n de unidades foliculares (FUE):<\/h3>\nCon esta t\u00e9cnica, es necesario afeitarse la cabeza. El cirujano extirpa los pelos uno a uno. A continuaci\u00f3n, tras realizar las incisiones, se colocar\u00e1n los injertos en estos diminutos orificios practicados en las zonas a cubrir.\n\t\t\t\t\t\t<\/div>\n\t\t\t\t<\/div>\n\t\t\t\t\t<\/div>\n\t\t<\/div>\n\t\t\t\t\t<\/div>\n\t\t<\/section>\n\t\t\t\t<section class=\"elementor-section elementor-top-section elementor-element elementor-element-52503d5 elementor-section-boxed elementor-section-height-default elementor-section-height-default\" data-id=\"52503d5\" data-element_type=\"section\" data-settings=\"{&quot;background_background&quot;:&quot;classic&quot;,&quot;_ha_eqh_enable&quot;:false}\">\n\t\t\t\t\t\t<div class=\"elementor-container elementor-column-gap-default\">\n\t\t\t\t\t<div class=\"elementor-column elementor-col-100 elementor-top-column elementor-element elementor-element-22f60aa\" data-id=\"22f60aa\" data-element_type=\"column\">\n\t\t\t<div class=\"elementor-widget-wrap elementor-element-populated\">\n\t\t\t\t\t\t<div class=\"elementor-element elementor-element-701e915 elementor-widget elementor-widget-text-editor\" data-id=\"701e915\" data-element_type=\"widget\" data-widget_type=\"text-editor.default\">\n\t\t\t\t<div class=\"elementor-widget-container\">\n\t\t\t\t\t\t\t<h2>Implantaci\u00f3n capilar directa (DHI)<\/h2>\nEl trasplante capilar DHI es un m\u00e9todo de trasplante capilar de \u00faltima generaci\u00f3n m\u00e1s c\u00f3modo que otros m\u00e9todos de trasplante capilar y sin operaciones, marcas ni costuras.\n\t\t\t\t\t\t<\/div>\n\t\t\t\t<\/div>\n\t\t\t\t<div class=\"elementor-element elementor-element-d29eacd elementor-widget elementor-widget-text-editor\" data-id=\"d29eacd\" data-element_type=\"widget\" data-widget_type=\"text-editor.default\">\n\t\t\t\t<div class=\"elementor-widget-container\">\n\t\t\t\t\t\t\t<strong>El trasplante capilar IHD<\/strong> puede describirse como un tipo de trasplante capilar sin afeitado. DHI Choi trasplante de cabello es necesario para eliminar los fol\u00edculos pilosos y el proceso de recepci\u00f3n se lleva a cabo.\n\n\t\t\t\t\t\t<\/div>\n\t\t\t\t<\/div>\n\t\t\t\t<div class=\"elementor-element elementor-element-a182aa0 elementor-widget elementor-widget-text-editor\" data-id=\"a182aa0\" data-element_type=\"widget\" data-widget_type=\"text-editor.default\">\n\t\t\t\t<div class=\"elementor-widget-container\">\n\t\t\t\t\t\t\t<strong>En <\/strong><a href=\"https:\/\/www.polycliniqueplus.com\/es\/trasplante-capilar-dhi-turquia\/\">\n<strong>T\u00e9cnica de la pluma Choi<\/strong>\n<\/a> se aplica cuidadosamente en los fol\u00edculos pilosos y se coloca en estas plumas con sumo cuidado. Puede experimentar la comodidad del trasplante capilar sin dolor ni agujas con este procedimiento de Choi Pen. Con la t\u00e9cnica de trasplante capilar DHI, conseguir\u00e1 un resultado natural y satisfactorio.\n\n\t\t\t\t\t\t<\/div>\n\t\t\t\t<\/div>\n\t\t\t\t<div class=\"elementor-element elementor-element-6254a2c elementor-widget elementor-widget-text-editor\" data-id=\"6254a2c\" data-element_type=\"widget\" data-widget_type=\"text-editor.default\">\n\t\t\t\t<div class=\"elementor-widget-container\">\n\t\t\t\t\t\t\tAdem\u00e1s, no requiere procesos dif\u00edciles como otros m\u00e9todos y puede volver a su vida cotidiana lo antes posible. Como el trasplante capilar DHI es un m\u00e9todo realizado mediante una pluma llamada choi, el DHI Choi tambi\u00e9n es considerado por muchos como un trasplante capilar.\t\t\t\t\t\t<\/div>\n\t\t\t\t<\/div>\n\t\t\t\t\t<\/div>\n\t\t<\/div>\n\t\t\t\t\t<\/div>\n\t\t<\/section>\n\t\t\t\t<section class=\"elementor-section elementor-top-section elementor-element elementor-element-3579780c elementor-section-boxed elementor-section-height-default elementor-section-height-default\" data-id=\"3579780c\" data-element_type=\"section\" data-settings=\"{&quot;_ha_eqh_enable&quot;:false}\">\n\t\t\t\t\t\t<div class=\"elementor-container elementor-column-gap-default\">\n\t\t\t\t\t<div class=\"elementor-column elementor-col-100 elementor-top-column elementor-element elementor-element-787281e4\" data-id=\"787281e4\" data-element_type=\"column\">\n\t\t\t<div class=\"elementor-widget-wrap elementor-element-populated\">\n\t\t\t\t\t\t<div class=\"elementor-element elementor-element-5347b427 elementor-widget elementor-widget-text-editor\" data-id=\"5347b427\" data-element_type=\"widget\" data-widget_type=\"text-editor.default\">\n\t\t\t\t<div class=\"elementor-widget-container\">\n\t\t\t\t\t\t\t<h2>\u00bfCu\u00e1les son las secuelas de un trasplante capilar?<\/h2>\n<p>Durante los 2 primeros d\u00edas despu\u00e9s del trasplante capilar, se recomienda tener cuidado con el cabello trasplantado. Porque siguen siendo sensibles.<\/p>\n<p>Entre 2 y 5 d\u00edas despu\u00e9s de la intervenci\u00f3n, pueden retirarse los vendajes, pero no deben tocarse los injertos.<\/p>\n<p>Se recomienda empezar a lavar el cabello a partir del 6\u00ba d\u00eda, pero muy suavemente a mano.<\/p>\n<p>Las suturas no reabsorbibles pueden retirarse entre 10 y 14 d\u00edas despu\u00e9s de la intervenci\u00f3n.<\/p>\n<p>La mayor\u00eda de los pacientes est\u00e1n de baja laboral durante 3 d\u00edas despu\u00e9s de un trasplante capilar.<\/p>\n<p>Para favorecer una r\u00e1pida cicatrizaci\u00f3n, se recomienda no hacer deporte durante al menos un mes.<\/p>\n\t\t\t\t\t\t<\/div>\n\t\t\t\t<\/div>\n\t\t\t\t\t<\/div>\n\t\t<\/div>\n\t\t\t\t\t<\/div>\n\t\t<\/section>\n\t\t\t\t<section class=\"elementor-section elementor-top-section elementor-element elementor-element-64216b4 elementor-section-boxed elementor-section-height-default elementor-section-height-default\" data-id=\"64216b4\" data-element_type=\"section\" data-settings=\"{&quot;_ha_eqh_enable&quot;:false}\">\n\t\t\t\t\t\t<div class=\"elementor-container elementor-column-gap-default\">\n\t\t\t\t\t<div class=\"elementor-column elementor-col-66 elementor-top-column elementor-element elementor-element-25aa3c4\" data-id=\"25aa3c4\" data-element_type=\"column\">\n\t\t\t<div class=\"elementor-widget-wrap elementor-element-populated\">\n\t\t\t\t\t\t<div class=\"elementor-element elementor-element-cc0c7ce elementor-widget elementor-widget-text-editor\" data-id=\"cc0c7ce\" data-element_type=\"widget\" data-widget_type=\"text-editor.default\">\n\t\t\t\t<div class=\"elementor-widget-container\">\n\t\t\t\t\t\t\t<h2>\u00bfCu\u00e1les son los resultados del trasplante capilar?<\/h2>\n<p>Unas semanas despu\u00e9s de un trasplante capilar de Turqu\u00eda, el pelo injertado empezar\u00e1 a caerse antes de empezar a crecer de nuevo m\u00e1s adelante. El nuevo cabello suele empezar a crecer entre los 12 y los 18 meses. Es en este momento cuando los resultados son definitivos y pueden peinarse como desee el paciente. Funcionan como el pelo natural.<\/p>\n\t\t\t\t\t\t<\/div>\n\t\t\t\t<\/div>\n\t\t\t\t\t<\/div>\n\t\t<\/div>\n\t\t\t\t<div class=\"elementor-column elementor-col-33 elementor-top-column elementor-element elementor-element-6750387\" data-id=\"6750387\" data-element_type=\"column\">\n\t\t\t<div class=\"elementor-widget-wrap elementor-element-populated\">\n\t\t\t\t\t\t<div class=\"elementor-element elementor-element-e8626d3 elementor-widget elementor-widget-image\" data-id=\"e8626d3\" data-element_type=\"widget\" data-widget_type=\"image.default\">\n\t\t\t\t<div class=\"elementor-widget-container\">\n\t\t\t\t\t\t\t\t\t\t\t\t\t<noscript><img decoding=\"async\" width=\"640\" height=\"426\" src=\"https:\/\/www.polycliniqueplus.com\/wp-content\/uploads\/2021\/05\/resultat-greffe-cheveux-turquie-1024x681.jpg\" class=\"attachment-large size-large wp-image-7572\" alt srcset=\"https:\/\/www.polycliniqueplus.com\/wp-content\/uploads\/2021\/05\/resultat-greffe-cheveux-turquie-1024x681.jpg 1024w, https:\/\/www.polycliniqueplus.com\/wp-content\/uploads\/2021\/05\/resultat-greffe-cheveux-turquie-300x200.jpg 300w, https:\/\/www.polycliniqueplus.com\/wp-content\/uploads\/2021\/05\/resultat-greffe-cheveux-turquie-768x511.jpg 768w, https:\/\/www.polycliniqueplus.com\/wp-content\/uploads\/2021\/05\/resultat-greffe-cheveux-turquie-1536x1022.jpg 1536w, https:\/\/www.polycliniqueplus.com\/wp-content\/uploads\/2021\/05\/resultat-greffe-cheveux-turquie-2048x1362.jpg 2048w\" sizes=\"(max-width: 640px) 100vw, 640px\"><\/noscript><img decoding=\"async\" width=\"640\" height=\"426\" src=\"data:image\/svg+xml,%3Csvg%20xmlns%3D%22http%3A%2F%2Fwww.w3.org%2F2000%2Fsvg%22%20viewBox%3D%220%200%20640%20426%22%3E%3C%2Fsvg%3E\" class=\"attachment-large size-large wp-image-7572 lazyload\" alt srcset=\"data:image\/svg+xml,%3Csvg%20xmlns%3D%22http%3A%2F%2Fwww.w3.org%2F2000%2Fsvg%22%20viewBox%3D%220%200%20640%20426%22%3E%3C%2Fsvg%3E 640w\" sizes=\"(max-width: 640px) 100vw, 640px\" data-srcset=\"https:\/\/www.polycliniqueplus.com\/wp-content\/uploads\/2021\/05\/resultat-greffe-cheveux-turquie-1024x681.jpg 1024w, https:\/\/www.polycliniqueplus.com\/wp-content\/uploads\/2021\/05\/resultat-greffe-cheveux-turquie-300x200.jpg 300w, https:\/\/www.polycliniqueplus.com\/wp-content\/uploads\/2021\/05\/resultat-greffe-cheveux-turquie-768x511.jpg 768w, https:\/\/www.polycliniqueplus.com\/wp-content\/uploads\/2021\/05\/resultat-greffe-cheveux-turquie-1536x1022.jpg 1536w, https:\/\/www.polycliniqueplus.com\/wp-content\/uploads\/2021\/05\/resultat-greffe-cheveux-turquie-2048x1362.jpg 2048w\" data-src=\"https:\/\/www.polycliniqueplus.com\/wp-content\/uploads\/2021\/05\/resultat-greffe-cheveux-turquie-1024x681.jpg\">\t\t\t\t\t\t\t\t\t\t\t\t\t<\/div>\n\t\t\t\t<\/div>\n\t\t\t\t\t<\/div>\n\t\t<\/div>\n\t\t\t\t\t<\/div>\n\t\t<\/section>\n\t\t\t\t<\/div>\n\t\t","protected":false},"excerpt":{"rendered":"<p>A medida que envejecemos, el cabello puede debilitarse y caerse, pero tambi\u00e9n puede deberse a otros problemas, como un problema de salud o un traumatismo en el cuero cabelludo. Quienes sufren una p\u00e9rdida grave de cabello pueden recuperarlo, por motivos est\u00e9ticos o reconstructivos, mediante la cirug\u00eda de trasplante capilar en Turqu\u00eda. \u00bfQu\u00e9 es el trasplante [&hellip;]<\/p>\n","protected":false},"author":1,"featured_media":7240,"parent":0,"menu_order":0,"comment_status":"closed","ping_status":"closed","template":"","meta":{"footnotes":""},"class_list":["post-7908","page","type-page","status-publish","has-post-thumbnail","hentry"],"yoast_head":"<!-- This site is optimized with the Yoast SEO plugin v27.3 - https:\/\/yoast.com\/product\/yoast-seo-wordpress\/ -->\n<title>Trasplante capilar Turqu\u00eda : 5000 injertos precio barato y todo incluido<\/title>\n<meta name=\"description\" content=\"Trasplante capilar Turqu\u00eda : trasplante capilar permanente sin cirug\u00eda ni cicatrices en Turqu\u00eda, FUE, FUT y DHI precios baratos para m\u00e1s de 5000 injertos Turqu\u00eda.\" \/>\n<meta name=\"robots\" content=\"index, follow, max-snippet:-1, max-image-preview:large, max-video-preview:-1\" \/>\n<link rel=\"canonical\" href=\"https:\/\/www.polycliniqueplus.com\/es\/trasplante-capilar-turquia\/\" \/>\n<meta property=\"og:locale\" content=\"es_ES\" \/>\n<meta property=\"og:type\" content=\"article\" \/>\n<meta property=\"og:title\" content=\"Trasplante capilar Turqu\u00eda : 5000 injertos precio barato y todo incluido\" \/>\n<meta property=\"og:description\" content=\"Trasplante capilar Turqu\u00eda : trasplante capilar permanente sin cirug\u00eda ni cicatrices en Turqu\u00eda, FUE, FUT y DHI precios baratos para m\u00e1s de 5000 injertos Turqu\u00eda.\" \/>\n<meta property=\"og:url\" content=\"https:\/\/www.polycliniqueplus.com\/es\/trasplante-capilar-turquia\/\" \/>\n<meta property=\"og:site_name\" content=\"Chirurgie esthetique Turquie : Prix interventions meilleures cliniques Istanbul\" \/>\n<meta property=\"article:publisher\" content=\"https:\/\/www.facebook.com\/polycliniqueplus\" \/>\n<meta property=\"article:modified_time\" content=\"2025-12-12T11:43:35+00:00\" \/>\n<meta property=\"og:image\" content=\"https:\/\/www.polycliniqueplus.com\/wp-content\/uploads\/2017\/06\/greffe-cheveux-turquie.jpg\" \/>\n\t<meta property=\"og:image:width\" content=\"1008\" \/>\n\t<meta property=\"og:image:height\" content=\"456\" \/>\n\t<meta property=\"og:image:type\" content=\"image\/jpeg\" \/>\n<meta name=\"twitter:card\" content=\"summary_large_image\" \/>\n<meta name=\"twitter:site\" content=\"@polyclinique1\" \/>\n<meta name=\"twitter:label1\" content=\"Tiempo de lectura\" \/>\n\t<meta name=\"twitter:data1\" content=\"5 minutos\" \/>\n<script type=\"application\/ld+json\" class=\"yoast-schema-graph\">{\"@context\":\"https:\\\/\\\/schema.org\",\"@graph\":[{\"@type\":\"WebPage\",\"@id\":\"https:\\\/\\\/www.polycliniqueplus.com\\\/es\\\/trasplante-capilar-turquia\\\/\",\"url\":\"https:\\\/\\\/www.polycliniqueplus.com\\\/es\\\/trasplante-capilar-turquia\\\/\",\"name\":\"Trasplante capilar Turqu\u00eda : 5000 injertos precio barato y todo incluido\",\"isPartOf\":{\"@id\":\"https:\\\/\\\/www.polycliniqueplus.com\\\/es\\\/#website\"},\"primaryImageOfPage\":{\"@id\":\"https:\\\/\\\/www.polycliniqueplus.com\\\/es\\\/trasplante-capilar-turquia\\\/#primaryimage\"},\"image\":{\"@id\":\"https:\\\/\\\/www.polycliniqueplus.com\\\/es\\\/trasplante-capilar-turquia\\\/#primaryimage\"},\"thumbnailUrl\":\"https:\\\/\\\/www.polycliniqueplus.com\\\/wp-content\\\/uploads\\\/2017\\\/06\\\/greffe-cheveux-turquie.jpg\",\"datePublished\":\"2017-06-18T17:29:26+00:00\",\"dateModified\":\"2025-12-12T11:43:35+00:00\",\"description\":\"Trasplante capilar Turqu\u00eda : trasplante capilar permanente sin cirug\u00eda ni cicatrices en Turqu\u00eda, FUE, FUT y DHI precios baratos para m\u00e1s de 5000 injertos Turqu\u00eda.\",\"breadcrumb\":{\"@id\":\"https:\\\/\\\/www.polycliniqueplus.com\\\/es\\\/trasplante-capilar-turquia\\\/#breadcrumb\"},\"inLanguage\":\"es\",\"potentialAction\":[{\"@type\":\"ReadAction\",\"target\":[\"https:\\\/\\\/www.polycliniqueplus.com\\\/es\\\/trasplante-capilar-turquia\\\/\"]}]},{\"@type\":\"ImageObject\",\"inLanguage\":\"es\",\"@id\":\"https:\\\/\\\/www.polycliniqueplus.com\\\/es\\\/trasplante-capilar-turquia\\\/#primaryimage\",\"url\":\"https:\\\/\\\/www.polycliniqueplus.com\\\/wp-content\\\/uploads\\\/2017\\\/06\\\/greffe-cheveux-turquie.jpg\",\"contentUrl\":\"https:\\\/\\\/www.polycliniqueplus.com\\\/wp-content\\\/uploads\\\/2017\\\/06\\\/greffe-cheveux-turquie.jpg\",\"width\":1008,\"height\":456,\"caption\":\"greffe-cheveux-turquie\"},{\"@type\":\"BreadcrumbList\",\"@id\":\"https:\\\/\\\/www.polycliniqueplus.com\\\/es\\\/trasplante-capilar-turquia\\\/#breadcrumb\",\"itemListElement\":[{\"@type\":\"ListItem\",\"position\":1,\"name\":\"Accueil\",\"item\":\"https:\\\/\\\/www.polycliniqueplus.com\\\/es\\\/\"},{\"@type\":\"ListItem\",\"position\":2,\"name\":\"Trasplante capilar Turqu\u00eda : FUE DHI trasplante capilar hasta 5000 injertos Estambul\"}]},{\"@type\":\"WebSite\",\"@id\":\"https:\\\/\\\/www.polycliniqueplus.com\\\/es\\\/#website\",\"url\":\"https:\\\/\\\/www.polycliniqueplus.com\\\/es\\\/\",\"name\":\"Chirurgie esthetique Turquie : Prix interventions meilleures cliniques Istanbul\",\"description\":\"Chirurgie esthetique Turquie prix pas cher\",\"publisher\":{\"@id\":\"https:\\\/\\\/www.polycliniqueplus.com\\\/es\\\/#organization\"},\"potentialAction\":[{\"@type\":\"SearchAction\",\"target\":{\"@type\":\"EntryPoint\",\"urlTemplate\":\"https:\\\/\\\/www.polycliniqueplus.com\\\/es\\\/?s={search_term_string}\"},\"query-input\":{\"@type\":\"PropertyValueSpecification\",\"valueRequired\":true,\"valueName\":\"search_term_string\"}}],\"inLanguage\":\"es\"},{\"@type\":\"Organization\",\"@id\":\"https:\\\/\\\/www.polycliniqueplus.com\\\/es\\\/#organization\",\"name\":\"Polycliniqueplus chirurgie esthetique Turquie\",\"url\":\"https:\\\/\\\/www.polycliniqueplus.com\\\/es\\\/\",\"logo\":{\"@type\":\"ImageObject\",\"inLanguage\":\"es\",\"@id\":\"https:\\\/\\\/www.polycliniqueplus.com\\\/es\\\/#\\\/schema\\\/logo\\\/image\\\/\",\"url\":\"https:\\\/\\\/www.polycliniqueplus.com\\\/wp-content\\\/uploads\\\/2021\\\/03\\\/cropped-add-box-fill.png\",\"contentUrl\":\"https:\\\/\\\/www.polycliniqueplus.com\\\/wp-content\\\/uploads\\\/2021\\\/03\\\/cropped-add-box-fill.png\",\"width\":512,\"height\":512,\"caption\":\"Polycliniqueplus chirurgie esthetique Turquie\"},\"image\":{\"@id\":\"https:\\\/\\\/www.polycliniqueplus.com\\\/es\\\/#\\\/schema\\\/logo\\\/image\\\/\"},\"sameAs\":[\"https:\\\/\\\/www.facebook.com\\\/polycliniqueplus\",\"https:\\\/\\\/x.com\\\/polyclinique1\",\"https:\\\/\\\/www.youtube.com\\\/channel\\\/UCAnK3TORJqflIuYGFa-JQDw\"]}]}<\/script>\n<!-- \/ Yoast SEO plugin. -->","yoast_head_json":{"title":"Trasplante capilar Turqu\u00eda : 5000 injertos precio barato y todo incluido","description":"Trasplante capilar Turqu\u00eda : trasplante capilar permanente sin cirug\u00eda ni cicatrices en Turqu\u00eda, FUE, FUT y DHI precios baratos para m\u00e1s de 5000 injertos Turqu\u00eda.","robots":{"index":"index","follow":"follow","max-snippet":"max-snippet:-1","max-image-preview":"max-image-preview:large","max-video-preview":"max-video-preview:-1"},"canonical":"https:\/\/www.polycliniqueplus.com\/es\/trasplante-capilar-turquia\/","og_locale":"es_ES","og_type":"article","og_title":"Trasplante capilar Turqu\u00eda : 5000 injertos precio barato y todo incluido","og_description":"Trasplante capilar Turqu\u00eda : trasplante capilar permanente sin cirug\u00eda ni cicatrices en Turqu\u00eda, FUE, FUT y DHI precios baratos para m\u00e1s de 5000 injertos Turqu\u00eda.","og_url":"https:\/\/www.polycliniqueplus.com\/es\/trasplante-capilar-turquia\/","og_site_name":"Chirurgie esthetique Turquie : Prix interventions meilleures cliniques Istanbul","article_publisher":"https:\/\/www.facebook.com\/polycliniqueplus","article_modified_time":"2025-12-12T11:43:35+00:00","og_image":[{"width":1008,"height":456,"url":"https:\/\/www.polycliniqueplus.com\/wp-content\/uploads\/2017\/06\/greffe-cheveux-turquie.jpg","type":"image\/jpeg"}],"twitter_card":"summary_large_image","twitter_site":"@polyclinique1","twitter_misc":{"Tiempo de lectura":"5 minutos"},"schema":{"@context":"https:\/\/schema.org","@graph":[{"@type":"WebPage","@id":"https:\/\/www.polycliniqueplus.com\/es\/trasplante-capilar-turquia\/","url":"https:\/\/www.polycliniqueplus.com\/es\/trasplante-capilar-turquia\/","name":"Trasplante capilar Turqu\u00eda : 5000 injertos precio barato y todo incluido","isPartOf":{"@id":"https:\/\/www.polycliniqueplus.com\/es\/#website"},"primaryImageOfPage":{"@id":"https:\/\/www.polycliniqueplus.com\/es\/trasplante-capilar-turquia\/#primaryimage"},"image":{"@id":"https:\/\/www.polycliniqueplus.com\/es\/trasplante-capilar-turquia\/#primaryimage"},"thumbnailUrl":"https:\/\/www.polycliniqueplus.com\/wp-content\/uploads\/2017\/06\/greffe-cheveux-turquie.jpg","datePublished":"2017-06-18T17:29:26+00:00","dateModified":"2025-12-12T11:43:35+00:00","description":"Trasplante capilar Turqu\u00eda : trasplante capilar permanente sin cirug\u00eda ni cicatrices en Turqu\u00eda, FUE, FUT y DHI precios baratos para m\u00e1s de 5000 injertos Turqu\u00eda.","breadcrumb":{"@id":"https:\/\/www.polycliniqueplus.com\/es\/trasplante-capilar-turquia\/#breadcrumb"},"inLanguage":"es","potentialAction":[{"@type":"ReadAction","target":["https:\/\/www.polycliniqueplus.com\/es\/trasplante-capilar-turquia\/"]}]},{"@type":"ImageObject","inLanguage":"es","@id":"https:\/\/www.polycliniqueplus.com\/es\/trasplante-capilar-turquia\/#primaryimage","url":"https:\/\/www.polycliniqueplus.com\/wp-content\/uploads\/2017\/06\/greffe-cheveux-turquie.jpg","contentUrl":"https:\/\/www.polycliniqueplus.com\/wp-content\/uploads\/2017\/06\/greffe-cheveux-turquie.jpg","width":1008,"height":456,"caption":"greffe-cheveux-turquie"},{"@type":"BreadcrumbList","@id":"https:\/\/www.polycliniqueplus.com\/es\/trasplante-capilar-turquia\/#breadcrumb","itemListElement":[{"@type":"ListItem","position":1,"name":"Accueil","item":"https:\/\/www.polycliniqueplus.com\/es\/"},{"@type":"ListItem","position":2,"name":"Trasplante capilar Turqu\u00eda : FUE DHI trasplante capilar hasta 5000 injertos Estambul"}]},{"@type":"WebSite","@id":"https:\/\/www.polycliniqueplus.com\/es\/#website","url":"https:\/\/www.polycliniqueplus.com\/es\/","name":"Chirurgie esthetique Turquie : Prix interventions meilleures cliniques Istanbul","description":"Chirurgie esthetique Turquie prix pas cher","publisher":{"@id":"https:\/\/www.polycliniqueplus.com\/es\/#organization"},"potentialAction":[{"@type":"SearchAction","target":{"@type":"EntryPoint","urlTemplate":"https:\/\/www.polycliniqueplus.com\/es\/?s={search_term_string}"},"query-input":{"@type":"PropertyValueSpecification","valueRequired":true,"valueName":"search_term_string"}}],"inLanguage":"es"},{"@type":"Organization","@id":"https:\/\/www.polycliniqueplus.com\/es\/#organization","name":"Polycliniqueplus chirurgie esthetique Turquie","url":"https:\/\/www.polycliniqueplus.com\/es\/","logo":{"@type":"ImageObject","inLanguage":"es","@id":"https:\/\/www.polycliniqueplus.com\/es\/#\/schema\/logo\/image\/","url":"https:\/\/www.polycliniqueplus.com\/wp-content\/uploads\/2021\/03\/cropped-add-box-fill.png","contentUrl":"https:\/\/www.polycliniqueplus.com\/wp-content\/uploads\/2021\/03\/cropped-add-box-fill.png","width":512,"height":512,"caption":"Polycliniqueplus chirurgie esthetique Turquie"},"image":{"@id":"https:\/\/www.polycliniqueplus.com\/es\/#\/schema\/logo\/image\/"},"sameAs":["https:\/\/www.facebook.com\/polycliniqueplus","https:\/\/x.com\/polyclinique1","https:\/\/www.youtube.com\/channel\/UCAnK3TORJqflIuYGFa-JQDw"]}]}},"_links":{"self":[{"href":"https:\/\/www.polycliniqueplus.com\/es\/wp-json\/wp\/v2\/pages\/7908","targetHints":{"allow":["GET"]}}],"collection":[{"href":"https:\/\/www.polycliniqueplus.com\/es\/wp-json\/wp\/v2\/pages"}],"about":[{"href":"https:\/\/www.polycliniqueplus.com\/es\/wp-json\/wp\/v2\/types\/page"}],"author":[{"embeddable":true,"href":"https:\/\/www.polycliniqueplus.com\/es\/wp-json\/wp\/v2\/users\/1"}],"replies":[{"embeddable":true,"href":"https:\/\/www.polycliniqueplus.com\/es\/wp-json\/wp\/v2\/comments?post=7908"}],"version-history":[{"count":32,"href":"https:\/\/www.polycliniqueplus.com\/es\/wp-json\/wp\/v2\/pages\/7908\/revisions"}],"predecessor-version":[{"id":33086,"href":"https:\/\/www.polycliniqueplus.com\/es\/wp-json\/wp\/v2\/pages\/7908\/revisions\/33086"}],"wp:featuredmedia":[{"embeddable":true,"href":"https:\/\/www.polycliniqueplus.com\/es\/wp-json\/wp\/v2\/media\/7240"}],"wp:attachment":[{"href":"https:\/\/www.polycliniqueplus.com\/es\/wp-json\/wp\/v2\/media?parent=7908"}],"curies":[{"name":"wp","href":"https:\/\/api.w.org\/{rel}","templated":true}]}}