{"id":12880,"date":"2017-06-18T18:51:04","date_gmt":"2017-06-18T16:51:04","guid":{"rendered":"https:\/\/www.polycliniqueplus.com\/zervikales-facelifting-tuerkei-verjuengung-des-gesichtsovals-und-des-halses\/"},"modified":"2023-01-16T09:09:14","modified_gmt":"2023-01-16T08:09:14","slug":"zervikales-facelifting-tuerkei","status":"publish","type":"page","link":"https:\/\/www.polycliniqueplus.com\/de\/zervikales-facelifting-tuerkei\/","title":{"rendered":"Zervikales Facelifting T\u00fcrkei: Verj\u00fcngung des Gesichtsovals und des Halses"},"content":{"rendered":"<div data-elementor-type=\"wp-page\" data-elementor-id=\"12880\" class=\"elementor elementor-12880 elementor-37\" data-elementor-settings=\"{&quot;ha_cmc_init_switcher&quot;:&quot;no&quot;}\">\n\t\t\t\t\t\t<section class=\"elementor-section elementor-top-section elementor-element elementor-element-5467f2b elementor-section-content-middle elementor-section-boxed elementor-section-height-default elementor-section-height-default\" data-id=\"5467f2b\" data-element_type=\"section\" data-settings=\"{&quot;background_background&quot;:&quot;classic&quot;,&quot;_ha_eqh_enable&quot;:false}\">\n\t\t\t\t\t\t<div class=\"elementor-container elementor-column-gap-default\">\n\t\t\t\t\t<div class=\"elementor-column elementor-col-50 elementor-top-column elementor-element elementor-element-34e2ce5\" data-id=\"34e2ce5\" data-element_type=\"column\">\n\t\t\t<div class=\"elementor-widget-wrap elementor-element-populated\">\n\t\t\t\t\t\t<div class=\"elementor-element elementor-element-6919c68 elementor-widget elementor-widget-text-editor\" data-id=\"6919c68\" data-element_type=\"widget\" data-widget_type=\"text-editor.default\">\n\t\t\t\t<div class=\"elementor-widget-container\">\n\t\t\t\t\t\t\tDas <strong>Facelifting und speziell das zerviko-faziale Facelifting in der T\u00fcrkei <\/strong>ist eine der begehrtesten Operationen bei ausl\u00e4ndischen Patienten. Da die Versch\u00f6nerung dieses Bereichs von entscheidender Bedeutung ist, wenn man eine nat\u00fcrlichere und strahlendere Haut haben m\u00f6chte, wird h\u00e4ufig ein Facelifting durchgef\u00fchrt.\n\t\t\t\t\t\t<\/div>\n\t\t\t\t<\/div>\n\t\t\t\t<div class=\"elementor-element elementor-element-8c495a9 elementor-widget elementor-widget-text-editor\" data-id=\"8c495a9\" data-element_type=\"widget\" data-widget_type=\"text-editor.default\">\n\t\t\t\t<div class=\"elementor-widget-container\">\n\t\t\t\t\t\t\tEin Facelifting kann Ihr Aussehen verbessern, indem es ein j\u00fcngeres oder nat\u00fcrlicheres Aussehen im Gesicht wiederherstellt.\nDie kosmetische Gesichtschirurgie beinhaltet die Entfernung von \u00fcbersch\u00fcssigem Fett, die Straffung der darunter liegenden Muskeln sowie die Straffung der Haut im Gesicht und manchmal auch am Hals.\t\t\t\t\t\t<\/div>\n\t\t\t\t<\/div>\n\t\t\t\t\t<\/div>\n\t\t<\/div>\n\t\t\t\t<div class=\"elementor-column elementor-col-50 elementor-top-column elementor-element elementor-element-31cbfea\" data-id=\"31cbfea\" data-element_type=\"column\">\n\t\t\t<div class=\"elementor-widget-wrap elementor-element-populated\">\n\t\t\t\t\t\t<div class=\"elementor-element elementor-element-4aa51de elementor-widget elementor-widget-image\" data-id=\"4aa51de\" data-element_type=\"widget\" data-widget_type=\"image.default\">\n\t\t\t\t<div class=\"elementor-widget-container\">\n\t\t\t\t\t\t\t\t\t\t\t\t\t<noscript><img fetchpriority=\"high\" decoding=\"async\" width=\"574\" height=\"586\" src=\"https:\/\/www.polycliniqueplus.com\/wp-content\/uploads\/2021\/03\/liftings_visage_turquie.jpg\" class=\"attachment-large size-large wp-image-12607\" alt srcset=\"https:\/\/www.polycliniqueplus.com\/wp-content\/uploads\/2021\/03\/liftings_visage_turquie.jpg 574w, https:\/\/www.polycliniqueplus.com\/wp-content\/uploads\/2021\/03\/liftings_visage_turquie-294x300.jpg 294w\" sizes=\"(max-width: 574px) 100vw, 574px\"><\/noscript><img fetchpriority=\"high\" decoding=\"async\" width=\"574\" height=\"586\" src=\"data:image\/svg+xml,%3Csvg%20xmlns%3D%22http%3A%2F%2Fwww.w3.org%2F2000%2Fsvg%22%20viewBox%3D%220%200%20574%20586%22%3E%3C%2Fsvg%3E\" class=\"attachment-large size-large wp-image-12607 lazyload\" alt srcset=\"data:image\/svg+xml,%3Csvg%20xmlns%3D%22http%3A%2F%2Fwww.w3.org%2F2000%2Fsvg%22%20viewBox%3D%220%200%20574%20586%22%3E%3C%2Fsvg%3E 574w\" sizes=\"(max-width: 574px) 100vw, 574px\" data-srcset=\"https:\/\/www.polycliniqueplus.com\/wp-content\/uploads\/2021\/03\/liftings_visage_turquie.jpg 574w, https:\/\/www.polycliniqueplus.com\/wp-content\/uploads\/2021\/03\/liftings_visage_turquie-294x300.jpg 294w\" data-src=\"https:\/\/www.polycliniqueplus.com\/wp-content\/uploads\/2021\/03\/liftings_visage_turquie.jpg\">\t\t\t\t\t\t\t\t\t\t\t\t\t<\/div>\n\t\t\t\t<\/div>\n\t\t\t\t\t<\/div>\n\t\t<\/div>\n\t\t\t\t\t<\/div>\n\t\t<\/section>\n\t\t\t\t<section class=\"elementor-section elementor-top-section elementor-element elementor-element-1422354 elementor-section-boxed elementor-section-height-default elementor-section-height-default\" data-id=\"1422354\" data-element_type=\"section\" data-settings=\"{&quot;background_background&quot;:&quot;classic&quot;,&quot;_ha_eqh_enable&quot;:false}\">\n\t\t\t\t\t\t<div class=\"elementor-container elementor-column-gap-default\">\n\t\t\t\t\t<div class=\"elementor-column elementor-col-100 elementor-top-column elementor-element elementor-element-5242aca\" data-id=\"5242aca\" data-element_type=\"column\">\n\t\t\t<div class=\"elementor-widget-wrap elementor-element-populated\">\n\t\t\t\t\t\t<div class=\"elementor-element elementor-element-7341a26 elementor-widget elementor-widget-text-editor\" data-id=\"7341a26\" data-element_type=\"widget\" data-widget_type=\"text-editor.default\">\n\t\t\t\t<div class=\"elementor-widget-container\">\n\t\t\t\t\t\t\t<style>\nhtml body a.whatsapp-button {\n    display: inline-block;\n    background-color: #25D366;\n    font-size: 16px;\n    font-weight: bold;\n    padding: 12px 20px;\n    text-align: center;\n    text-decoration: none;\n    border-radius: 5px;\n    box-shadow: 0 4px 6px rgba(0, 0, 0, 0.1);\n    transition: background-color 0.3s ease, transform 0.2s ease;\n    color: white!important;\n}\n\n.whatsapp-button:hover {\n    background-color: #1EBE54;\n    transform: translateY(-2px);\n}\n\n.whatsapp-button:active {\n    transform: translateY(0);\n}\n\n.align_center {\n    display: block;\n    text-align: center;\n    padding: 30px 0px;\n}\n\n<\/style>\n<div class=\"align_center\">\n<a href=\"https:\/\/api.whatsapp.com\/send?phone=+33635235712&amp;&amp;text=Hallo, ich w\u00fcrde gerne Ihre Interventionen und Preise kennenlernen!\" class=\"whatsapp-button\" target=\"_blank\">\n    Klicken Sie f\u00fcr ein kostenloses Whatsapp-Angebot\n<\/a>\n<\/div>\t\t\t\t\t\t<\/div>\n\t\t\t\t<\/div>\n\t\t\t\t\t<\/div>\n\t\t<\/div>\n\t\t\t\t\t<\/div>\n\t\t<\/section>\n\t\t\t\t<section class=\"elementor-section elementor-top-section elementor-element elementor-element-40751d3 elementor-section-boxed elementor-section-height-default elementor-section-height-default\" data-id=\"40751d3\" data-element_type=\"section\" data-settings=\"{&quot;background_background&quot;:&quot;classic&quot;,&quot;_ha_eqh_enable&quot;:false}\">\n\t\t\t\t\t\t<div class=\"elementor-container elementor-column-gap-default\">\n\t\t\t\t\t<div class=\"elementor-column elementor-col-100 elementor-top-column elementor-element elementor-element-5609cf7\" data-id=\"5609cf7\" data-element_type=\"column\">\n\t\t\t<div class=\"elementor-widget-wrap elementor-element-populated\">\n\t\t\t\t\t\t<div class=\"elementor-element elementor-element-31558e5 elementor-widget elementor-widget-heading\" data-id=\"31558e5\" data-element_type=\"widget\" data-widget_type=\"heading.default\">\n\t\t\t\t<div class=\"elementor-widget-container\">\n\t\t\t<h2 class=\"elementor-heading-title elementor-size-default\">Arten von Gesichtsliftings<\/h2>\t\t<\/div>\n\t\t\t\t<\/div>\n\t\t\t\t<div class=\"elementor-element elementor-element-b375264 elementor-widget elementor-widget-text-editor\" data-id=\"b375264\" data-element_type=\"widget\" data-widget_type=\"text-editor.default\">\n\t\t\t\t<div class=\"elementor-widget-container\">\n\t\t\t\t\t\t\tMit zunehmendem Alter treten Falten auf, das Gesichtsoval ver\u00e4ndert sich, es bilden sich Schlupflider und tiefe Furchen. Mit einem Facelifting-Eingriff k\u00f6nnen diese Unw\u00e4gbarkeiten des Laufs der Zeit (Wangen, Wangenknochen, Gesichtskonturen und Hals) korrigiert und Falten gemildert werden.\n<ul class=\"liste-page\">\n \t<li>Beim <strong>zerviko-fazialen Facelifting<\/strong> oder <strong>klassischen Fac<\/strong> elifting werden der Bereich der Wangenknochen und der Hals behandelt. Das Gesicht wirkt dann in seiner Gesamtheit verj\u00fcngt, die Haut wird gegl\u00e4ttet, Falten werden gemildert, die Wangenknochen und das Doppelkinn werden weggezaubert.<\/li>\n \t<li>Das <strong>Temporal-Lifting<\/strong>, besteht darin, den \u00e4u\u00dferen Teil der Augenbrauen anzuheben und <a href=\"https:\/\/www.polycliniqueplus.com\/de\/botox-tuerkei\/\" target=\"_blank\" rel=\"noopener noreferrer\">die Kr\u00e4henf\u00fc\u00dfe zu mildern<\/a>. Er bietet einen verj\u00fcngten Blick.<\/li>\n \t<li>Mit einem<strong> Stirnlifting <\/strong>werden Stirnfalten, Zornesfalten, gemildert und <a href=\"https:\/\/www.polycliniqueplus.com\/de\/blepharoplastik-tuerkei\/\" target=\"_blank\" rel=\"noopener noreferrer\">die Augenbrauen und Augenlider angehoben<\/a>.<\/li>\n \t<li>Das Ziel des<strong> Malarialifts<\/strong> ist es, den Bereich der Wangenknochen anzuheben.Es<em>verbessert das Gesichts<\/em>bild.<\/li>\n<\/ul>\t\t\t\t\t\t<\/div>\n\t\t\t\t<\/div>\n\t\t\t\t\t<\/div>\n\t\t<\/div>\n\t\t\t\t\t<\/div>\n\t\t<\/section>\n\t\t\t\t<section class=\"elementor-section elementor-top-section elementor-element elementor-element-905df2f elementor-section-boxed elementor-section-height-default elementor-section-height-default\" data-id=\"905df2f\" data-element_type=\"section\" data-settings=\"{&quot;background_background&quot;:&quot;classic&quot;,&quot;_ha_eqh_enable&quot;:false}\">\n\t\t\t\t\t\t<div class=\"elementor-container elementor-column-gap-default\">\n\t\t\t\t\t<div class=\"elementor-column elementor-col-100 elementor-top-column elementor-element elementor-element-c1f3855\" data-id=\"c1f3855\" data-element_type=\"column\">\n\t\t\t<div class=\"elementor-widget-wrap elementor-element-populated\">\n\t\t\t\t\t\t<div class=\"elementor-element elementor-element-5283400 elementor-widget elementor-widget-heading\" data-id=\"5283400\" data-element_type=\"widget\" data-widget_type=\"heading.default\">\n\t\t\t\t<div class=\"elementor-widget-container\">\n\t\t\t<h4 class=\"elementor-heading-title elementor-size-default\">SCHNELLER UND 100% KOSTENLOSER ONLINE-KOSTENVORANSCHLAG<\/h4>\t\t<\/div>\n\t\t\t\t<\/div>\n\t\t\t\t<div class=\"elementor-element elementor-element-4104877 elementor-align-center elementor-widget elementor-widget-button\" data-id=\"4104877\" data-element_type=\"widget\" data-widget_type=\"button.default\">\n\t\t\t\t<div class=\"elementor-widget-container\">\n\t\t\t\t\t<div class=\"elementor-button-wrapper\">\n\t\t\t<a class=\"elementor-button elementor-button-link elementor-size-sm\" href=\"https:\/\/www.polycliniqueplus.com\/de\/kostenvoranschlag\/\">\n\t\t\t\t\t\t<span class=\"elementor-button-content-wrapper\">\n\t\t\t\t\t\t<span class=\"elementor-button-icon\">\n\t\t\t\t<i aria-hidden=\"true\" class=\"fas fa-arrow-right\"><\/i>\t\t\t<\/span>\n\t\t\t\t\t\t\t\t\t<span class=\"elementor-button-text\">Kostenloser Kostenvoranschlag<\/span>\n\t\t\t\t\t<\/span>\n\t\t\t\t\t<\/a>\n\t\t<\/div>\n\t\t\t\t<\/div>\n\t\t\t\t<\/div>\n\t\t\t\t\t<\/div>\n\t\t<\/div>\n\t\t\t\t\t<\/div>\n\t\t<\/section>\n\t\t\t\t<section class=\"elementor-section elementor-top-section elementor-element elementor-element-1b4c42b4 elementor-section-boxed elementor-section-height-default elementor-section-height-default\" data-id=\"1b4c42b4\" data-element_type=\"section\" data-settings=\"{&quot;_ha_eqh_enable&quot;:false}\">\n\t\t\t\t\t\t<div class=\"elementor-container elementor-column-gap-default\">\n\t\t\t\t\t<div class=\"elementor-column elementor-col-100 elementor-top-column elementor-element elementor-element-585287f\" data-id=\"585287f\" data-element_type=\"column\">\n\t\t\t<div class=\"elementor-widget-wrap elementor-element-populated\">\n\t\t\t\t\t\t<div class=\"elementor-element elementor-element-218644f2 elementor-widget elementor-widget-text-editor\" data-id=\"218644f2\" data-element_type=\"widget\" data-widget_type=\"text-editor.default\">\n\t\t\t\t<div class=\"elementor-widget-container\">\n\t\t\t\t\t\t\t<h2>Ablauf eines zerviko-fazialen Facelifts<\/h2>\n<ol>\n \t<li>Der Krankenhausaufenthalt in einer unserer Partnerkliniken dauert zwischen 24 und 48 Stunden. Der Eingriff wird von unseren qualifizierten Chirurgen durchgef\u00fchrt und die Operation dauert etwa 2 bis 3 Stunden. Der Patient wird unter Vollnarkose oder \u00f6rtlicher Bet\u00e4ubung mit tiefer Sedierung behandelt.<\/li>\n \t<li>Der Chirurg macht Schnitte, die von der Kopfhaut hinter dem Ohr und um das Ohrl\u00e4ppchen herum beginnen und im Nacken enden. Die Haut wird abgehoben und dann \u00fcber den Gesichts- und Halsbereich gestrafft.<\/li>\n \t<li>Die Schnitte beim Facelifting werden so gesetzt, dass die Narben so unauff\u00e4llig wie m\u00f6glich sind.<\/li>\n<\/ol>\n\t\t\t\t\t\t<\/div>\n\t\t\t\t<\/div>\n\t\t\t\t<div class=\"elementor-element elementor-element-d571822 elementor-widget elementor-widget-text-editor\" data-id=\"d571822\" data-element_type=\"widget\" data-widget_type=\"text-editor.default\">\n\t\t\t\t<div class=\"elementor-widget-container\">\n\t\t\t\t\t\t\t<h2>Die Nachwirkungen der Operation<\/h2>\n<ul class=\"liste-page\">\n \t<li>Die Dauer des Krankenhausaufenthalts f\u00fcr ein <strong>Facelifting<\/strong> betr\u00e4gt 24 Stunden.<\/li>\n \t<li>Ein sehr diskreter Verband sch\u00fctzt die Narbe w\u00e4hrend der n\u00e4chsten vierundzwanzig Stunden.<\/li>\n \t<li>Das erste Shampoo ist zwei Tage nach der Operation m\u00f6glich.<\/li>\n \t<li>Einige Schmerzen \u00fcber ein oder zwei Wochen in den Schl\u00e4fen.<\/li>\n<\/ul>\n\t\t\t\t\t\t<\/div>\n\t\t\t\t<\/div>\n\t\t\t\t<div class=\"elementor-element elementor-element-bf56daa elementor-widget elementor-widget-text-editor\" data-id=\"bf56daa\" data-element_type=\"widget\" data-widget_type=\"text-editor.default\">\n\t\t\t\t<div class=\"elementor-widget-container\">\n\t\t\t\t\t\t\t<strong>Kosmetische Eingriffe im Gesicht<\/strong> k\u00f6nnen Ihnen ein j\u00fcngeres und frischeres Aussehen verleihen, allerdings beseitigt der Eingriff nicht alle Falten und stoppt auch nicht den Alterungsprozess.\n\t\t\t\t\t\t<\/div>\n\t\t\t\t<\/div>\n\t\t\t\t<div class=\"elementor-element elementor-element-40fcef9 elementor-widget elementor-widget-text-editor\" data-id=\"40fcef9\" data-element_type=\"widget\" data-widget_type=\"text-editor.default\">\n\t\t\t\t<div class=\"elementor-widget-container\">\n\t\t\t\t\t\t\t\nSo wie Vererbung und Lebensstil eine Rolle im Alterungsprozess spielen, so werden sie auch die Dauer der chirurgischen Verbesserung durch eine <strong>kosmetische Gesichtsstraffung<\/strong> beeinflussen.\t\t\t\t\t\t<\/div>\n\t\t\t\t<\/div>\n\t\t\t\t\t<\/div>\n\t\t<\/div>\n\t\t\t\t\t<\/div>\n\t\t<\/section>\n\t\t\t\t<\/div>\n\t\t","protected":false},"excerpt":{"rendered":"<p>Das Facelifting und speziell das zerviko-faziale Facelifting in der T\u00fcrkei ist eine der begehrtesten Operationen bei ausl\u00e4ndischen Patienten. Da die Versch\u00f6nerung dieses Bereichs von entscheidender Bedeutung ist, wenn man eine nat\u00fcrlichere und strahlendere Haut haben m\u00f6chte, wird h\u00e4ufig ein Facelifting durchgef\u00fchrt. Ein Facelifting kann Ihr Aussehen verbessern, indem es ein j\u00fcngeres oder nat\u00fcrlicheres Aussehen im [&hellip;]<\/p>\n","protected":false},"author":1,"featured_media":12371,"parent":0,"menu_order":0,"comment_status":"closed","ping_status":"closed","template":"","meta":{"footnotes":""},"class_list":["post-12880","page","type-page","status-publish","has-post-thumbnail","hentry"],"yoast_head":"<!-- This site is optimized with the Yoast SEO plugin v27.3 - https:\/\/yoast.com\/product\/yoast-seo-wordpress\/ -->\n<title>Gesichtslifting T\u00fcrkei: \u00c4sthetische Chirurgie des Gesichtsovals<\/title>\n<meta name=\"description\" content=\"Facelifting T\u00fcrkei: \u00c4sthetische Chirurgie des Gesichtsovals und der Wangenknochen, die auf eine Verj\u00fcngung des Gesichts abzielt: Behandlung und Absenkung von Falten.\" \/>\n<meta name=\"robots\" content=\"index, follow, max-snippet:-1, max-image-preview:large, max-video-preview:-1\" \/>\n<link rel=\"canonical\" href=\"https:\/\/www.polycliniqueplus.com\/de\/zervikales-facelifting-tuerkei\/\" \/>\n<meta property=\"og:locale\" content=\"de_DE\" \/>\n<meta property=\"og:type\" content=\"article\" \/>\n<meta property=\"og:title\" content=\"Gesichtslifting T\u00fcrkei: \u00c4sthetische Chirurgie des Gesichtsovals\" \/>\n<meta property=\"og:description\" content=\"Facelifting T\u00fcrkei: \u00c4sthetische Chirurgie des Gesichtsovals und der Wangenknochen, die auf eine Verj\u00fcngung des Gesichts abzielt: Behandlung und Absenkung von Falten.\" \/>\n<meta property=\"og:url\" content=\"https:\/\/www.polycliniqueplus.com\/de\/zervikales-facelifting-tuerkei\/\" \/>\n<meta property=\"og:site_name\" content=\"Chirurgie esthetique Turquie : Prix interventions meilleures cliniques Istanbul\" \/>\n<meta property=\"article:publisher\" content=\"https:\/\/www.facebook.com\/polycliniqueplus\" \/>\n<meta property=\"article:modified_time\" content=\"2023-01-16T08:09:14+00:00\" \/>\n<meta property=\"og:image\" content=\"https:\/\/www.polycliniqueplus.com\/wp-content\/uploads\/2017\/06\/liftings-visage-turquie.jpg\" \/>\n\t<meta property=\"og:image:width\" content=\"493\" \/>\n\t<meta property=\"og:image:height\" content=\"277\" \/>\n\t<meta property=\"og:image:type\" content=\"image\/jpeg\" \/>\n<meta name=\"twitter:card\" content=\"summary_large_image\" \/>\n<meta name=\"twitter:site\" content=\"@polyclinique1\" \/>\n<meta name=\"twitter:label1\" content=\"Gesch\u00e4tzte Lesezeit\" \/>\n\t<meta name=\"twitter:data1\" content=\"3\u00a0Minuten\" \/>\n<script type=\"application\/ld+json\" class=\"yoast-schema-graph\">{\"@context\":\"https:\\\/\\\/schema.org\",\"@graph\":[{\"@type\":\"WebPage\",\"@id\":\"https:\\\/\\\/www.polycliniqueplus.com\\\/de\\\/zervikales-facelifting-tuerkei\\\/\",\"url\":\"https:\\\/\\\/www.polycliniqueplus.com\\\/de\\\/zervikales-facelifting-tuerkei\\\/\",\"name\":\"Gesichtslifting T\u00fcrkei: \u00c4sthetische Chirurgie des Gesichtsovals\",\"isPartOf\":{\"@id\":\"https:\\\/\\\/www.polycliniqueplus.com\\\/de\\\/#website\"},\"primaryImageOfPage\":{\"@id\":\"https:\\\/\\\/www.polycliniqueplus.com\\\/de\\\/zervikales-facelifting-tuerkei\\\/#primaryimage\"},\"image\":{\"@id\":\"https:\\\/\\\/www.polycliniqueplus.com\\\/de\\\/zervikales-facelifting-tuerkei\\\/#primaryimage\"},\"thumbnailUrl\":\"https:\\\/\\\/www.polycliniqueplus.com\\\/wp-content\\\/uploads\\\/2017\\\/06\\\/liftings-visage-turquie.jpg\",\"datePublished\":\"2017-06-18T16:51:04+00:00\",\"dateModified\":\"2023-01-16T08:09:14+00:00\",\"description\":\"Facelifting T\u00fcrkei: \u00c4sthetische Chirurgie des Gesichtsovals und der Wangenknochen, die auf eine Verj\u00fcngung des Gesichts abzielt: Behandlung und Absenkung von Falten.\",\"breadcrumb\":{\"@id\":\"https:\\\/\\\/www.polycliniqueplus.com\\\/de\\\/zervikales-facelifting-tuerkei\\\/#breadcrumb\"},\"inLanguage\":\"de\",\"potentialAction\":[{\"@type\":\"ReadAction\",\"target\":[\"https:\\\/\\\/www.polycliniqueplus.com\\\/de\\\/zervikales-facelifting-tuerkei\\\/\"]}]},{\"@type\":\"ImageObject\",\"inLanguage\":\"de\",\"@id\":\"https:\\\/\\\/www.polycliniqueplus.com\\\/de\\\/zervikales-facelifting-tuerkei\\\/#primaryimage\",\"url\":\"https:\\\/\\\/www.polycliniqueplus.com\\\/wp-content\\\/uploads\\\/2017\\\/06\\\/liftings-visage-turquie.jpg\",\"contentUrl\":\"https:\\\/\\\/www.polycliniqueplus.com\\\/wp-content\\\/uploads\\\/2017\\\/06\\\/liftings-visage-turquie.jpg\",\"width\":493,\"height\":277,\"caption\":\"liftings-visage-Turquie\"},{\"@type\":\"BreadcrumbList\",\"@id\":\"https:\\\/\\\/www.polycliniqueplus.com\\\/de\\\/zervikales-facelifting-tuerkei\\\/#breadcrumb\",\"itemListElement\":[{\"@type\":\"ListItem\",\"position\":1,\"name\":\"Accueil\",\"item\":\"https:\\\/\\\/www.polycliniqueplus.com\\\/de\\\/\"},{\"@type\":\"ListItem\",\"position\":2,\"name\":\"Zervikales Facelifting T\u00fcrkei: Verj\u00fcngung des Gesichtsovals und des Halses\"}]},{\"@type\":\"WebSite\",\"@id\":\"https:\\\/\\\/www.polycliniqueplus.com\\\/de\\\/#website\",\"url\":\"https:\\\/\\\/www.polycliniqueplus.com\\\/de\\\/\",\"name\":\"Chirurgie esthetique Turquie : Prix interventions meilleures cliniques Istanbul\",\"description\":\"Chirurgie esthetique Turquie prix pas cher\",\"publisher\":{\"@id\":\"https:\\\/\\\/www.polycliniqueplus.com\\\/de\\\/#organization\"},\"potentialAction\":[{\"@type\":\"SearchAction\",\"target\":{\"@type\":\"EntryPoint\",\"urlTemplate\":\"https:\\\/\\\/www.polycliniqueplus.com\\\/de\\\/?s={search_term_string}\"},\"query-input\":{\"@type\":\"PropertyValueSpecification\",\"valueRequired\":true,\"valueName\":\"search_term_string\"}}],\"inLanguage\":\"de\"},{\"@type\":\"Organization\",\"@id\":\"https:\\\/\\\/www.polycliniqueplus.com\\\/de\\\/#organization\",\"name\":\"Polycliniqueplus chirurgie esthetique Turquie\",\"url\":\"https:\\\/\\\/www.polycliniqueplus.com\\\/de\\\/\",\"logo\":{\"@type\":\"ImageObject\",\"inLanguage\":\"de\",\"@id\":\"https:\\\/\\\/www.polycliniqueplus.com\\\/de\\\/#\\\/schema\\\/logo\\\/image\\\/\",\"url\":\"https:\\\/\\\/www.polycliniqueplus.com\\\/wp-content\\\/uploads\\\/2021\\\/03\\\/cropped-add-box-fill.png\",\"contentUrl\":\"https:\\\/\\\/www.polycliniqueplus.com\\\/wp-content\\\/uploads\\\/2021\\\/03\\\/cropped-add-box-fill.png\",\"width\":512,\"height\":512,\"caption\":\"Polycliniqueplus chirurgie esthetique Turquie\"},\"image\":{\"@id\":\"https:\\\/\\\/www.polycliniqueplus.com\\\/de\\\/#\\\/schema\\\/logo\\\/image\\\/\"},\"sameAs\":[\"https:\\\/\\\/www.facebook.com\\\/polycliniqueplus\",\"https:\\\/\\\/x.com\\\/polyclinique1\",\"https:\\\/\\\/www.youtube.com\\\/channel\\\/UCAnK3TORJqflIuYGFa-JQDw\"]}]}<\/script>\n<!-- \/ Yoast SEO plugin. -->","yoast_head_json":{"title":"Gesichtslifting T\u00fcrkei: \u00c4sthetische Chirurgie des Gesichtsovals","description":"Facelifting T\u00fcrkei: \u00c4sthetische Chirurgie des Gesichtsovals und der Wangenknochen, die auf eine Verj\u00fcngung des Gesichts abzielt: Behandlung und Absenkung von Falten.","robots":{"index":"index","follow":"follow","max-snippet":"max-snippet:-1","max-image-preview":"max-image-preview:large","max-video-preview":"max-video-preview:-1"},"canonical":"https:\/\/www.polycliniqueplus.com\/de\/zervikales-facelifting-tuerkei\/","og_locale":"de_DE","og_type":"article","og_title":"Gesichtslifting T\u00fcrkei: \u00c4sthetische Chirurgie des Gesichtsovals","og_description":"Facelifting T\u00fcrkei: \u00c4sthetische Chirurgie des Gesichtsovals und der Wangenknochen, die auf eine Verj\u00fcngung des Gesichts abzielt: Behandlung und Absenkung von Falten.","og_url":"https:\/\/www.polycliniqueplus.com\/de\/zervikales-facelifting-tuerkei\/","og_site_name":"Chirurgie esthetique Turquie : Prix interventions meilleures cliniques Istanbul","article_publisher":"https:\/\/www.facebook.com\/polycliniqueplus","article_modified_time":"2023-01-16T08:09:14+00:00","og_image":[{"width":493,"height":277,"url":"https:\/\/www.polycliniqueplus.com\/wp-content\/uploads\/2017\/06\/liftings-visage-turquie.jpg","type":"image\/jpeg"}],"twitter_card":"summary_large_image","twitter_site":"@polyclinique1","twitter_misc":{"Gesch\u00e4tzte Lesezeit":"3\u00a0Minuten"},"schema":{"@context":"https:\/\/schema.org","@graph":[{"@type":"WebPage","@id":"https:\/\/www.polycliniqueplus.com\/de\/zervikales-facelifting-tuerkei\/","url":"https:\/\/www.polycliniqueplus.com\/de\/zervikales-facelifting-tuerkei\/","name":"Gesichtslifting T\u00fcrkei: \u00c4sthetische Chirurgie des Gesichtsovals","isPartOf":{"@id":"https:\/\/www.polycliniqueplus.com\/de\/#website"},"primaryImageOfPage":{"@id":"https:\/\/www.polycliniqueplus.com\/de\/zervikales-facelifting-tuerkei\/#primaryimage"},"image":{"@id":"https:\/\/www.polycliniqueplus.com\/de\/zervikales-facelifting-tuerkei\/#primaryimage"},"thumbnailUrl":"https:\/\/www.polycliniqueplus.com\/wp-content\/uploads\/2017\/06\/liftings-visage-turquie.jpg","datePublished":"2017-06-18T16:51:04+00:00","dateModified":"2023-01-16T08:09:14+00:00","description":"Facelifting T\u00fcrkei: \u00c4sthetische Chirurgie des Gesichtsovals und der Wangenknochen, die auf eine Verj\u00fcngung des Gesichts abzielt: Behandlung und Absenkung von Falten.","breadcrumb":{"@id":"https:\/\/www.polycliniqueplus.com\/de\/zervikales-facelifting-tuerkei\/#breadcrumb"},"inLanguage":"de","potentialAction":[{"@type":"ReadAction","target":["https:\/\/www.polycliniqueplus.com\/de\/zervikales-facelifting-tuerkei\/"]}]},{"@type":"ImageObject","inLanguage":"de","@id":"https:\/\/www.polycliniqueplus.com\/de\/zervikales-facelifting-tuerkei\/#primaryimage","url":"https:\/\/www.polycliniqueplus.com\/wp-content\/uploads\/2017\/06\/liftings-visage-turquie.jpg","contentUrl":"https:\/\/www.polycliniqueplus.com\/wp-content\/uploads\/2017\/06\/liftings-visage-turquie.jpg","width":493,"height":277,"caption":"liftings-visage-Turquie"},{"@type":"BreadcrumbList","@id":"https:\/\/www.polycliniqueplus.com\/de\/zervikales-facelifting-tuerkei\/#breadcrumb","itemListElement":[{"@type":"ListItem","position":1,"name":"Accueil","item":"https:\/\/www.polycliniqueplus.com\/de\/"},{"@type":"ListItem","position":2,"name":"Zervikales Facelifting T\u00fcrkei: Verj\u00fcngung des Gesichtsovals und des Halses"}]},{"@type":"WebSite","@id":"https:\/\/www.polycliniqueplus.com\/de\/#website","url":"https:\/\/www.polycliniqueplus.com\/de\/","name":"Chirurgie esthetique Turquie : Prix interventions meilleures cliniques Istanbul","description":"Chirurgie esthetique Turquie prix pas cher","publisher":{"@id":"https:\/\/www.polycliniqueplus.com\/de\/#organization"},"potentialAction":[{"@type":"SearchAction","target":{"@type":"EntryPoint","urlTemplate":"https:\/\/www.polycliniqueplus.com\/de\/?s={search_term_string}"},"query-input":{"@type":"PropertyValueSpecification","valueRequired":true,"valueName":"search_term_string"}}],"inLanguage":"de"},{"@type":"Organization","@id":"https:\/\/www.polycliniqueplus.com\/de\/#organization","name":"Polycliniqueplus chirurgie esthetique Turquie","url":"https:\/\/www.polycliniqueplus.com\/de\/","logo":{"@type":"ImageObject","inLanguage":"de","@id":"https:\/\/www.polycliniqueplus.com\/de\/#\/schema\/logo\/image\/","url":"https:\/\/www.polycliniqueplus.com\/wp-content\/uploads\/2021\/03\/cropped-add-box-fill.png","contentUrl":"https:\/\/www.polycliniqueplus.com\/wp-content\/uploads\/2021\/03\/cropped-add-box-fill.png","width":512,"height":512,"caption":"Polycliniqueplus chirurgie esthetique Turquie"},"image":{"@id":"https:\/\/www.polycliniqueplus.com\/de\/#\/schema\/logo\/image\/"},"sameAs":["https:\/\/www.facebook.com\/polycliniqueplus","https:\/\/x.com\/polyclinique1","https:\/\/www.youtube.com\/channel\/UCAnK3TORJqflIuYGFa-JQDw"]}]}},"_links":{"self":[{"href":"https:\/\/www.polycliniqueplus.com\/de\/wp-json\/wp\/v2\/pages\/12880","targetHints":{"allow":["GET"]}}],"collection":[{"href":"https:\/\/www.polycliniqueplus.com\/de\/wp-json\/wp\/v2\/pages"}],"about":[{"href":"https:\/\/www.polycliniqueplus.com\/de\/wp-json\/wp\/v2\/types\/page"}],"author":[{"embeddable":true,"href":"https:\/\/www.polycliniqueplus.com\/de\/wp-json\/wp\/v2\/users\/1"}],"replies":[{"embeddable":true,"href":"https:\/\/www.polycliniqueplus.com\/de\/wp-json\/wp\/v2\/comments?post=12880"}],"version-history":[{"count":11,"href":"https:\/\/www.polycliniqueplus.com\/de\/wp-json\/wp\/v2\/pages\/12880\/revisions"}],"predecessor-version":[{"id":14025,"href":"https:\/\/www.polycliniqueplus.com\/de\/wp-json\/wp\/v2\/pages\/12880\/revisions\/14025"}],"wp:featuredmedia":[{"embeddable":true,"href":"https:\/\/www.polycliniqueplus.com\/de\/wp-json\/wp\/v2\/media\/12371"}],"wp:attachment":[{"href":"https:\/\/www.polycliniqueplus.com\/de\/wp-json\/wp\/v2\/media?parent=12880"}],"curies":[{"name":"wp","href":"https:\/\/api.w.org\/{rel}","templated":true}]}}